{"id":17783,"date":"2022-09-29T15:50:47","date_gmt":"2022-09-29T13:50:47","guid":{"rendered":"https:\/\/www.genevacitieshub.org\/?page_id=17783"},"modified":"2026-02-18T10:11:43","modified_gmt":"2026-02-18T09:11:43","slug":"regions4-sustainable-development","status":"publish","type":"page","link":"https:\/\/globalcitieshub.org\/fr\/regions4-sustainable-development\/","title":{"rendered":"REGIONS4 SUSTAINABLE DEVELOPMENT"},"content":{"rendered":"<div data-elementor-type=\"wp-page\" data-elementor-id=\"17783\" class=\"elementor elementor-17783\">\n\t\t\t\t\t\t<section class=\"elementor-section elementor-top-section elementor-element elementor-element-9f9b48c elementor-section-boxed elementor-section-height-default elementor-section-height-default\" data-id=\"9f9b48c\" data-element_type=\"section\" data-e-type=\"section\">\n\t\t\t\t\t\t<div class=\"elementor-container elementor-column-gap-default\">\n\t\t\t\t\t<div class=\"elementor-column elementor-col-100 elementor-top-column elementor-element elementor-element-d0fc286\" data-id=\"d0fc286\" data-element_type=\"column\" data-e-type=\"column\">\n\t\t\t<div class=\"elementor-widget-wrap elementor-element-populated\">\n\t\t\t\t\t\t<div class=\"elementor-element elementor-element-d149093 elementor-widget elementor-widget-text-editor\" data-id=\"d149093\" data-element_type=\"widget\" data-e-type=\"widget\" data-widget_type=\"text-editor.default\">\n\t\t\t\t<div class=\"elementor-widget-container\">\n\t\t\t\t\t\t\t\t\t<h4><strong><span style=\"color: #000000;\">Regions4 catalyse le leadership des gouvernements r\u00e9gionaux, mobilise les ressources, plaide pour une reconnaissance accrue et canalise les voix des r\u00e9gions dans les principaux forums des Nations Unies sur la biodiversit\u00e9, le changement climatique et le d\u00e9veloppement durable. Cr\u00e9\u00e9 lors du Sommet mondial des Nations Unies sur le d\u00e9veloppement durable \u00e0 Johannesburg en 2002, Regions4 a construit une communaut\u00e9 mondiale de plus de deux cents gouvernements r\u00e9gionaux d'Afrique, d'Am\u00e9rique, d'Asie et d'Europe.<\/span><\/strong><\/h4><div><strong><span style=\"color: #000000;\">\u00a0<\/span><\/strong><\/div>\t\t\t\t\t\t\t\t<\/div>\n\t\t\t\t<\/div>\n\t\t\t\t<div class=\"elementor-element elementor-element-6d24444 elementor-widget elementor-widget-text-editor\" data-id=\"6d24444\" data-element_type=\"widget\" data-e-type=\"widget\" data-widget_type=\"text-editor.default\">\n\t\t\t\t<div class=\"elementor-widget-container\">\n\t\t\t\t\t\t\t\t\t<blockquote><p><span style=\"color: #000000;\">\"Nous c\u00e9l\u00e9brons les 20 ans de Regions4 et son parcours pour rassembler une communaut\u00e9 mondiale d'environ 200 gouvernements r\u00e9gionaux afin de travailler collectivement sur des solutions aux crises mondiales. Notre plaidoyer, notre coop\u00e9ration, notre action sur nos territoires et notre coresponsabilit\u00e9 sont la base d'une gouvernance mondiale leader et ambitieuse, avec la solidarit\u00e9 et le d\u00e9veloppement durable au c\u0153ur.\" <\/span><\/p><\/blockquote>\t\t\t\t\t\t\t\t<\/div>\n\t\t\t\t<\/div>\n\t\t\t\t<div class=\"elementor-element elementor-element-b547338 elementor-widget elementor-widget-text-editor\" data-id=\"b547338\" data-element_type=\"widget\" data-e-type=\"widget\" data-widget_type=\"text-editor.default\">\n\t\t\t\t<div class=\"elementor-widget-container\">\n\t\t\t\t\t\t\t\t\t<p><strong>MME. ARANTXA TAPIA, MINISTRE DU D\u00c9VELOPPEMENT \u00c9CONOMIQUE, DE LA DURABILIT\u00c9 ET DE L'ENVIRONNEMENT DU PAYS BASQUE, ET PR\u00c9SIDENT DE LA R\u00c9GION4<\/strong><\/p><p><strong><br><\/strong><\/p>\t\t\t\t\t\t\t\t<\/div>\n\t\t\t\t<\/div>\n\t\t\t\t<div class=\"elementor-element elementor-element-ca61dd5 elementor-widget elementor-widget-text-editor\" data-id=\"ca61dd5\" data-element_type=\"widget\" data-e-type=\"widget\" data-widget_type=\"text-editor.default\">\n\t\t\t\t<div class=\"elementor-widget-container\">\n\t\t\t\t\t\t\t\t\t<h4><span style=\"color: #000000;\"><strong>OBJECTIFS PRINCIPAUX<\/strong><\/span><\/h4><p>\u00a0<\/p><p><strong>Plaidoyer.<\/strong> Regions4 est officiellement reconnu par plusieurs entit\u00e9s du syst\u00e8me des Nations Unies (ONU), notamment la CCNUCC, la CDB, le DESA de l'ONU, le PNUE et le PNUD. Parce que nous sommes accr\u00e9dit\u00e9s lors des principaux \u00e9v\u00e9nements mondiaux sur le changement climatique, la biodiversit\u00e9 et le d\u00e9veloppement durable, nos membres sont en mesure de participer, d'\u00e9tablir des r\u00e9seaux et de suivre les n\u00e9gociations mondiales.\u00a0<\/p><p><strong>Renforcement des capacit\u00e9s et \u00e9change de connaissances.<\/strong> Gr\u00e2ce \u00e0 notre r\u00e9seau large et diversifi\u00e9 et \u00e0 nos accords de partenariat avec l'ONU, l'UE et d'autres entit\u00e9s intergouvernementales, ainsi qu'avec des organisations universitaires et d'experts, les membres de Regions4 b\u00e9n\u00e9ficient d'opportunit\u00e9s d'apprentissage par le biais de nos projets, d'\u00e9changes techniques et de formations par les pairs, et peuvent avoir acc\u00e8s \u00e0 des informations sp\u00e9cialis\u00e9es, notamment des outils, des ressources et des publications majeures.\u00a0<\/p><p><strong>Coop\u00e9ration.<\/strong> Regions4 fait correspondre les besoins et les comp\u00e9tences de ses membres et des principales parties prenantes afin de cr\u00e9er des opportunit\u00e9s de coop\u00e9ration. Le programme d'experts invit\u00e9s encourage la coop\u00e9ration bilat\u00e9rale, le renforcement des capacit\u00e9s et le transfert de connaissances.<\/p><div style=\"text-align: justify;\">\u00a0<\/div>\t\t\t\t\t\t\t\t<\/div>\n\t\t\t\t<\/div>\n\t\t\t\t<div class=\"elementor-element elementor-element-31e445b elementor-widget elementor-widget-text-editor\" data-id=\"31e445b\" data-element_type=\"widget\" data-e-type=\"widget\" data-widget_type=\"text-editor.default\">\n\t\t\t\t<div class=\"elementor-widget-container\">\n\t\t\t\t\t\t\t\t\t<h4><span style=\"color: #000000;\"><strong>PROJETS CL\u00c9S<\/strong><\/span><\/h4><div><span style=\"color: #000000;\"><strong>\u00a0<\/strong><\/span><\/div><p>\u00a0<\/p><p>La biodiversit\u00e9 :\u00a0<\/p><p>- Plateforme d'apprentissage des r\u00e9gions pour la biodiversit\u00e9 (R4BLP).<\/p><p>- Comit\u00e9 consultatif sur les gouvernements subnationaux et la biodiversit\u00e9 (AC SNG).\u00a0<\/p><p>\u00a0<\/p><p>R\u00e9gions avec nature\u00a0<\/p><p>\u00a0<\/p><p>Le changement climatique :<\/p><p>- R\u00e9gionsAdapt.<\/p><p>- La course \u00e0 la r\u00e9silience.<\/p><p>- #WhatsAtState.\u00a0<\/p><p>\u00a0<\/p><p>Le d\u00e9veloppement durable :\u00a0<\/p><p>- Communaut\u00e9 de pratique Regions4SDGs.\u00a0<\/p><p>- Localisation des ODD.<\/p><div style=\"text-align: justify;\">\u00a0<\/div>\t\t\t\t\t\t\t\t<\/div>\n\t\t\t\t<\/div>\n\t\t\t\t<div class=\"elementor-element elementor-element-9505eee elementor-widget elementor-widget-text-editor\" data-id=\"9505eee\" data-element_type=\"widget\" data-e-type=\"widget\" data-widget_type=\"text-editor.default\">\n\t\t\t\t<div class=\"elementor-widget-container\">\n\t\t\t\t\t\t\t\t\t<h4><strong><span style=\"color: #000000;\">INFORMATIONS DE CONTACT<\/span><\/strong><\/h4>\t\t\t\t\t\t\t\t<\/div>\n\t\t\t\t<\/div>\n\t\t\t\t\t<\/div>\n\t\t<\/div>\n\t\t\t\t\t<\/div>\n\t\t<\/section>\n\t\t\t\t<section class=\"elementor-section elementor-top-section elementor-element elementor-element-ba0e598 elementor-section-boxed elementor-section-height-default elementor-section-height-default\" data-id=\"ba0e598\" data-element_type=\"section\" data-e-type=\"section\">\n\t\t\t\t\t\t<div class=\"elementor-container elementor-column-gap-default\">\n\t\t\t\t\t<div class=\"elementor-column elementor-col-33 elementor-top-column elementor-element elementor-element-ebe5856\" data-id=\"ebe5856\" data-element_type=\"column\" data-e-type=\"column\">\n\t\t\t<div class=\"elementor-widget-wrap elementor-element-populated\">\n\t\t\t\t\t\t<div class=\"elementor-element elementor-element-80219f7 elementor-align-center elementor-widget elementor-widget-button\" data-id=\"80219f7\" data-element_type=\"widget\" data-e-type=\"widget\" data-widget_type=\"button.default\">\n\t\t\t\t<div class=\"elementor-widget-container\">\n\t\t\t\t\t\t\t\t\t<div class=\"elementor-button-wrapper\">\n\t\t\t\t\t<a class=\"elementor-button elementor-button-link elementor-size-sm\" href=\"http:\/\/www.regions4.org\/\" target=\"_blank\">\n\t\t\t\t\t\t<span class=\"elementor-button-content-wrapper\">\n\t\t\t\t\t\t\t\t\t<span class=\"elementor-button-text\">Site web de Regions4<\/span>\n\t\t\t\t\t<\/span>\n\t\t\t\t\t<\/a>\n\t\t\t\t<\/div>\n\t\t\t\t\t\t\t\t<\/div>\n\t\t\t\t<\/div>\n\t\t\t\t\t<\/div>\n\t\t<\/div>\n\t\t\t\t<div class=\"elementor-column elementor-col-33 elementor-top-column elementor-element elementor-element-7acc188\" data-id=\"7acc188\" data-element_type=\"column\" data-e-type=\"column\">\n\t\t\t<div class=\"elementor-widget-wrap elementor-element-populated\">\n\t\t\t\t\t\t<div class=\"elementor-element elementor-element-a9f850c elementor-align-center elementor-widget elementor-widget-button\" data-id=\"a9f850c\" data-element_type=\"widget\" data-e-type=\"widget\" data-widget_type=\"button.default\">\n\t\t\t\t<div class=\"elementor-widget-container\">\n\t\t\t\t\t\t\t\t\t<div class=\"elementor-button-wrapper\">\n\t\t\t\t\t<a class=\"elementor-button elementor-size-sm\" role=\"button\">\n\t\t\t\t\t\t<span class=\"elementor-button-content-wrapper\">\n\t\t\t\t\t\t<span class=\"elementor-button-icon\">\n\t\t\t\t<i aria-hidden=\"true\" class=\"far fa-user\"><\/i>\t\t\t<\/span>\n\t\t\t\t\t\t\t\t\t<span class=\"elementor-button-text\">MS. NATALIA URIBE PANDO <br> Secr\u00e9taire g\u00e9n\u00e9ral<\/span>\n\t\t\t\t\t<\/span>\n\t\t\t\t\t<\/a>\n\t\t\t\t<\/div>\n\t\t\t\t\t\t\t\t<\/div>\n\t\t\t\t<\/div>\n\t\t\t\t\t<\/div>\n\t\t<\/div>\n\t\t\t\t<div class=\"elementor-column elementor-col-33 elementor-top-column elementor-element elementor-element-ce9eb10\" data-id=\"ce9eb10\" data-element_type=\"column\" data-e-type=\"column\">\n\t\t\t<div class=\"elementor-widget-wrap elementor-element-populated\">\n\t\t\t\t\t\t<div class=\"elementor-element elementor-element-58def65 elementor-widget elementor-widget-text-editor\" data-id=\"58def65\" data-element_type=\"widget\" data-e-type=\"widget\" data-widget_type=\"text-editor.default\">\n\t\t\t\t<div class=\"elementor-widget-container\">\n\t\t\t\t\t\t\t\t\t<p style=\"text-align: center;\">Chauss\u00e9e d'Alsemberg 999,\u00a0<\/p><p style=\"text-align: center;\">1180 Bruxelles, Belgique<\/p>\t\t\t\t\t\t\t\t<\/div>\n\t\t\t\t<\/div>\n\t\t\t\t<div class=\"elementor-element elementor-element-937b579 elementor-align-center elementor-widget elementor-widget-button\" data-id=\"937b579\" data-element_type=\"widget\" data-e-type=\"widget\" data-widget_type=\"button.default\">\n\t\t\t\t<div class=\"elementor-widget-container\">\n\t\t\t\t\t\t\t\t\t<div class=\"elementor-button-wrapper\">\n\t\t\t\t\t<a class=\"elementor-button elementor-size-sm\" role=\"button\">\n\t\t\t\t\t\t<span class=\"elementor-button-content-wrapper\">\n\t\t\t\t\t\t<span class=\"elementor-button-icon\">\n\t\t\t\t<i aria-hidden=\"true\" class=\"fas fa-phone-alt\"><\/i>\t\t\t<\/span>\n\t\t\t\t\t\t\t\t\t<span class=\"elementor-button-text\">+34 622 11 46 46<\/span>\n\t\t\t\t\t<\/span>\n\t\t\t\t\t<\/a>\n\t\t\t\t<\/div>\n\t\t\t\t\t\t\t\t<\/div>\n\t\t\t\t<\/div>\n\t\t\t\t\t<\/div>\n\t\t<\/div>\n\t\t\t\t\t<\/div>\n\t\t<\/section>\n\t\t\t\t<\/div>","protected":false},"excerpt":{"rendered":"<p>Regions4 catalyse le leadership des gouvernements r\u00e9gionaux, mobilise des ressources, plaide pour une meilleure reconnaissance et fait entendre la voix des r\u00e9gions dans les principaux forums des Nations Unies sur la biodiversit\u00e9, le changement climatique et le d\u00e9veloppement durable. Cr\u00e9\u00e9e lors du Sommet mondial des Nations Unies sur le d\u00e9veloppement durable \u00e0 Johannesburg en 2002, Regions4 a construit une communaut\u00e9 mondiale de plus de deux cents gouvernements r\u00e9gionaux de ... <\/p>","protected":false},"author":1,"featured_media":0,"parent":0,"menu_order":0,"comment_status":"closed","ping_status":"closed","template":"","meta":{"_monsterinsights_skip_tracking":false,"_monsterinsights_sitenote_active":false,"_monsterinsights_sitenote_note":"","_monsterinsights_sitenote_category":0,"footnotes":""},"class_list":["post-17783","page","type-page","status-publish","hentry"],"yoast_head":"<!-- This site is optimized with the Yoast SEO plugin v27.5 - https:\/\/yoast.com\/product\/yoast-seo-wordpress\/ -->\n<title>REGIONS4 SUSTAINABLE DEVELOPMENT - Global Cities Hub<\/title>\n<meta name=\"robots\" content=\"index, follow, max-snippet:-1, max-image-preview:large, max-video-preview:-1\" \/>\n<link rel=\"canonical\" href=\"https:\/\/globalcitieshub.org\/fr\/regions4-sustainable-development\/\" \/>\n<meta property=\"og:locale\" content=\"fr_FR\" \/>\n<meta property=\"og:type\" content=\"article\" \/>\n<meta property=\"og:title\" content=\"REGIONS4 SUSTAINABLE DEVELOPMENT - Global Cities Hub\" \/>\n<meta property=\"og:description\" content=\"Regions4 catalyses regional government leadership, mobilizes resources, advocates for increased recognition, and channels regions\u2019 voices in the main United Nations fora on biodiversity, climate change, and sustainable development. Established during the UN World Summit on Sustainable Development in Johannesburg in 2002, Regions4 has built a global community of more than two hundred regional governments from &hellip;\" \/>\n<meta property=\"og:url\" content=\"https:\/\/globalcitieshub.org\/fr\/regions4-sustainable-development\/\" \/>\n<meta property=\"og:site_name\" content=\"Global Cities Hub\" \/>\n<meta property=\"article:modified_time\" content=\"2026-02-18T09:11:43+00:00\" \/>\n<meta name=\"twitter:card\" content=\"summary_large_image\" \/>\n<meta name=\"twitter:site\" content=\"@genevacitieshub\" \/>\n<meta name=\"twitter:label1\" content=\"Dur\u00e9e de lecture estim\u00e9e\" \/>\n\t<meta name=\"twitter:data1\" content=\"2 minutes\" \/>\n<script type=\"application\/ld+json\" class=\"yoast-schema-graph\">{\"@context\":\"https:\\\/\\\/schema.org\",\"@graph\":[{\"@type\":\"WebPage\",\"@id\":\"https:\\\/\\\/globalcitieshub.org\\\/fr\\\/regions4-sustainable-development\\\/\",\"url\":\"https:\\\/\\\/globalcitieshub.org\\\/fr\\\/regions4-sustainable-development\\\/\",\"name\":\"REGIONS4 SUSTAINABLE DEVELOPMENT - Global Cities Hub\",\"isPartOf\":{\"@id\":\"https:\\\/\\\/globalcitieshub.org\\\/fr\\\/#website\"},\"datePublished\":\"2022-09-29T13:50:47+00:00\",\"dateModified\":\"2026-02-18T09:11:43+00:00\",\"inLanguage\":\"fr-FR\",\"potentialAction\":[{\"@type\":\"ReadAction\",\"target\":[\"https:\\\/\\\/globalcitieshub.org\\\/fr\\\/regions4-sustainable-development\\\/\"]}]},{\"@type\":\"WebSite\",\"@id\":\"https:\\\/\\\/globalcitieshub.org\\\/fr\\\/#website\",\"url\":\"https:\\\/\\\/globalcitieshub.org\\\/fr\\\/\",\"name\":\"Global Cities Hub\",\"description\":\"Connecting local and regional governments to the United Nations and other  international organizations\",\"publisher\":{\"@id\":\"https:\\\/\\\/globalcitieshub.org\\\/fr\\\/#organization\"},\"potentialAction\":[{\"@type\":\"SearchAction\",\"target\":{\"@type\":\"EntryPoint\",\"urlTemplate\":\"https:\\\/\\\/globalcitieshub.org\\\/fr\\\/?s={search_term_string}\"},\"query-input\":{\"@type\":\"PropertyValueSpecification\",\"valueRequired\":true,\"valueName\":\"search_term_string\"}}],\"inLanguage\":\"fr-FR\"},{\"@type\":\"Organization\",\"@id\":\"https:\\\/\\\/globalcitieshub.org\\\/fr\\\/#organization\",\"name\":\"Global Cities Hub\",\"url\":\"https:\\\/\\\/globalcitieshub.org\\\/fr\\\/\",\"logo\":{\"@type\":\"ImageObject\",\"inLanguage\":\"fr-FR\",\"@id\":\"https:\\\/\\\/globalcitieshub.org\\\/fr\\\/#\\\/schema\\\/logo\\\/image\\\/\",\"url\":\"https:\\\/\\\/globalcitieshub.org\\\/wp-content\\\/uploads\\\/2023\\\/09\\\/230829_Logo_Global_Cities_Hub_Couleur_fond-blanc_RVB.png\",\"contentUrl\":\"https:\\\/\\\/globalcitieshub.org\\\/wp-content\\\/uploads\\\/2023\\\/09\\\/230829_Logo_Global_Cities_Hub_Couleur_fond-blanc_RVB.png\",\"width\":2544,\"height\":1446,\"caption\":\"Global Cities Hub\"},\"image\":{\"@id\":\"https:\\\/\\\/globalcitieshub.org\\\/fr\\\/#\\\/schema\\\/logo\\\/image\\\/\"},\"sameAs\":[\"https:\\\/\\\/x.com\\\/genevacitieshub\"]}]}<\/script>\n<!-- \/ Yoast SEO plugin. -->","yoast_head_json":{"title":"REGIONS4 D\u00c9VELOPPEMENT DURABLE - Global Cities Hub","robots":{"index":"index","follow":"follow","max-snippet":"max-snippet:-1","max-image-preview":"max-image-preview:large","max-video-preview":"max-video-preview:-1"},"canonical":"https:\/\/globalcitieshub.org\/fr\/regions4-sustainable-development\/","og_locale":"fr_FR","og_type":"article","og_title":"REGIONS4 SUSTAINABLE DEVELOPMENT - Global Cities Hub","og_description":"Regions4 catalyses regional government leadership, mobilizes resources, advocates for increased recognition, and channels regions\u2019 voices in the main United Nations fora on biodiversity, climate change, and sustainable development. Established during the UN World Summit on Sustainable Development in Johannesburg in 2002, Regions4 has built a global community of more than two hundred regional governments from &hellip;","og_url":"https:\/\/globalcitieshub.org\/fr\/regions4-sustainable-development\/","og_site_name":"Global Cities Hub","article_modified_time":"2026-02-18T09:11:43+00:00","twitter_card":"summary_large_image","twitter_site":"@genevacitieshub","twitter_misc":{"Dur\u00e9e de lecture estim\u00e9e":"2 minutes"},"schema":{"@context":"https:\/\/schema.org","@graph":[{"@type":"WebPage","@id":"https:\/\/globalcitieshub.org\/fr\/regions4-sustainable-development\/","url":"https:\/\/globalcitieshub.org\/fr\/regions4-sustainable-development\/","name":"REGIONS4 D\u00c9VELOPPEMENT DURABLE - Global Cities Hub","isPartOf":{"@id":"https:\/\/globalcitieshub.org\/fr\/#website"},"datePublished":"2022-09-29T13:50:47+00:00","dateModified":"2026-02-18T09:11:43+00:00","inLanguage":"fr-FR","potentialAction":[{"@type":"ReadAction","target":["https:\/\/globalcitieshub.org\/fr\/regions4-sustainable-development\/"]}]},{"@type":"WebSite","@id":"https:\/\/globalcitieshub.org\/fr\/#website","url":"https:\/\/globalcitieshub.org\/fr\/","name":"Global Cities Hub","description":"Relier les gouvernements locaux et r\u00e9gionaux aux Nations unies et \u00e0 d'autres organisations internationales","publisher":{"@id":"https:\/\/globalcitieshub.org\/fr\/#organization"},"potentialAction":[{"@type":"SearchAction","target":{"@type":"EntryPoint","urlTemplate":"https:\/\/globalcitieshub.org\/fr\/?s={search_term_string}"},"query-input":{"@type":"PropertyValueSpecification","valueRequired":true,"valueName":"search_term_string"}}],"inLanguage":"fr-FR"},{"@type":"Organization","@id":"https:\/\/globalcitieshub.org\/fr\/#organization","name":"Global Cities Hub","url":"https:\/\/globalcitieshub.org\/fr\/","logo":{"@type":"ImageObject","inLanguage":"fr-FR","@id":"https:\/\/globalcitieshub.org\/fr\/#\/schema\/logo\/image\/","url":"https:\/\/globalcitieshub.org\/wp-content\/uploads\/2023\/09\/230829_Logo_Global_Cities_Hub_Couleur_fond-blanc_RVB.png","contentUrl":"https:\/\/globalcitieshub.org\/wp-content\/uploads\/2023\/09\/230829_Logo_Global_Cities_Hub_Couleur_fond-blanc_RVB.png","width":2544,"height":1446,"caption":"Global Cities Hub"},"image":{"@id":"https:\/\/globalcitieshub.org\/fr\/#\/schema\/logo\/image\/"},"sameAs":["https:\/\/x.com\/genevacitieshub"]}]}},"_links":{"self":[{"href":"https:\/\/globalcitieshub.org\/fr\/wp-json\/wp\/v2\/pages\/17783","targetHints":{"allow":["GET"]}}],"collection":[{"href":"https:\/\/globalcitieshub.org\/fr\/wp-json\/wp\/v2\/pages"}],"about":[{"href":"https:\/\/globalcitieshub.org\/fr\/wp-json\/wp\/v2\/types\/page"}],"author":[{"embeddable":true,"href":"https:\/\/globalcitieshub.org\/fr\/wp-json\/wp\/v2\/users\/1"}],"replies":[{"embeddable":true,"href":"https:\/\/globalcitieshub.org\/fr\/wp-json\/wp\/v2\/comments?post=17783"}],"version-history":[{"count":22,"href":"https:\/\/globalcitieshub.org\/fr\/wp-json\/wp\/v2\/pages\/17783\/revisions"}],"predecessor-version":[{"id":27199,"href":"https:\/\/globalcitieshub.org\/fr\/wp-json\/wp\/v2\/pages\/17783\/revisions\/27199"}],"wp:attachment":[{"href":"https:\/\/globalcitieshub.org\/fr\/wp-json\/wp\/v2\/media?parent=17783"}],"curies":[{"name":"wp","href":"https:\/\/api.w.org\/{rel}","templated":true}]}}