{"id":16198,"date":"2022-03-11T16:13:04","date_gmt":"2022-03-11T15:13:04","guid":{"rendered":"https:\/\/www.genevacitieshub.org\/?page_id=16198"},"modified":"2026-02-18T10:27:49","modified_gmt":"2026-02-18T09:27:49","slug":"who-global-network-for-age-friendly-cities-and-communities","status":"publish","type":"page","link":"https:\/\/globalcitieshub.org\/fr\/who-global-network-for-age-friendly-cities-and-communities\/","title":{"rendered":"R\u00e9seau mondial de l'OMS pour les villes et communaut\u00e9s amies des a\u00een\u00e9s"},"content":{"rendered":"<div data-elementor-type=\"wp-page\" data-elementor-id=\"16198\" class=\"elementor elementor-16198\">\n\t\t\t\t\t\t<section class=\"elementor-section elementor-top-section elementor-element elementor-element-60fee84 elementor-section-boxed elementor-section-height-default elementor-section-height-default\" data-id=\"60fee84\" data-element_type=\"section\" data-e-type=\"section\">\n\t\t\t\t\t\t<div class=\"elementor-container elementor-column-gap-default\">\n\t\t\t\t\t<div class=\"elementor-column elementor-col-100 elementor-top-column elementor-element elementor-element-2d02063\" data-id=\"2d02063\" data-element_type=\"column\" data-e-type=\"column\">\n\t\t\t<div class=\"elementor-widget-wrap elementor-element-populated\">\n\t\t\t\t\t\t<div class=\"elementor-element elementor-element-e822f74 elementor-widget elementor-widget-text-editor\" data-id=\"e822f74\" data-element_type=\"widget\" data-e-type=\"widget\" data-widget_type=\"text-editor.default\">\n\t\t\t\t<div class=\"elementor-widget-container\">\n\t\t\t\t\t\t\t\t\t<h4><span style=\"color: #000000;\"><strong>Le R\u00e9seau mondial des villes et communaut\u00e9s amies des a\u00een\u00e9s (GNAFCC) a \u00e9t\u00e9 cr\u00e9\u00e9 par l'Organisation mondiale de la sant\u00e9 en 2010 pour mettre en relation des villes, des communaut\u00e9s et des organisations du monde entier dans le but commun de faire de leurs communaut\u00e9s des lieux o\u00f9 il fait bon vieillir. Ses 1300 membres sont issus de 51 pays.<\/strong><\/span><\/h4>\t\t\t\t\t\t\t\t<\/div>\n\t\t\t\t<\/div>\n\t\t\t\t<div class=\"elementor-element elementor-element-d8e5589 elementor-widget elementor-widget-spacer\" data-id=\"d8e5589\" data-element_type=\"widget\" data-e-type=\"widget\" data-widget_type=\"spacer.default\">\n\t\t\t\t<div class=\"elementor-widget-container\">\n\t\t\t\t\t\t\t<div class=\"elementor-spacer\">\n\t\t\t<div class=\"elementor-spacer-inner\"><\/div>\n\t\t<\/div>\n\t\t\t\t\t\t<\/div>\n\t\t\t\t<\/div>\n\t\t\t\t<div class=\"elementor-element elementor-element-fee3159 elementor-widget elementor-widget-text-editor\" data-id=\"fee3159\" data-element_type=\"widget\" data-e-type=\"widget\" data-widget_type=\"text-editor.default\">\n\t\t\t\t<div class=\"elementor-widget-container\">\n\t\t\t\t\t\t\t\t\t<blockquote><p><span style=\"color: #000000;\">\"En r\u00e9ponse au vieillissement de la population mondiale et \u00e0 l'urbanisation rapide, ce r\u00e9seau se concentre sur l'action au niveau local qui favorise la pleine participation des personnes \u00e2g\u00e9es \u00e0 la vie communautaire et promeut un vieillissement sain et actif.\"<\/span><\/p><\/blockquote>\t\t\t\t\t\t\t\t<\/div>\n\t\t\t\t<\/div>\n\t\t\t\t<div class=\"elementor-element elementor-element-bf77a6c elementor-widget elementor-widget-spacer\" data-id=\"bf77a6c\" data-element_type=\"widget\" data-e-type=\"widget\" data-widget_type=\"spacer.default\">\n\t\t\t\t<div class=\"elementor-widget-container\">\n\t\t\t\t\t\t\t<div class=\"elementor-spacer\">\n\t\t\t<div class=\"elementor-spacer-inner\"><\/div>\n\t\t<\/div>\n\t\t\t\t\t\t<\/div>\n\t\t\t\t<\/div>\n\t\t\t\t<div class=\"elementor-element elementor-element-805bfa7 elementor-widget elementor-widget-text-editor\" data-id=\"805bfa7\" data-element_type=\"widget\" data-e-type=\"widget\" data-widget_type=\"text-editor.default\">\n\t\t\t\t<div class=\"elementor-widget-container\">\n\t\t\t\t\t\t\t\t\t<h4><span style=\"color: #000000;\"><strong>VISION<\/strong><\/span><\/h4><p>\u00a0<\/p><p><br \/>Le R\u00e9seau mondial de l'OMS pour les villes et communaut\u00e9s amies des a\u00een\u00e9s a \u00e9t\u00e9 cr\u00e9\u00e9 en 2010 pour mettre en relation des villes, des communaut\u00e9s et des organisations du monde entier ayant pour vision commune de faire de leur communaut\u00e9 un endroit o\u00f9 il fait bon vieillir. L'adh\u00e9sion au r\u00e9seau n'est pas une accr\u00e9ditation de la convivialit\u00e9 \u00e0 l'\u00e9gard des personnes \u00e2g\u00e9es. Elle refl\u00e8te plut\u00f4t l'engagement des villes \u00e0 \u00e9couter les besoins de leur population vieillissante, \u00e0 \u00e9valuer et \u00e0 contr\u00f4ler leur convivialit\u00e9 et \u00e0 travailler en collaboration avec les personnes \u00e2g\u00e9es et dans tous les secteurs pour cr\u00e9er des environnements physiques et sociaux conviviaux pour les personnes \u00e2g\u00e9es. L'adh\u00e9sion est \u00e9galement un engagement \u00e0 partager l'exp\u00e9rience, les r\u00e9alisations et les le\u00e7ons apprises avec d'autres villes et communaut\u00e9s.<\/p>\t\t\t\t\t\t\t\t<\/div>\n\t\t\t\t<\/div>\n\t\t\t\t<div class=\"elementor-element elementor-element-43f62f6 elementor-widget elementor-widget-text-editor\" data-id=\"43f62f6\" data-element_type=\"widget\" data-e-type=\"widget\" data-widget_type=\"text-editor.default\">\n\t\t\t\t<div class=\"elementor-widget-container\">\n\t\t\t\t\t\t\t\t\t<h4><span style=\"color: #000000;\"><strong>MISSION<\/strong><\/span><\/h4><p>\u00a0<\/p><p>\u00a0<\/p><p>La mission du R\u00e9seau mondial de l'OMS pour les villes et communaut\u00e9s amies des a\u00een\u00e9s est de stimuler et de permettre aux villes et communaut\u00e9s du monde entier de devenir de plus en plus amies des a\u00een\u00e9s. Pour ce faire, le r\u00e9seau s'efforce de<\/p><p>\u25cf inspirer le changement en montrant ce qui peut \u00eatre fait et comment cela peut \u00eatre fait ;<\/p><p>\u25cf connecter les villes et les communaut\u00e9s du monde entier pour faciliter l'\u00e9change d'informations, de connaissances et d'exp\u00e9riences ; et<\/p><p>\u25cf soutenir les villes et les communaut\u00e9s pour qu'elles trouvent des solutions appropri\u00e9es, innovantes et fond\u00e9es sur des donn\u00e9es probantes.<\/p>\t\t\t\t\t\t\t\t<\/div>\n\t\t\t\t<\/div>\n\t\t\t\t<div class=\"elementor-element elementor-element-a6d4e77 elementor-widget elementor-widget-text-editor\" data-id=\"a6d4e77\" data-element_type=\"widget\" data-e-type=\"widget\" data-widget_type=\"text-editor.default\">\n\t\t\t\t<div class=\"elementor-widget-container\">\n\t\t\t\t\t\t\t\t\t<h4><span style=\"color: #000000;\"><strong>OBJECTIFS PRINCIPAUX<\/strong><\/span><\/h4><p>\u00a0<\/p><p>Le r\u00e9seau travaille pour :<\/p><p>- Inspirer le changement en montrant ce qui peut \u00eatre fait et comment.<\/p><p>- Connecter les villes et les communaut\u00e9s du monde entier pour faciliter l'\u00e9change d'informations, de connaissances et d'exp\u00e9riences.<\/p><p>- Soutenir les villes et les communaut\u00e9s pour trouver des solutions appropri\u00e9es, innovantes et fond\u00e9es sur des preuves.<\/p><p>\u00a0<\/p>\t\t\t\t\t\t\t\t<\/div>\n\t\t\t\t<\/div>\n\t\t\t\t<div class=\"elementor-element elementor-element-7554b1e elementor-widget elementor-widget-text-editor\" data-id=\"7554b1e\" data-element_type=\"widget\" data-e-type=\"widget\" data-widget_type=\"text-editor.default\">\n\t\t\t\t<div class=\"elementor-widget-container\">\n\t\t\t\t\t\t\t\t\t<h4><span style=\"color: #000000;\"><strong>PROJETS CL\u00c9S<\/strong><\/span><\/h4><p>\u00a0<\/p><p>Le r\u00e9seau mondial de l'OMS pour les villes et communaut\u00e9s amies des a\u00een\u00e9s met en place un certain nombre d'activit\u00e9s, notamment un soutien technique, un renforcement des capacit\u00e9s et des institutions, des r\u00e9unions et des discussions r\u00e9guli\u00e8res sur des sujets pertinents pour les membres, des programmes de mentorat, et bien d'autres encore.\u00a0<\/p><p>Pour \u00eatre tenu au courant des derni\u00e8res activit\u00e9s du r\u00e9seau, veuillez vous abonner \u00e0 <a href=\"https:\/\/extranet.who.int\/agefriendlyworld\/subscribe-newsletter\/\" target=\"_blank\" rel=\"noopener\">la lettre d'information \"Monde ami des a\u00een\u00e9s\".<\/a><\/p><p>En savoir plus sur ce que les membres et les affili\u00e9s du r\u00e9seau font pour cr\u00e9er un monde convivial pour les personnes \u00e2g\u00e9es, <a href=\"https:\/\/extranet.who.int\/agefriendlyworld\/afp\/\" target=\"_blank\" rel=\"noopener\">veuillez consulter la base de donn\u00e9es mondiale de l'OMS sur les pratiques adapt\u00e9es aux personnes \u00e2g\u00e9es.<\/a><\/p><p>\u00a0<\/p><p>Nous encourageons toutes les villes et communaut\u00e9s qui s'efforcent de devenir plus accueillantes pour les personnes \u00e2g\u00e9es \u00e0 rejoindre le r\u00e9seau mondial de l'OMS pour les villes et communaut\u00e9s amies des a\u00een\u00e9s. Des conseils et des exemples d\u00e9taill\u00e9s existent d\u00e9j\u00e0 et peuvent \u00eatre consult\u00e9s sur la page du r\u00e9seau ainsi que sur les sites suivants <a href=\"https:\/\/www.who.int\/teams\/social-determinants-of-health\/demographic-change-and-healthy-ageing\/age-friendly-environments\" target=\"_blank\" rel=\"noopener\">ici.<\/a><\/p><p>\u00a0<\/p><p>Nous encourageons \u00e9galement les \u00c9tats membres et leurs collectivit\u00e9s territoriales (le cas \u00e9ch\u00e9ant) \u00e0 d\u00e9velopper ou \u00e0 renforcer leurs r\u00e9seaux et programmes adapt\u00e9s aux personnes \u00e2g\u00e9es. Des conseils et des exemples peuvent \u00eatre trouv\u00e9s <a href=\"https:\/\/www.who.int\/teams\/social-determinants-of-health\/demographic-change-and-healthy-ageing\/age-friendly-environments\/national-programmes-afcc\" target=\"_blank\" rel=\"noopener\">ici.<\/a><\/p>\t\t\t\t\t\t\t\t<\/div>\n\t\t\t\t<\/div>\n\t\t\t\t<div class=\"elementor-element elementor-element-89a4ce0 elementor-widget elementor-widget-spacer\" data-id=\"89a4ce0\" data-element_type=\"widget\" data-e-type=\"widget\" data-widget_type=\"spacer.default\">\n\t\t\t\t<div class=\"elementor-widget-container\">\n\t\t\t\t\t\t\t<div class=\"elementor-spacer\">\n\t\t\t<div class=\"elementor-spacer-inner\"><\/div>\n\t\t<\/div>\n\t\t\t\t\t\t<\/div>\n\t\t\t\t<\/div>\n\t\t\t\t<div class=\"elementor-element elementor-element-b04902b elementor-widget elementor-widget-text-editor\" data-id=\"b04902b\" data-element_type=\"widget\" data-e-type=\"widget\" data-widget_type=\"text-editor.default\">\n\t\t\t\t<div class=\"elementor-widget-container\">\n\t\t\t\t\t\t\t\t\t<h4><strong><span style=\"color: #000000;\">INFORMATIONS DE CONTACT<\/span><\/strong><\/h4>\t\t\t\t\t\t\t\t<\/div>\n\t\t\t\t<\/div>\n\t\t\t\t\t<\/div>\n\t\t<\/div>\n\t\t\t\t\t<\/div>\n\t\t<\/section>\n\t\t\t\t<section class=\"elementor-section elementor-top-section elementor-element elementor-element-a8caf8b elementor-section-boxed elementor-section-height-default elementor-section-height-default\" data-id=\"a8caf8b\" data-element_type=\"section\" data-e-type=\"section\">\n\t\t\t\t\t\t<div class=\"elementor-container elementor-column-gap-default\">\n\t\t\t\t\t<div class=\"elementor-column elementor-col-33 elementor-top-column elementor-element elementor-element-cc07a5f\" data-id=\"cc07a5f\" data-element_type=\"column\" data-e-type=\"column\">\n\t\t\t<div class=\"elementor-widget-wrap elementor-element-populated\">\n\t\t\t\t\t\t<div class=\"elementor-element elementor-element-83887cb elementor-align-center elementor-widget elementor-widget-button\" data-id=\"83887cb\" data-element_type=\"widget\" data-e-type=\"widget\" data-widget_type=\"button.default\">\n\t\t\t\t<div class=\"elementor-widget-container\">\n\t\t\t\t\t\t\t\t\t<div class=\"elementor-button-wrapper\">\n\t\t\t\t\t<a class=\"elementor-button elementor-button-link elementor-size-sm\" href=\"https:\/\/extranet.who.int\/agefriendlyworld\/\" target=\"_blank\">\n\t\t\t\t\t\t<span class=\"elementor-button-content-wrapper\">\n\t\t\t\t\t\t\t\t\t<span class=\"elementor-button-text\">Site web du r\u00e9seau mondial de l'OMS pour des villes et des communaut\u00e9s amies des a\u00een\u00e9s<\/span>\n\t\t\t\t\t<\/span>\n\t\t\t\t\t<\/a>\n\t\t\t\t<\/div>\n\t\t\t\t\t\t\t\t<\/div>\n\t\t\t\t<\/div>\n\t\t\t\t\t<\/div>\n\t\t<\/div>\n\t\t\t\t<div class=\"elementor-column elementor-col-33 elementor-top-column elementor-element elementor-element-69b5d7f\" data-id=\"69b5d7f\" data-element_type=\"column\" data-e-type=\"column\">\n\t\t\t<div class=\"elementor-widget-wrap elementor-element-populated\">\n\t\t\t\t\t\t<div class=\"elementor-element elementor-element-19b2b8e elementor-align-center elementor-widget elementor-widget-button\" data-id=\"19b2b8e\" data-element_type=\"widget\" data-e-type=\"widget\" data-widget_type=\"button.default\">\n\t\t\t\t<div class=\"elementor-widget-container\">\n\t\t\t\t\t\t\t\t\t<div class=\"elementor-button-wrapper\">\n\t\t\t\t\t<a class=\"elementor-button elementor-button-link elementor-size-sm\" href=\"http:\/\/www.who.int\/about\/people\/biography\/alana-officer\" target=\"_blank\">\n\t\t\t\t\t\t<span class=\"elementor-button-content-wrapper\">\n\t\t\t\t\t\t<span class=\"elementor-button-icon\">\n\t\t\t\t<i aria-hidden=\"true\" class=\"far fa-user\"><\/i>\t\t\t<\/span>\n\t\t\t\t\t\t\t\t\t<span class=\"elementor-button-text\">MS. OFFICIER ALENA <br> Chef - Changement d\u00e9mographique et vieillissement en bonne sant\u00e9<\/span>\n\t\t\t\t\t<\/span>\n\t\t\t\t\t<\/a>\n\t\t\t\t<\/div>\n\t\t\t\t\t\t\t\t<\/div>\n\t\t\t\t<\/div>\n\t\t\t\t\t<\/div>\n\t\t<\/div>\n\t\t\t\t<div class=\"elementor-column elementor-col-33 elementor-top-column elementor-element elementor-element-398e7a5\" data-id=\"398e7a5\" data-element_type=\"column\" data-e-type=\"column\">\n\t\t\t<div class=\"elementor-widget-wrap\">\n\t\t\t\t\t\t\t<\/div>\n\t\t<\/div>\n\t\t\t\t\t<\/div>\n\t\t<\/section>\n\t\t\t\t<\/div>","protected":false},"excerpt":{"rendered":"<p>Le R\u00e9seau mondial des villes et communaut\u00e9s amies des a\u00een\u00e9s (GNAFCC) a \u00e9t\u00e9 cr\u00e9\u00e9 par l'Organisation mondiale de la sant\u00e9 en 2010 pour relier les villes, les communaut\u00e9s et les organisations du monde entier dans le but commun de faire de leurs communaut\u00e9s des lieux o\u00f9 il fait bon vieillir. Ses 1300 membres sont originaires de 51 pays. \"En r\u00e9ponse au vieillissement de la population mondiale et \u00e0 la ... <\/p>","protected":false},"author":1,"featured_media":15239,"parent":0,"menu_order":0,"comment_status":"closed","ping_status":"closed","template":"","meta":{"_monsterinsights_skip_tracking":false,"_monsterinsights_sitenote_active":false,"_monsterinsights_sitenote_note":"","_monsterinsights_sitenote_category":0,"footnotes":""},"class_list":["post-16198","page","type-page","status-publish","has-post-thumbnail","hentry"],"yoast_head":"<!-- This site is optimized with the Yoast SEO plugin v27.5 - https:\/\/yoast.com\/product\/yoast-seo-wordpress\/ -->\n<title>WHO Global Network For Age-Friendly Cities And Communities - Global Cities Hub<\/title>\n<meta name=\"description\" content=\"The Global Network for Age-friendly Cities and Communities aims to enable cities and communities to become increasingly age-friendly.\" \/>\n<meta name=\"robots\" content=\"index, follow, max-snippet:-1, max-image-preview:large, max-video-preview:-1\" \/>\n<link rel=\"canonical\" href=\"https:\/\/globalcitieshub.org\/fr\/who-global-network-for-age-friendly-cities-and-communities\/\" \/>\n<meta property=\"og:locale\" content=\"fr_FR\" \/>\n<meta property=\"og:type\" content=\"article\" \/>\n<meta property=\"og:title\" content=\"WHO Global Network For Age-Friendly Cities And Communities - Global Cities Hub\" \/>\n<meta property=\"og:description\" content=\"The Global Network for Age-friendly Cities and Communities aims to enable cities and communities to become increasingly age-friendly.\" \/>\n<meta property=\"og:url\" content=\"https:\/\/globalcitieshub.org\/fr\/who-global-network-for-age-friendly-cities-and-communities\/\" \/>\n<meta property=\"og:site_name\" content=\"Global Cities Hub\" \/>\n<meta property=\"article:modified_time\" content=\"2026-02-18T09:27:49+00:00\" \/>\n<meta property=\"og:image\" content=\"https:\/\/globalcitieshub.org\/wp-content\/uploads\/2022\/02\/WHO-GLOBAL-NETWORK-FOR-AGE-FRIENDLY-CITIES-AND-COMMUNITIES-1.png\" \/>\n\t<meta property=\"og:image:width\" content=\"1600\" \/>\n\t<meta property=\"og:image:height\" content=\"900\" \/>\n\t<meta property=\"og:image:type\" content=\"image\/png\" \/>\n<meta name=\"twitter:card\" content=\"summary_large_image\" \/>\n<meta name=\"twitter:site\" content=\"@genevacitieshub\" \/>\n<meta name=\"twitter:label1\" content=\"Dur\u00e9e de lecture estim\u00e9e\" \/>\n\t<meta name=\"twitter:data1\" content=\"2 minutes\" \/>\n<script type=\"application\/ld+json\" class=\"yoast-schema-graph\">{\"@context\":\"https:\\\/\\\/schema.org\",\"@graph\":[{\"@type\":\"WebPage\",\"@id\":\"https:\\\/\\\/globalcitieshub.org\\\/fr\\\/who-global-network-for-age-friendly-cities-and-communities\\\/\",\"url\":\"https:\\\/\\\/globalcitieshub.org\\\/fr\\\/who-global-network-for-age-friendly-cities-and-communities\\\/\",\"name\":\"WHO Global Network For Age-Friendly Cities And Communities - Global Cities Hub\",\"isPartOf\":{\"@id\":\"https:\\\/\\\/globalcitieshub.org\\\/fr\\\/#website\"},\"primaryImageOfPage\":{\"@id\":\"https:\\\/\\\/globalcitieshub.org\\\/fr\\\/who-global-network-for-age-friendly-cities-and-communities\\\/#primaryimage\"},\"image\":{\"@id\":\"https:\\\/\\\/globalcitieshub.org\\\/fr\\\/who-global-network-for-age-friendly-cities-and-communities\\\/#primaryimage\"},\"thumbnailUrl\":\"https:\\\/\\\/globalcitieshub.org\\\/wp-content\\\/uploads\\\/2022\\\/02\\\/WHO-GLOBAL-NETWORK-FOR-AGE-FRIENDLY-CITIES-AND-COMMUNITIES-1.png\",\"datePublished\":\"2022-03-11T15:13:04+00:00\",\"dateModified\":\"2026-02-18T09:27:49+00:00\",\"description\":\"The Global Network for Age-friendly Cities and Communities aims to enable cities and communities to become increasingly age-friendly.\",\"inLanguage\":\"fr-FR\",\"potentialAction\":[{\"@type\":\"ReadAction\",\"target\":[\"https:\\\/\\\/globalcitieshub.org\\\/fr\\\/who-global-network-for-age-friendly-cities-and-communities\\\/\"]}]},{\"@type\":\"ImageObject\",\"inLanguage\":\"fr-FR\",\"@id\":\"https:\\\/\\\/globalcitieshub.org\\\/fr\\\/who-global-network-for-age-friendly-cities-and-communities\\\/#primaryimage\",\"url\":\"https:\\\/\\\/globalcitieshub.org\\\/wp-content\\\/uploads\\\/2022\\\/02\\\/WHO-GLOBAL-NETWORK-FOR-AGE-FRIENDLY-CITIES-AND-COMMUNITIES-1.png\",\"contentUrl\":\"https:\\\/\\\/globalcitieshub.org\\\/wp-content\\\/uploads\\\/2022\\\/02\\\/WHO-GLOBAL-NETWORK-FOR-AGE-FRIENDLY-CITIES-AND-COMMUNITIES-1.png\",\"width\":1600,\"height\":900},{\"@type\":\"WebSite\",\"@id\":\"https:\\\/\\\/globalcitieshub.org\\\/fr\\\/#website\",\"url\":\"https:\\\/\\\/globalcitieshub.org\\\/fr\\\/\",\"name\":\"Global Cities Hub\",\"description\":\"Connecting local and regional governments to the United Nations and other  international organizations\",\"publisher\":{\"@id\":\"https:\\\/\\\/globalcitieshub.org\\\/fr\\\/#organization\"},\"potentialAction\":[{\"@type\":\"SearchAction\",\"target\":{\"@type\":\"EntryPoint\",\"urlTemplate\":\"https:\\\/\\\/globalcitieshub.org\\\/fr\\\/?s={search_term_string}\"},\"query-input\":{\"@type\":\"PropertyValueSpecification\",\"valueRequired\":true,\"valueName\":\"search_term_string\"}}],\"inLanguage\":\"fr-FR\"},{\"@type\":\"Organization\",\"@id\":\"https:\\\/\\\/globalcitieshub.org\\\/fr\\\/#organization\",\"name\":\"Global Cities Hub\",\"url\":\"https:\\\/\\\/globalcitieshub.org\\\/fr\\\/\",\"logo\":{\"@type\":\"ImageObject\",\"inLanguage\":\"fr-FR\",\"@id\":\"https:\\\/\\\/globalcitieshub.org\\\/fr\\\/#\\\/schema\\\/logo\\\/image\\\/\",\"url\":\"https:\\\/\\\/globalcitieshub.org\\\/wp-content\\\/uploads\\\/2023\\\/09\\\/230829_Logo_Global_Cities_Hub_Couleur_fond-blanc_RVB.png\",\"contentUrl\":\"https:\\\/\\\/globalcitieshub.org\\\/wp-content\\\/uploads\\\/2023\\\/09\\\/230829_Logo_Global_Cities_Hub_Couleur_fond-blanc_RVB.png\",\"width\":2544,\"height\":1446,\"caption\":\"Global Cities Hub\"},\"image\":{\"@id\":\"https:\\\/\\\/globalcitieshub.org\\\/fr\\\/#\\\/schema\\\/logo\\\/image\\\/\"},\"sameAs\":[\"https:\\\/\\\/x.com\\\/genevacitieshub\"]}]}<\/script>\n<!-- \/ Yoast SEO plugin. -->","yoast_head_json":{"title":"R\u00e9seau mondial de l'OMS pour des villes et des communaut\u00e9s amies des a\u00een\u00e9s - Global Cities Hub","description":"Le r\u00e9seau mondial des villes et communaut\u00e9s amies des a\u00een\u00e9s a pour objectif de permettre aux villes et aux communaut\u00e9s de devenir de plus en plus amies des a\u00een\u00e9s.","robots":{"index":"index","follow":"follow","max-snippet":"max-snippet:-1","max-image-preview":"max-image-preview:large","max-video-preview":"max-video-preview:-1"},"canonical":"https:\/\/globalcitieshub.org\/fr\/who-global-network-for-age-friendly-cities-and-communities\/","og_locale":"fr_FR","og_type":"article","og_title":"WHO Global Network For Age-Friendly Cities And Communities - Global Cities Hub","og_description":"The Global Network for Age-friendly Cities and Communities aims to enable cities and communities to become increasingly age-friendly.","og_url":"https:\/\/globalcitieshub.org\/fr\/who-global-network-for-age-friendly-cities-and-communities\/","og_site_name":"Global Cities Hub","article_modified_time":"2026-02-18T09:27:49+00:00","og_image":[{"width":1600,"height":900,"url":"https:\/\/globalcitieshub.org\/wp-content\/uploads\/2022\/02\/WHO-GLOBAL-NETWORK-FOR-AGE-FRIENDLY-CITIES-AND-COMMUNITIES-1.png","type":"image\/png"}],"twitter_card":"summary_large_image","twitter_site":"@genevacitieshub","twitter_misc":{"Dur\u00e9e de lecture estim\u00e9e":"2 minutes"},"schema":{"@context":"https:\/\/schema.org","@graph":[{"@type":"WebPage","@id":"https:\/\/globalcitieshub.org\/fr\/who-global-network-for-age-friendly-cities-and-communities\/","url":"https:\/\/globalcitieshub.org\/fr\/who-global-network-for-age-friendly-cities-and-communities\/","name":"R\u00e9seau mondial de l'OMS pour des villes et des communaut\u00e9s amies des a\u00een\u00e9s - Global Cities Hub","isPartOf":{"@id":"https:\/\/globalcitieshub.org\/fr\/#website"},"primaryImageOfPage":{"@id":"https:\/\/globalcitieshub.org\/fr\/who-global-network-for-age-friendly-cities-and-communities\/#primaryimage"},"image":{"@id":"https:\/\/globalcitieshub.org\/fr\/who-global-network-for-age-friendly-cities-and-communities\/#primaryimage"},"thumbnailUrl":"https:\/\/globalcitieshub.org\/wp-content\/uploads\/2022\/02\/WHO-GLOBAL-NETWORK-FOR-AGE-FRIENDLY-CITIES-AND-COMMUNITIES-1.png","datePublished":"2022-03-11T15:13:04+00:00","dateModified":"2026-02-18T09:27:49+00:00","description":"Le r\u00e9seau mondial des villes et communaut\u00e9s amies des a\u00een\u00e9s a pour objectif de permettre aux villes et aux communaut\u00e9s de devenir de plus en plus amies des a\u00een\u00e9s.","inLanguage":"fr-FR","potentialAction":[{"@type":"ReadAction","target":["https:\/\/globalcitieshub.org\/fr\/who-global-network-for-age-friendly-cities-and-communities\/"]}]},{"@type":"ImageObject","inLanguage":"fr-FR","@id":"https:\/\/globalcitieshub.org\/fr\/who-global-network-for-age-friendly-cities-and-communities\/#primaryimage","url":"https:\/\/globalcitieshub.org\/wp-content\/uploads\/2022\/02\/WHO-GLOBAL-NETWORK-FOR-AGE-FRIENDLY-CITIES-AND-COMMUNITIES-1.png","contentUrl":"https:\/\/globalcitieshub.org\/wp-content\/uploads\/2022\/02\/WHO-GLOBAL-NETWORK-FOR-AGE-FRIENDLY-CITIES-AND-COMMUNITIES-1.png","width":1600,"height":900},{"@type":"WebSite","@id":"https:\/\/globalcitieshub.org\/fr\/#website","url":"https:\/\/globalcitieshub.org\/fr\/","name":"Global Cities Hub","description":"Relier les gouvernements locaux et r\u00e9gionaux aux Nations unies et \u00e0 d'autres organisations internationales","publisher":{"@id":"https:\/\/globalcitieshub.org\/fr\/#organization"},"potentialAction":[{"@type":"SearchAction","target":{"@type":"EntryPoint","urlTemplate":"https:\/\/globalcitieshub.org\/fr\/?s={search_term_string}"},"query-input":{"@type":"PropertyValueSpecification","valueRequired":true,"valueName":"search_term_string"}}],"inLanguage":"fr-FR"},{"@type":"Organization","@id":"https:\/\/globalcitieshub.org\/fr\/#organization","name":"Global Cities Hub","url":"https:\/\/globalcitieshub.org\/fr\/","logo":{"@type":"ImageObject","inLanguage":"fr-FR","@id":"https:\/\/globalcitieshub.org\/fr\/#\/schema\/logo\/image\/","url":"https:\/\/globalcitieshub.org\/wp-content\/uploads\/2023\/09\/230829_Logo_Global_Cities_Hub_Couleur_fond-blanc_RVB.png","contentUrl":"https:\/\/globalcitieshub.org\/wp-content\/uploads\/2023\/09\/230829_Logo_Global_Cities_Hub_Couleur_fond-blanc_RVB.png","width":2544,"height":1446,"caption":"Global Cities Hub"},"image":{"@id":"https:\/\/globalcitieshub.org\/fr\/#\/schema\/logo\/image\/"},"sameAs":["https:\/\/x.com\/genevacitieshub"]}]}},"_links":{"self":[{"href":"https:\/\/globalcitieshub.org\/fr\/wp-json\/wp\/v2\/pages\/16198","targetHints":{"allow":["GET"]}}],"collection":[{"href":"https:\/\/globalcitieshub.org\/fr\/wp-json\/wp\/v2\/pages"}],"about":[{"href":"https:\/\/globalcitieshub.org\/fr\/wp-json\/wp\/v2\/types\/page"}],"author":[{"embeddable":true,"href":"https:\/\/globalcitieshub.org\/fr\/wp-json\/wp\/v2\/users\/1"}],"replies":[{"embeddable":true,"href":"https:\/\/globalcitieshub.org\/fr\/wp-json\/wp\/v2\/comments?post=16198"}],"version-history":[{"count":23,"href":"https:\/\/globalcitieshub.org\/fr\/wp-json\/wp\/v2\/pages\/16198\/revisions"}],"predecessor-version":[{"id":27217,"href":"https:\/\/globalcitieshub.org\/fr\/wp-json\/wp\/v2\/pages\/16198\/revisions\/27217"}],"wp:featuredmedia":[{"embeddable":true,"href":"https:\/\/globalcitieshub.org\/fr\/wp-json\/wp\/v2\/media\/15239"}],"wp:attachment":[{"href":"https:\/\/globalcitieshub.org\/fr\/wp-json\/wp\/v2\/media?parent=16198"}],"curies":[{"name":"wp","href":"https:\/\/api.w.org\/{rel}","templated":true}]}}