{"id":15428,"date":"2022-02-28T12:14:31","date_gmt":"2022-02-28T11:14:31","guid":{"rendered":"https:\/\/www.genevacitieshub.org\/?page_id=15428"},"modified":"2026-02-16T16:58:01","modified_gmt":"2026-02-16T15:58:01","slug":"human-rights-cities-network-2","status":"publish","type":"page","link":"https:\/\/globalcitieshub.org\/fr\/hrcn\/","title":{"rendered":"R\u00e9seau des villes des droits de l'homme"},"content":{"rendered":"<div data-elementor-type=\"wp-page\" data-elementor-id=\"15428\" class=\"elementor elementor-15428\">\n\t\t\t\t\t\t<section class=\"elementor-section elementor-top-section elementor-element elementor-element-e0dba5f elementor-section-boxed elementor-section-height-default elementor-section-height-default\" data-id=\"e0dba5f\" data-element_type=\"section\" data-e-type=\"section\">\n\t\t\t\t\t\t<div class=\"elementor-container elementor-column-gap-default\">\n\t\t\t\t\t<div class=\"elementor-column elementor-col-100 elementor-top-column elementor-element elementor-element-9ba8521\" data-id=\"9ba8521\" data-element_type=\"column\" data-e-type=\"column\">\n\t\t\t<div class=\"elementor-widget-wrap elementor-element-populated\">\n\t\t\t\t\t\t<div class=\"elementor-element elementor-element-f1523d1 elementor-widget elementor-widget-text-editor\" data-id=\"f1523d1\" data-element_type=\"widget\" data-e-type=\"widget\" data-widget_type=\"text-editor.default\">\n\t\t\t\t<div class=\"elementor-widget-container\">\n\t\t\t\t\t\t\t\t\t<h4><span style=\"color: #000000;\"><b>Le Human Rights Cities Network est une association sans but lucratif. Il est dirig\u00e9 par une \u00e9quipe d'experts soutenue par un conseil consultatif compos\u00e9 de sp\u00e9cialistes chevronn\u00e9s des droits de l'homme, qui d\u00e9finit ses orientations et supervise son travail.<\/b><\/span><\/h4><h4><span style=\"color: #000000;\"><b>Nous invitons les villes europ\u00e9ennes qui s'engagent \u00e0 respecter, prot\u00e9ger et promouvoir une culture des droits de l'homme \u00e0 devenir des \"membres invit\u00e9s\".<\/b><\/span><\/h4><h4><span style=\"color: #000000;\"><b>Aujourd'hui, le r\u00e9seau compte sept villes membres invit\u00e9es comme mod\u00e8les d'inspiration : Graz, Lund, Middelburg, Nuremberg, Utrecht, Vienne et York. Nous travaillons en \u00e9troite collaboration avec trois membres associ\u00e9s : <a href=\"https:\/\/www.genevacitieshub.org\/en\/raoul-wallenberg-institute\/\">l'Institut Raoul Wallenberg ;<\/a> University College Roosevelt et l'Universit\u00e9 d'Utrecht ; et Global CAD et l'Alliance am\u00e9ricaine des villes pour les droits de l'homme.<\/b><\/span><\/h4>\t\t\t\t\t\t\t\t<\/div>\n\t\t\t\t<\/div>\n\t\t\t\t<div class=\"elementor-element elementor-element-11c841e elementor-widget elementor-widget-spacer\" data-id=\"11c841e\" data-element_type=\"widget\" data-e-type=\"widget\" data-widget_type=\"spacer.default\">\n\t\t\t\t<div class=\"elementor-widget-container\">\n\t\t\t\t\t\t\t<div class=\"elementor-spacer\">\n\t\t\t<div class=\"elementor-spacer-inner\"><\/div>\n\t\t<\/div>\n\t\t\t\t\t\t<\/div>\n\t\t\t\t<\/div>\n\t\t\t\t<div class=\"elementor-element elementor-element-128ea3b elementor-widget elementor-widget-image\" data-id=\"128ea3b\" data-element_type=\"widget\" data-e-type=\"widget\" data-widget_type=\"image.default\">\n\t\t\t\t<div class=\"elementor-widget-container\">\n\t\t\t\t\t\t\t\t\t\t\t\t\t\t\t<img width=\"100\" height=\"100\" class=\"attachment-medium size-medium wp-image-13919 lazy\" alt=\"\" data-src=\"https:\/\/globalcitieshub.org\/wp-content\/uploads\/2021\/11\/HRCN-e1638194985204.jpg\" data-lazy=\"https:\/\/globalcitieshub.org\/wp-content\/uploads\/2021\/11\/HRCN-e1638194985204.jpg\" \/>\t\t\t\t\t\t\t\t\t\t\t\t\t\t\t<\/div>\n\t\t\t\t<\/div>\n\t\t\t\t<div class=\"elementor-element elementor-element-6470ecc elementor-widget elementor-widget-spacer\" data-id=\"6470ecc\" data-element_type=\"widget\" data-e-type=\"widget\" data-widget_type=\"spacer.default\">\n\t\t\t\t<div class=\"elementor-widget-container\">\n\t\t\t\t\t\t\t<div class=\"elementor-spacer\">\n\t\t\t<div class=\"elementor-spacer-inner\"><\/div>\n\t\t<\/div>\n\t\t\t\t\t\t<\/div>\n\t\t\t\t<\/div>\n\t\t\t\t<div class=\"elementor-element elementor-element-3caffd7 elementor-widget elementor-widget-text-editor\" data-id=\"3caffd7\" data-element_type=\"widget\" data-e-type=\"widget\" data-widget_type=\"text-editor.default\">\n\t\t\t\t<div class=\"elementor-widget-container\">\n\t\t\t\t\t\t\t\t\t<h4><span style=\"color: #000000;\"><b>VISION<\/b><\/span><\/h4><p>\u00a0<\/p><p>Faire des droits de l'homme une r\u00e9alit\u00e9 pour tous, et favoriser la d\u00e9mocratie inclusive et la justice sociale.<\/p><p>\u00a0<\/p>\t\t\t\t\t\t\t\t<\/div>\n\t\t\t\t<\/div>\n\t\t\t\t<div class=\"elementor-element elementor-element-f6494c9 elementor-widget elementor-widget-text-editor\" data-id=\"f6494c9\" data-element_type=\"widget\" data-e-type=\"widget\" data-widget_type=\"text-editor.default\">\n\t\t\t\t<div class=\"elementor-widget-container\">\n\t\t\t\t\t\t\t\t\t<h4><span style=\"color: #000000;\"><strong>MISSION<\/strong><\/span><\/h4><p>\u00a0<\/p><p>Augmenter le nombre de villes des droits de l'homme en Europe.<\/p><p>\u00a0<\/p>\t\t\t\t\t\t\t\t<\/div>\n\t\t\t\t<\/div>\n\t\t\t\t<div class=\"elementor-element elementor-element-d3bb35c elementor-widget elementor-widget-text-editor\" data-id=\"d3bb35c\" data-element_type=\"widget\" data-e-type=\"widget\" data-widget_type=\"text-editor.default\">\n\t\t\t\t<div class=\"elementor-widget-container\">\n\t\t\t\t\t\t\t\t\t<h4><span style=\"color: #000000;\"><strong>OBJECTIFS PRINCIPAUX<\/strong><\/span><\/h4><p>\u00a0<\/p><p>Les droits de l'homme sont le fondement de la libert\u00e9, de la justice et de la paix dans le monde. Ils font partie du tissu social international qui relie les gens par-del\u00e0 les fronti\u00e8res. Plus que jamais, nous avons besoin de la force unificatrice des droits de l'homme et cela passe par les villes des droits de l'homme.<\/p><p>La crise du COVID-19 a soulign\u00e9 la contribution essentielle des autorit\u00e9s locales pour mettre les droits de l'homme au centre des politiques publiques. Une gouvernance locale efficace est essentielle pour atteindre cet objectif.<\/p><p>Les villes des droits de l'homme rapprochent \u00e9galement les processus d\u00e9cisionnels des citoyens. Le r\u00e9seau s'appuie sur les le\u00e7ons que nous avons apprises pour faire progresser les droits de l'homme au niveau local.<\/p><p>Les perspectives locales doivent \u00e9galement \u00eatre entendues et repr\u00e9sent\u00e9es au niveau international. Compte tenu de leur importance, les autorit\u00e9s locales devraient \u00eatre repr\u00e9sent\u00e9es et participer aux travaux des m\u00e9canismes internationaux des droits de l'homme, aux r\u00e9unions du Conseil des droits de l'homme des Nations unies et aux \u00e9v\u00e9nements dirig\u00e9s par des institutions internationales ou europ\u00e9ennes.<\/p><p>Le fait d'\u00eatre membre du comit\u00e9 international du Forum mondial des villes des droits de l'homme de Gwangju nous permet de contribuer au mouvement plus large des villes des droits de l'homme.<\/p><p>Les quatre objectifs strat\u00e9giques du r\u00e9seau sont les suivants :<\/p><p>\u00a0<\/p><p>- Cr\u00e9er des synergies entre les institutions internationales, les universitaires et les acteurs de la ville.<\/p><p>- Diffuser les connaissances sur ce que sont les villes des droits de l'homme, et \u00e9changer les bonnes pratiques, documenter les exp\u00e9riences locales et d\u00e9crire les nouvelles tendances.<\/p><p>- Faciliter le dialogue et la r\u00e9flexion collective et contribuer \u00e0 l'\u00e9laboration de m\u00e9thodologies, d'outils et de lignes directrices.<\/p><p>- Renforcer les capacit\u00e9s en partageant l'expertise ou en fournissant des services sur mesure.<\/p><p>\u00a0<\/p><p>Gr\u00e2ce \u00e0 notre site web, nous partageons les connaissances sur les villes des droits de l'homme, nous mettons en relation les acteurs et nous rendons les bonnes pratiques accessibles. Nous promouvons les \"villes mod\u00e8les\" et encourageons les autres villes \u00e0 les rejoindre.<\/p>\t\t\t\t\t\t\t\t<\/div>\n\t\t\t\t<\/div>\n\t\t\t\t<div class=\"elementor-element elementor-element-adb404e elementor-widget elementor-widget-spacer\" data-id=\"adb404e\" data-element_type=\"widget\" data-e-type=\"widget\" data-widget_type=\"spacer.default\">\n\t\t\t\t<div class=\"elementor-widget-container\">\n\t\t\t\t\t\t\t<div class=\"elementor-spacer\">\n\t\t\t<div class=\"elementor-spacer-inner\"><\/div>\n\t\t<\/div>\n\t\t\t\t\t\t<\/div>\n\t\t\t\t<\/div>\n\t\t\t\t<div class=\"elementor-element elementor-element-0c5d913 elementor-widget elementor-widget-text-editor\" data-id=\"0c5d913\" data-element_type=\"widget\" data-e-type=\"widget\" data-widget_type=\"text-editor.default\">\n\t\t\t\t<div class=\"elementor-widget-container\">\n\t\t\t\t\t\t\t\t\t<blockquote><p><span style=\"color: #000000;\">\"Faire partie de notre r\u00e9seau offre la possibilit\u00e9 de se connecter \u00e0 d'autres r\u00e9seaux r\u00e9gionaux et mondiaux, et tous ensemble nous devenons plus forts.\"<\/span><\/p><\/blockquote>\t\t\t\t\t\t\t\t<\/div>\n\t\t\t\t<\/div>\n\t\t\t\t<div class=\"elementor-element elementor-element-f75bac1 elementor-widget elementor-widget-spacer\" data-id=\"f75bac1\" data-element_type=\"widget\" data-e-type=\"widget\" data-widget_type=\"spacer.default\">\n\t\t\t\t<div class=\"elementor-widget-container\">\n\t\t\t\t\t\t\t<div class=\"elementor-spacer\">\n\t\t\t<div class=\"elementor-spacer-inner\"><\/div>\n\t\t<\/div>\n\t\t\t\t\t\t<\/div>\n\t\t\t\t<\/div>\n\t\t\t\t<div class=\"elementor-element elementor-element-b598e66 elementor-widget elementor-widget-text-editor\" data-id=\"b598e66\" data-element_type=\"widget\" data-e-type=\"widget\" data-widget_type=\"text-editor.default\">\n\t\t\t\t<div class=\"elementor-widget-container\">\n\t\t\t\t\t\t\t\t\t<h4><span style=\"color: #000000;\"><strong>PROJETS CL\u00c9S<\/strong><\/span><\/h4><p>\u00a0<\/p><p>\u00a0<\/p><p>- Identifier un m\u00e9canisme de suivi clair pour les villes en Europe, bas\u00e9 sur les \u00e9l\u00e9ments cl\u00e9s du cadre d'engagements de l'Agence des droits fondamentaux de l'Union europ\u00e9enne (FRA) et d'autres exemples de suivi des droits de l'homme. Il est essentiel de suivre p\u00e9riodiquement les r\u00e9alisations et les progr\u00e8s des villes des droits de l'homme afin de d\u00e9velopper un mouvement mondial.<\/p><p>- Faire progresser le d\u00e9veloppement mondial des villes des droits de l'homme en promouvant :<\/p><p>Un r\u00f4le consultatif pour les institutions universitaires du r\u00e9seau Global Campus of Human Rights, afin de soutenir les autorit\u00e9s locales des futures villes des droits de l'homme.<\/p><p>Recherche sp\u00e9cialis\u00e9e sur les villes et les initiatives locales en mati\u00e8re de droits de l'homme afin d'\u00e9laborer des lignes directrices et des cadres de suivi.<\/p><p>- Renforcer le travail de d\u00e9fense des droits de l'homme dans les villes, en contribuant au d\u00e9veloppement de mouvements r\u00e9gionaux et mondiaux.<\/p><p>Les villes des droits de l'homme contribuent de mani\u00e8re significative \u00e0 la d\u00e9finition de la politique mondiale, en rapprochant les processus d\u00e9cisionnels de la population. Comment am\u00e9liorer la d\u00e9mocratie locale \u00e0 l'avenir est une priorit\u00e9 pour ceux qui travaillent \u00e0 renforcer les objectifs locaux et internationaux en mati\u00e8re de droits de l'homme. Les nouveaux concepts qui jettent un pont entre le mondial et le local prennent forme surtout dans les villes. Les lacunes en mati\u00e8re de droits de l'homme doivent \u00eatre combl\u00e9es par la gouvernance locale.<\/p>\t\t\t\t\t\t\t\t<\/div>\n\t\t\t\t<\/div>\n\t\t\t\t<div class=\"elementor-element elementor-element-d73c81c elementor-widget elementor-widget-spacer\" data-id=\"d73c81c\" data-element_type=\"widget\" data-e-type=\"widget\" data-widget_type=\"spacer.default\">\n\t\t\t\t<div class=\"elementor-widget-container\">\n\t\t\t\t\t\t\t<div class=\"elementor-spacer\">\n\t\t\t<div class=\"elementor-spacer-inner\"><\/div>\n\t\t<\/div>\n\t\t\t\t\t\t<\/div>\n\t\t\t\t<\/div>\n\t\t\t\t<div class=\"elementor-element elementor-element-6b907ad elementor-widget elementor-widget-text-editor\" data-id=\"6b907ad\" data-element_type=\"widget\" data-e-type=\"widget\" data-widget_type=\"text-editor.default\">\n\t\t\t\t<div class=\"elementor-widget-container\">\n\t\t\t\t\t\t\t\t\t<h4><span style=\"color: #000000;\"><strong>INFORMATIONS DE CONTACT<\/strong><\/span><\/h4>\t\t\t\t\t\t\t\t<\/div>\n\t\t\t\t<\/div>\n\t\t\t\t<section class=\"elementor-section elementor-inner-section elementor-element elementor-element-888084b elementor-section-boxed elementor-section-height-default elementor-section-height-default\" data-id=\"888084b\" data-element_type=\"section\" data-e-type=\"section\">\n\t\t\t\t\t\t<div class=\"elementor-container elementor-column-gap-default\">\n\t\t\t\t\t<div class=\"elementor-column elementor-col-33 elementor-inner-column elementor-element elementor-element-25afecd\" data-id=\"25afecd\" data-element_type=\"column\" data-e-type=\"column\">\n\t\t\t<div class=\"elementor-widget-wrap elementor-element-populated\">\n\t\t\t\t\t\t<div class=\"elementor-element elementor-element-187385b elementor-align-center elementor-widget elementor-widget-button\" data-id=\"187385b\" data-element_type=\"widget\" data-e-type=\"widget\" data-widget_type=\"button.default\">\n\t\t\t\t<div class=\"elementor-widget-container\">\n\t\t\t\t\t\t\t\t\t<div class=\"elementor-button-wrapper\">\n\t\t\t\t\t<a class=\"elementor-button elementor-button-link elementor-size-sm\" href=\"https:\/\/humanrightscities.net\/\" target=\"_blank\">\n\t\t\t\t\t\t<span class=\"elementor-button-content-wrapper\">\n\t\t\t\t\t\t\t\t\t<span class=\"elementor-button-text\">Site web du R\u00e9seau des villes pour les droits de l'homme<\/span>\n\t\t\t\t\t<\/span>\n\t\t\t\t\t<\/a>\n\t\t\t\t<\/div>\n\t\t\t\t\t\t\t\t<\/div>\n\t\t\t\t<\/div>\n\t\t\t\t\t<\/div>\n\t\t<\/div>\n\t\t\t\t<div class=\"elementor-column elementor-col-33 elementor-inner-column elementor-element elementor-element-b7d99a5\" data-id=\"b7d99a5\" data-element_type=\"column\" data-e-type=\"column\">\n\t\t\t<div class=\"elementor-widget-wrap elementor-element-populated\">\n\t\t\t\t\t\t<div class=\"elementor-element elementor-element-8de463a elementor-align-center elementor-widget elementor-widget-button\" data-id=\"8de463a\" data-element_type=\"widget\" data-e-type=\"widget\" data-widget_type=\"button.default\">\n\t\t\t\t<div class=\"elementor-widget-container\">\n\t\t\t\t\t\t\t\t\t<div class=\"elementor-button-wrapper\">\n\t\t\t\t\t<a class=\"elementor-button elementor-button-link elementor-size-sm\" href=\"mailto:frederique.hanotier@humanrightscities.net\" target=\"_blank\">\n\t\t\t\t\t\t<span class=\"elementor-button-content-wrapper\">\n\t\t\t\t\t\t\t\t\t<span class=\"elementor-button-text\">MS. FR\u00c9D\u00c9RIQUE HANOTIER <br> Directeur et fondateur<\/span>\n\t\t\t\t\t<\/span>\n\t\t\t\t\t<\/a>\n\t\t\t\t<\/div>\n\t\t\t\t\t\t\t\t<\/div>\n\t\t\t\t<\/div>\n\t\t\t\t\t<\/div>\n\t\t<\/div>\n\t\t\t\t<div class=\"elementor-column elementor-col-33 elementor-inner-column elementor-element elementor-element-1494e97\" data-id=\"1494e97\" data-element_type=\"column\" data-e-type=\"column\">\n\t\t\t<div class=\"elementor-widget-wrap elementor-element-populated\">\n\t\t\t\t\t\t<div class=\"elementor-element elementor-element-333675f elementor-align-center elementor-widget elementor-widget-button\" data-id=\"333675f\" data-element_type=\"widget\" data-e-type=\"widget\" data-widget_type=\"button.default\">\n\t\t\t\t<div class=\"elementor-widget-container\">\n\t\t\t\t\t\t\t\t\t<div class=\"elementor-button-wrapper\">\n\t\t\t\t\t<a class=\"elementor-button elementor-button-link elementor-size-sm\" href=\"mailto:info@humanrightcities.net\">\n\t\t\t\t\t\t<span class=\"elementor-button-content-wrapper\">\n\t\t\t\t\t\t\t\t\t<span class=\"elementor-button-text\">Contact<\/span>\n\t\t\t\t\t<\/span>\n\t\t\t\t\t<\/a>\n\t\t\t\t<\/div>\n\t\t\t\t\t\t\t\t<\/div>\n\t\t\t\t<\/div>\n\t\t\t\t<div class=\"elementor-element elementor-element-f88fc99 elementor-align-center elementor-widget elementor-widget-button\" data-id=\"f88fc99\" data-element_type=\"widget\" data-e-type=\"widget\" data-widget_type=\"button.default\">\n\t\t\t\t<div class=\"elementor-widget-container\">\n\t\t\t\t\t\t\t\t\t<div class=\"elementor-button-wrapper\">\n\t\t\t\t\t<a class=\"elementor-button elementor-size-sm\" role=\"button\">\n\t\t\t\t\t\t<span class=\"elementor-button-content-wrapper\">\n\t\t\t\t\t\t<span class=\"elementor-button-icon\">\n\t\t\t\t<i aria-hidden=\"true\" class=\"fas fa-phone-alt\"><\/i>\t\t\t<\/span>\n\t\t\t\t\t\t\t\t\t<span class=\"elementor-button-text\">+355 69 70 54 992<\/span>\n\t\t\t\t\t<\/span>\n\t\t\t\t\t<\/a>\n\t\t\t\t<\/div>\n\t\t\t\t\t\t\t\t<\/div>\n\t\t\t\t<\/div>\n\t\t\t\t<div class=\"elementor-element elementor-element-cb48aaf elementor-align-center elementor-widget elementor-widget-button\" data-id=\"cb48aaf\" data-element_type=\"widget\" data-e-type=\"widget\" data-widget_type=\"button.default\">\n\t\t\t\t<div class=\"elementor-widget-container\">\n\t\t\t\t\t\t\t\t\t<div class=\"elementor-button-wrapper\">\n\t\t\t\t\t<a class=\"elementor-button elementor-size-sm\" role=\"button\">\n\t\t\t\t\t\t<span class=\"elementor-button-content-wrapper\">\n\t\t\t\t\t\t<span class=\"elementor-button-icon\">\n\t\t\t\t<i aria-hidden=\"true\" class=\"fas fa-phone-alt\"><\/i>\t\t\t<\/span>\n\t\t\t\t\t\t\t\t\t<span class=\"elementor-button-text\">+32 497 23 02 07<\/span>\n\t\t\t\t\t<\/span>\n\t\t\t\t\t<\/a>\n\t\t\t\t<\/div>\n\t\t\t\t\t\t\t\t<\/div>\n\t\t\t\t<\/div>\n\t\t\t\t\t<\/div>\n\t\t<\/div>\n\t\t\t\t\t<\/div>\n\t\t<\/section>\n\t\t\t\t\t<\/div>\n\t\t<\/div>\n\t\t\t\t\t<\/div>\n\t\t<\/section>\n\t\t\t\t<\/div>","protected":false},"excerpt":{"rendered":"<p>Le R\u00e9seau des villes pour les droits de l'homme est une association sans but lucratif. Il est dirig\u00e9 par une \u00e9quipe d'experts soutenue par un conseil consultatif compos\u00e9 de sp\u00e9cialistes des droits de l'homme, qui d\u00e9finit ses orientations et supervise son travail. Nous invitons les villes europ\u00e9ennes qui s'engagent \u00e0 respecter, prot\u00e9ger et promouvoir une culture des droits de l'homme ... <\/p>","protected":false},"author":1,"featured_media":15216,"parent":0,"menu_order":0,"comment_status":"closed","ping_status":"closed","template":"","meta":{"_monsterinsights_skip_tracking":false,"_monsterinsights_sitenote_active":false,"_monsterinsights_sitenote_note":"","_monsterinsights_sitenote_category":0,"footnotes":""},"class_list":["post-15428","page","type-page","status-publish","has-post-thumbnail","hentry"],"yoast_head":"<!-- This site is optimized with the Yoast SEO plugin v27.5 - https:\/\/yoast.com\/product\/yoast-seo-wordpress\/ -->\n<title>Human Rights Cities Network - Global Cities Hub<\/title>\n<meta name=\"description\" content=\"The Human Rights Cities Network invites European cities that are committed to respecting, protecting and promoting a culture of human rights to become \u2018guest members\u2019.\" \/>\n<meta name=\"robots\" content=\"index, follow, max-snippet:-1, max-image-preview:large, max-video-preview:-1\" \/>\n<link rel=\"canonical\" href=\"https:\/\/globalcitieshub.org\/fr\/hrcn\/\" \/>\n<meta property=\"og:locale\" content=\"fr_FR\" \/>\n<meta property=\"og:type\" content=\"article\" \/>\n<meta property=\"og:title\" content=\"Human Rights Cities Network - Global Cities Hub\" \/>\n<meta property=\"og:description\" content=\"The Human Rights Cities Network invites European cities that are committed to respecting, protecting and promoting a culture of human rights to become \u2018guest members\u2019.\" \/>\n<meta property=\"og:url\" content=\"https:\/\/globalcitieshub.org\/fr\/hrcn\/\" \/>\n<meta property=\"og:site_name\" content=\"Global Cities Hub\" \/>\n<meta property=\"article:modified_time\" content=\"2026-02-16T15:58:01+00:00\" \/>\n<meta property=\"og:image\" content=\"https:\/\/globalcitieshub.org\/wp-content\/uploads\/2022\/02\/HUMAN-RIGHTS-CITIES-NETWORK-1.png\" \/>\n\t<meta property=\"og:image:width\" content=\"1600\" \/>\n\t<meta property=\"og:image:height\" content=\"900\" \/>\n\t<meta property=\"og:image:type\" content=\"image\/png\" \/>\n<meta name=\"twitter:card\" content=\"summary_large_image\" \/>\n<meta name=\"twitter:site\" content=\"@genevacitieshub\" \/>\n<meta name=\"twitter:label1\" content=\"Dur\u00e9e de lecture estim\u00e9e\" \/>\n\t<meta name=\"twitter:data1\" content=\"3 minutes\" \/>\n<script type=\"application\/ld+json\" class=\"yoast-schema-graph\">{\"@context\":\"https:\\\/\\\/schema.org\",\"@graph\":[{\"@type\":\"WebPage\",\"@id\":\"https:\\\/\\\/globalcitieshub.org\\\/fr\\\/hrcn\\\/\",\"url\":\"https:\\\/\\\/globalcitieshub.org\\\/fr\\\/hrcn\\\/\",\"name\":\"Human Rights Cities Network - Global Cities Hub\",\"isPartOf\":{\"@id\":\"https:\\\/\\\/globalcitieshub.org\\\/fr\\\/#website\"},\"primaryImageOfPage\":{\"@id\":\"https:\\\/\\\/globalcitieshub.org\\\/fr\\\/hrcn\\\/#primaryimage\"},\"image\":{\"@id\":\"https:\\\/\\\/globalcitieshub.org\\\/fr\\\/hrcn\\\/#primaryimage\"},\"thumbnailUrl\":\"https:\\\/\\\/globalcitieshub.org\\\/wp-content\\\/uploads\\\/2022\\\/02\\\/HUMAN-RIGHTS-CITIES-NETWORK-1.png\",\"datePublished\":\"2022-02-28T11:14:31+00:00\",\"dateModified\":\"2026-02-16T15:58:01+00:00\",\"description\":\"The Human Rights Cities Network invites European cities that are committed to respecting, protecting and promoting a culture of human rights to become \u2018guest members\u2019.\",\"inLanguage\":\"fr-FR\",\"potentialAction\":[{\"@type\":\"ReadAction\",\"target\":[\"https:\\\/\\\/globalcitieshub.org\\\/fr\\\/hrcn\\\/\"]}]},{\"@type\":\"ImageObject\",\"inLanguage\":\"fr-FR\",\"@id\":\"https:\\\/\\\/globalcitieshub.org\\\/fr\\\/hrcn\\\/#primaryimage\",\"url\":\"https:\\\/\\\/globalcitieshub.org\\\/wp-content\\\/uploads\\\/2022\\\/02\\\/HUMAN-RIGHTS-CITIES-NETWORK-1.png\",\"contentUrl\":\"https:\\\/\\\/globalcitieshub.org\\\/wp-content\\\/uploads\\\/2022\\\/02\\\/HUMAN-RIGHTS-CITIES-NETWORK-1.png\",\"width\":1600,\"height\":900},{\"@type\":\"WebSite\",\"@id\":\"https:\\\/\\\/globalcitieshub.org\\\/fr\\\/#website\",\"url\":\"https:\\\/\\\/globalcitieshub.org\\\/fr\\\/\",\"name\":\"Global Cities Hub\",\"description\":\"Connecting local and regional governments to the United Nations and other  international organizations\",\"publisher\":{\"@id\":\"https:\\\/\\\/globalcitieshub.org\\\/fr\\\/#organization\"},\"potentialAction\":[{\"@type\":\"SearchAction\",\"target\":{\"@type\":\"EntryPoint\",\"urlTemplate\":\"https:\\\/\\\/globalcitieshub.org\\\/fr\\\/?s={search_term_string}\"},\"query-input\":{\"@type\":\"PropertyValueSpecification\",\"valueRequired\":true,\"valueName\":\"search_term_string\"}}],\"inLanguage\":\"fr-FR\"},{\"@type\":\"Organization\",\"@id\":\"https:\\\/\\\/globalcitieshub.org\\\/fr\\\/#organization\",\"name\":\"Global Cities Hub\",\"url\":\"https:\\\/\\\/globalcitieshub.org\\\/fr\\\/\",\"logo\":{\"@type\":\"ImageObject\",\"inLanguage\":\"fr-FR\",\"@id\":\"https:\\\/\\\/globalcitieshub.org\\\/fr\\\/#\\\/schema\\\/logo\\\/image\\\/\",\"url\":\"https:\\\/\\\/globalcitieshub.org\\\/wp-content\\\/uploads\\\/2023\\\/09\\\/230829_Logo_Global_Cities_Hub_Couleur_fond-blanc_RVB.png\",\"contentUrl\":\"https:\\\/\\\/globalcitieshub.org\\\/wp-content\\\/uploads\\\/2023\\\/09\\\/230829_Logo_Global_Cities_Hub_Couleur_fond-blanc_RVB.png\",\"width\":2544,\"height\":1446,\"caption\":\"Global Cities Hub\"},\"image\":{\"@id\":\"https:\\\/\\\/globalcitieshub.org\\\/fr\\\/#\\\/schema\\\/logo\\\/image\\\/\"},\"sameAs\":[\"https:\\\/\\\/x.com\\\/genevacitieshub\"]}]}<\/script>\n<!-- \/ Yoast SEO plugin. -->","yoast_head_json":{"title":"R\u00e9seau des villes pour les droits de l'homme - Global Cities Hub","description":"Le R\u00e9seau des villes pour les droits de l'homme invite les villes europ\u00e9ennes qui s'engagent \u00e0 respecter, prot\u00e9ger et promouvoir une culture des droits de l'homme \u00e0 devenir des \"membres invit\u00e9s\".","robots":{"index":"index","follow":"follow","max-snippet":"max-snippet:-1","max-image-preview":"max-image-preview:large","max-video-preview":"max-video-preview:-1"},"canonical":"https:\/\/globalcitieshub.org\/fr\/hrcn\/","og_locale":"fr_FR","og_type":"article","og_title":"Human Rights Cities Network - Global Cities Hub","og_description":"The Human Rights Cities Network invites European cities that are committed to respecting, protecting and promoting a culture of human rights to become \u2018guest members\u2019.","og_url":"https:\/\/globalcitieshub.org\/fr\/hrcn\/","og_site_name":"Global Cities Hub","article_modified_time":"2026-02-16T15:58:01+00:00","og_image":[{"width":1600,"height":900,"url":"https:\/\/globalcitieshub.org\/wp-content\/uploads\/2022\/02\/HUMAN-RIGHTS-CITIES-NETWORK-1.png","type":"image\/png"}],"twitter_card":"summary_large_image","twitter_site":"@genevacitieshub","twitter_misc":{"Dur\u00e9e de lecture estim\u00e9e":"3 minutes"},"schema":{"@context":"https:\/\/schema.org","@graph":[{"@type":"WebPage","@id":"https:\/\/globalcitieshub.org\/fr\/hrcn\/","url":"https:\/\/globalcitieshub.org\/fr\/hrcn\/","name":"R\u00e9seau des villes pour les droits de l'homme - Global Cities Hub","isPartOf":{"@id":"https:\/\/globalcitieshub.org\/fr\/#website"},"primaryImageOfPage":{"@id":"https:\/\/globalcitieshub.org\/fr\/hrcn\/#primaryimage"},"image":{"@id":"https:\/\/globalcitieshub.org\/fr\/hrcn\/#primaryimage"},"thumbnailUrl":"https:\/\/globalcitieshub.org\/wp-content\/uploads\/2022\/02\/HUMAN-RIGHTS-CITIES-NETWORK-1.png","datePublished":"2022-02-28T11:14:31+00:00","dateModified":"2026-02-16T15:58:01+00:00","description":"Le R\u00e9seau des villes pour les droits de l'homme invite les villes europ\u00e9ennes qui s'engagent \u00e0 respecter, prot\u00e9ger et promouvoir une culture des droits de l'homme \u00e0 devenir des \"membres invit\u00e9s\".","inLanguage":"fr-FR","potentialAction":[{"@type":"ReadAction","target":["https:\/\/globalcitieshub.org\/fr\/hrcn\/"]}]},{"@type":"ImageObject","inLanguage":"fr-FR","@id":"https:\/\/globalcitieshub.org\/fr\/hrcn\/#primaryimage","url":"https:\/\/globalcitieshub.org\/wp-content\/uploads\/2022\/02\/HUMAN-RIGHTS-CITIES-NETWORK-1.png","contentUrl":"https:\/\/globalcitieshub.org\/wp-content\/uploads\/2022\/02\/HUMAN-RIGHTS-CITIES-NETWORK-1.png","width":1600,"height":900},{"@type":"WebSite","@id":"https:\/\/globalcitieshub.org\/fr\/#website","url":"https:\/\/globalcitieshub.org\/fr\/","name":"Global Cities Hub","description":"Relier les gouvernements locaux et r\u00e9gionaux aux Nations unies et \u00e0 d'autres organisations internationales","publisher":{"@id":"https:\/\/globalcitieshub.org\/fr\/#organization"},"potentialAction":[{"@type":"SearchAction","target":{"@type":"EntryPoint","urlTemplate":"https:\/\/globalcitieshub.org\/fr\/?s={search_term_string}"},"query-input":{"@type":"PropertyValueSpecification","valueRequired":true,"valueName":"search_term_string"}}],"inLanguage":"fr-FR"},{"@type":"Organization","@id":"https:\/\/globalcitieshub.org\/fr\/#organization","name":"Global Cities Hub","url":"https:\/\/globalcitieshub.org\/fr\/","logo":{"@type":"ImageObject","inLanguage":"fr-FR","@id":"https:\/\/globalcitieshub.org\/fr\/#\/schema\/logo\/image\/","url":"https:\/\/globalcitieshub.org\/wp-content\/uploads\/2023\/09\/230829_Logo_Global_Cities_Hub_Couleur_fond-blanc_RVB.png","contentUrl":"https:\/\/globalcitieshub.org\/wp-content\/uploads\/2023\/09\/230829_Logo_Global_Cities_Hub_Couleur_fond-blanc_RVB.png","width":2544,"height":1446,"caption":"Global Cities Hub"},"image":{"@id":"https:\/\/globalcitieshub.org\/fr\/#\/schema\/logo\/image\/"},"sameAs":["https:\/\/x.com\/genevacitieshub"]}]}},"_links":{"self":[{"href":"https:\/\/globalcitieshub.org\/fr\/wp-json\/wp\/v2\/pages\/15428","targetHints":{"allow":["GET"]}}],"collection":[{"href":"https:\/\/globalcitieshub.org\/fr\/wp-json\/wp\/v2\/pages"}],"about":[{"href":"https:\/\/globalcitieshub.org\/fr\/wp-json\/wp\/v2\/types\/page"}],"author":[{"embeddable":true,"href":"https:\/\/globalcitieshub.org\/fr\/wp-json\/wp\/v2\/users\/1"}],"replies":[{"embeddable":true,"href":"https:\/\/globalcitieshub.org\/fr\/wp-json\/wp\/v2\/comments?post=15428"}],"version-history":[{"count":33,"href":"https:\/\/globalcitieshub.org\/fr\/wp-json\/wp\/v2\/pages\/15428\/revisions"}],"predecessor-version":[{"id":27144,"href":"https:\/\/globalcitieshub.org\/fr\/wp-json\/wp\/v2\/pages\/15428\/revisions\/27144"}],"wp:featuredmedia":[{"embeddable":true,"href":"https:\/\/globalcitieshub.org\/fr\/wp-json\/wp\/v2\/media\/15216"}],"wp:attachment":[{"href":"https:\/\/globalcitieshub.org\/fr\/wp-json\/wp\/v2\/media?parent=15428"}],"curies":[{"name":"wp","href":"https:\/\/api.w.org\/{rel}","templated":true}]}}