{"id":15389,"date":"2022-02-28T10:34:12","date_gmt":"2022-02-28T09:34:12","guid":{"rendered":"https:\/\/www.genevacitieshub.org\/?page_id=15389"},"modified":"2026-02-16T16:54:51","modified_gmt":"2026-02-16T15:54:51","slug":"global-fund-for-cities-development","status":"publish","type":"page","link":"https:\/\/globalcitieshub.org\/fr\/global-fund-for-cities-development\/","title":{"rendered":"Fonds mondial pour le d\u00e9veloppement des villes"},"content":{"rendered":"<div data-elementor-type=\"wp-page\" data-elementor-id=\"15389\" class=\"elementor elementor-15389\">\n\t\t\t\t\t\t<section class=\"elementor-section elementor-top-section elementor-element elementor-element-43ee1d5 elementor-section-boxed elementor-section-height-default elementor-section-height-default\" data-id=\"43ee1d5\" data-element_type=\"section\" data-e-type=\"section\">\n\t\t\t\t\t\t<div class=\"elementor-container elementor-column-gap-default\">\n\t\t\t\t\t<div class=\"elementor-column elementor-col-100 elementor-top-column elementor-element elementor-element-0a3e338\" data-id=\"0a3e338\" data-element_type=\"column\" data-e-type=\"column\">\n\t\t\t<div class=\"elementor-widget-wrap elementor-element-populated\">\n\t\t\t\t\t\t<div class=\"elementor-element elementor-element-0e922e3 elementor-widget elementor-widget-text-editor\" data-id=\"0e922e3\" data-element_type=\"widget\" data-e-type=\"widget\" data-widget_type=\"text-editor.default\">\n\t\t\t\t<div class=\"elementor-widget-container\">\n\t\t\t\t\t\t\t\t\t<h4><strong><span style=\"color: #000000;\">Le Fonds mondial pour le d\u00e9veloppement des villes est une association de droit fran\u00e7ais (loi 1901). Il s'agit d'une organisation de membres. Les membres paient une cotisation et \u00e9lisent le conseil d'administration. Le conseil d'administration actuel a \u00e9t\u00e9 \u00e9lu en novembre 2019 \u00e0 Durban. Les copr\u00e9sidents du Conseil sont la Ville de Paris et le District d'Abidjan. En tant que r\u00e9seau mondial multipartite, le Fonds a travaill\u00e9 depuis sa cr\u00e9ation avec plus de 1 500 villes et r\u00e9gions dans cent pays, ainsi qu'avec cinq cents entreprises et investisseurs et soixante banques de d\u00e9veloppement infranationales.<\/span><\/strong><\/h4>\t\t\t\t\t\t\t\t<\/div>\n\t\t\t\t<\/div>\n\t\t\t\t<div class=\"elementor-element elementor-element-5388f75 elementor-widget elementor-widget-spacer\" data-id=\"5388f75\" data-element_type=\"widget\" data-e-type=\"widget\" data-widget_type=\"spacer.default\">\n\t\t\t\t<div class=\"elementor-widget-container\">\n\t\t\t\t\t\t\t<div class=\"elementor-spacer\">\n\t\t\t<div class=\"elementor-spacer-inner\"><\/div>\n\t\t<\/div>\n\t\t\t\t\t\t<\/div>\n\t\t\t\t<\/div>\n\t\t\t\t<div class=\"elementor-element elementor-element-6e7a086 elementor-widget elementor-widget-text-editor\" data-id=\"6e7a086\" data-element_type=\"widget\" data-e-type=\"widget\" data-widget_type=\"text-editor.default\">\n\t\t\t\t<div class=\"elementor-widget-container\">\n\t\t\t\t\t\t\t\t\t<h4><span style=\"color: #000000;\"><strong>OBJECTIFS PRINCIPAUX\u00a0<\/strong><\/span><\/h4><p><span style=\"color: #000000;\">\u00a0<\/span><\/p><p><span style=\"color: #000000;\">Le Fonds est un r\u00e9seau mondial de villes et de r\u00e9gions qui se concentre sur le d\u00e9veloppement et la promotion de solutions d'investissement et de financement pour l'urbanisation durable en tant que levier de transformation pour atteindre les objectifs mondiaux.<\/span><\/p><p><br \/><span style=\"color: #000000;\">Le Fonds est \u00e0 la fois un r\u00e9seau et un incubateur de strat\u00e9gies op\u00e9rationnelles. Il soutient les acteurs publics par le biais d'une assistance technique et d'une ing\u00e9nierie financi\u00e8re sur l'ensemble de la cha\u00eene de valeur du financement du d\u00e9veloppement urbain. Il d\u00e9veloppe et facilite les partenariats avec tous les acteurs impliqu\u00e9s dans le financement du d\u00e9veloppement local, en promouvant une approche multi-acteurs.<\/span><\/p><p><br \/><span style=\"color: #000000;\">Le Fonds mobilise l'expertise de praticiens pour soutenir le transfert de connaissances et la coop\u00e9ration entre pairs sur des sujets tels que la d\u00e9centralisation financi\u00e8re, l'interm\u00e9diation financi\u00e8re, le financement climatique et les m\u00e9thodes de financement innovantes.<\/span><\/p>\t\t\t\t\t\t\t\t<\/div>\n\t\t\t\t<\/div>\n\t\t\t\t<div class=\"elementor-element elementor-element-a3f85f4 elementor-widget elementor-widget-spacer\" data-id=\"a3f85f4\" data-element_type=\"widget\" data-e-type=\"widget\" data-widget_type=\"spacer.default\">\n\t\t\t\t<div class=\"elementor-widget-container\">\n\t\t\t\t\t\t\t<div class=\"elementor-spacer\">\n\t\t\t<div class=\"elementor-spacer-inner\"><\/div>\n\t\t<\/div>\n\t\t\t\t\t\t<\/div>\n\t\t\t\t<\/div>\n\t\t\t\t<div class=\"elementor-element elementor-element-32628ba elementor-widget elementor-widget-text-editor\" data-id=\"32628ba\" data-element_type=\"widget\" data-e-type=\"widget\" data-widget_type=\"text-editor.default\">\n\t\t\t\t<div class=\"elementor-widget-container\">\n\t\t\t\t\t\t\t\t\t<blockquote><p><span style=\"color: #000000;\">\"Le r\u00f4le strat\u00e9gique des gouvernements locaux dans la r\u00e9alisation des agendas mondiaux est unanimement reconnu. Pourtant, le financement des villes et des r\u00e9gions est caract\u00e9ris\u00e9 par une d\u00e9faillance du march\u00e9. Il existe un foss\u00e9 entre l'offre et la demande de financement. Bien que les gouvernements et les partenaires techniques et financiers du d\u00e9veloppement aient d\u00e9ploy\u00e9 de nombreuses lignes de cr\u00e9dit et instruments financiers pour pr\u00e9parer, investir ou garantir des projets urbains, les gouvernements locaux n'ont toujours pas acc\u00e8s aux ressources n\u00e9cessaires pour fournir des services urbains ad\u00e9quats et atteindre les ODD. Elles rencontrent des difficult\u00e9s dans leur capacit\u00e9 \u00e0 r\u00e9pondre aux exigences des acteurs financiers ou sont limit\u00e9es par des cadres institutionnels inad\u00e9quats.<\/span><\/p><p><br \/><span style=\"color: #000000;\">C'est dans ce contexte que le FMDV joue un r\u00f4le majeur. Son r\u00e9seau unique de gouvernements locaux et r\u00e9gionaux, d\u00e9di\u00e9 aux questions de finances locales, d\u00e9veloppe des solutions pour soutenir toute la cha\u00eene de valeur du financement du d\u00e9veloppement urbain.\"<\/span><\/p><\/blockquote><p><b>M. ROBERT BEUGR\u00c9 MAMB\u00c9, MINISTRE GOUVERNEUR, DISTRICT D'ABIDJAN,<\/b><\/p><p><b>CO- CO- PR\u00c9SIDENT DU FONDS MONDIAL POUR LE D\u00c9VELOPPEMENT DES VILLES<\/b><\/p>\t\t\t\t\t\t\t\t<\/div>\n\t\t\t\t<\/div>\n\t\t\t\t<div class=\"elementor-element elementor-element-acd3b4c elementor-widget elementor-widget-spacer\" data-id=\"acd3b4c\" data-element_type=\"widget\" data-e-type=\"widget\" data-widget_type=\"spacer.default\">\n\t\t\t\t<div class=\"elementor-widget-container\">\n\t\t\t\t\t\t\t<div class=\"elementor-spacer\">\n\t\t\t<div class=\"elementor-spacer-inner\"><\/div>\n\t\t<\/div>\n\t\t\t\t\t\t<\/div>\n\t\t\t\t<\/div>\n\t\t\t\t<div class=\"elementor-element elementor-element-6e44c42 elementor-widget elementor-widget-text-editor\" data-id=\"6e44c42\" data-element_type=\"widget\" data-e-type=\"widget\" data-widget_type=\"text-editor.default\">\n\t\t\t\t<div class=\"elementor-widget-container\">\n\t\t\t\t\t\t\t\t\t<h4><span style=\"color: #000000;\"><strong>PROJETS CL\u00c9S\u00a0<\/strong><\/span><\/h4><p>\u00a0<\/p><p>Le Fonds m\u00e8ne ses activit\u00e9s selon trois axes op\u00e9rationnels, \u00e0 travers les niveaux d'intervention international, r\u00e9gional, national et local.<\/p><p>- <strong>Missions de conseil aupr\u00e8s des partenaires publics.<\/strong> Le Fonds soutient des programmes aux niveaux national et local afin d'am\u00e9liorer la situation des partenaires et leur capacit\u00e9 \u00e0 acc\u00e9der aux financements et aux investissements pour une transition urbaine int\u00e9gr\u00e9e.<br \/>- <strong>Dialogues et partenariats multipartites pour acc\u00e9l\u00e9rer l'action.<\/strong> Le Fonds coordonne les alliances sectorielles, dispense des formations en mati\u00e8re de financement urbain, propose un accompagnement des projets pour aider les chefs de projet \u00e0 devenir bancables, organise des s\u00e9ances de mise en relation pour mettre en relation l'offre et la demande d'investissement, et d\u00e9veloppe des \"laboratoires vivants\" pour tester les propositions d'innovation urbaine et pr\u00e9parer leur phase de mise \u00e0 l'\u00e9chelle, etc.<br \/>- <strong>Plaidoyer international et production de connaissances.<\/strong> Le Fonds est particuli\u00e8rement impliqu\u00e9 dans la structuration du Local Finance Knowledge Hub, une plateforme unique d\u00e9di\u00e9e \u00e0 la finance locale.<\/p><p>Gr\u00e2ce \u00e0 ces activit\u00e9s, le Fonds soutient des programmes de d\u00e9veloppement d'une valeur de 35 millions USD et a contribu\u00e9 \u00e0 mobiliser plus d'un milliard USD pour le d\u00e9veloppement local.<\/p>\t\t\t\t\t\t\t\t<\/div>\n\t\t\t\t<\/div>\n\t\t\t\t<div class=\"elementor-element elementor-element-ab03fde elementor-widget elementor-widget-spacer\" data-id=\"ab03fde\" data-element_type=\"widget\" data-e-type=\"widget\" data-widget_type=\"spacer.default\">\n\t\t\t\t<div class=\"elementor-widget-container\">\n\t\t\t\t\t\t\t<div class=\"elementor-spacer\">\n\t\t\t<div class=\"elementor-spacer-inner\"><\/div>\n\t\t<\/div>\n\t\t\t\t\t\t<\/div>\n\t\t\t\t<\/div>\n\t\t\t\t<div class=\"elementor-element elementor-element-fa23d71 elementor-widget elementor-widget-text-editor\" data-id=\"fa23d71\" data-element_type=\"widget\" data-e-type=\"widget\" data-widget_type=\"text-editor.default\">\n\t\t\t\t<div class=\"elementor-widget-container\">\n\t\t\t\t\t\t\t\t\t<h4><strong><span style=\"color: #000000;\">INFORMATIONS DE CONTACT<\/span><\/strong><\/h4>\t\t\t\t\t\t\t\t<\/div>\n\t\t\t\t<\/div>\n\t\t\t\t\t<\/div>\n\t\t<\/div>\n\t\t\t\t\t<\/div>\n\t\t<\/section>\n\t\t\t\t<section class=\"elementor-section elementor-top-section elementor-element elementor-element-42c4064 elementor-section-boxed elementor-section-height-default elementor-section-height-default\" data-id=\"42c4064\" data-element_type=\"section\" data-e-type=\"section\">\n\t\t\t\t\t\t<div class=\"elementor-container elementor-column-gap-default\">\n\t\t\t\t\t<div class=\"elementor-column elementor-col-33 elementor-top-column elementor-element elementor-element-89812b6\" data-id=\"89812b6\" data-element_type=\"column\" data-e-type=\"column\">\n\t\t\t<div class=\"elementor-widget-wrap elementor-element-populated\">\n\t\t\t\t\t\t<div class=\"elementor-element elementor-element-04125fa elementor-align-center elementor-widget elementor-widget-button\" data-id=\"04125fa\" data-element_type=\"widget\" data-e-type=\"widget\" data-widget_type=\"button.default\">\n\t\t\t\t<div class=\"elementor-widget-container\">\n\t\t\t\t\t\t\t\t\t<div class=\"elementor-button-wrapper\">\n\t\t\t\t\t<a class=\"elementor-button elementor-button-link elementor-size-sm\" href=\"https:\/\/www.fmdv.net\/\" target=\"_blank\">\n\t\t\t\t\t\t<span class=\"elementor-button-content-wrapper\">\n\t\t\t\t\t\t\t\t\t<span class=\"elementor-button-text\">Site web du Fonds mondial pour le d\u00e9veloppement des villes<\/span>\n\t\t\t\t\t<\/span>\n\t\t\t\t\t<\/a>\n\t\t\t\t<\/div>\n\t\t\t\t\t\t\t\t<\/div>\n\t\t\t\t<\/div>\n\t\t\t\t\t<\/div>\n\t\t<\/div>\n\t\t\t\t<div class=\"elementor-column elementor-col-33 elementor-top-column elementor-element elementor-element-e4af588\" data-id=\"e4af588\" data-element_type=\"column\" data-e-type=\"column\">\n\t\t\t<div class=\"elementor-widget-wrap\">\n\t\t\t\t\t\t\t<\/div>\n\t\t<\/div>\n\t\t\t\t<div class=\"elementor-column elementor-col-33 elementor-top-column elementor-element elementor-element-7ad4699\" data-id=\"7ad4699\" data-element_type=\"column\" data-e-type=\"column\">\n\t\t\t<div class=\"elementor-widget-wrap elementor-element-populated\">\n\t\t\t\t\t\t<div class=\"elementor-element elementor-element-ad5722a elementor-widget elementor-widget-text-editor\" data-id=\"ad5722a\" data-element_type=\"widget\" data-e-type=\"widget\" data-widget_type=\"text-editor.default\">\n\t\t\t\t<div class=\"elementor-widget-container\">\n\t\t\t\t\t\t\t\t\t<p style=\"text-align: center;\">47 Avenue Pasteur<\/p><p style=\"text-align: center;\">93100 Montreuil, France<\/p>\t\t\t\t\t\t\t\t<\/div>\n\t\t\t\t<\/div>\n\t\t\t\t<div class=\"elementor-element elementor-element-5185010 elementor-align-center elementor-widget elementor-widget-button\" data-id=\"5185010\" data-element_type=\"widget\" data-e-type=\"widget\" data-widget_type=\"button.default\">\n\t\t\t\t<div class=\"elementor-widget-container\">\n\t\t\t\t\t\t\t\t\t<div class=\"elementor-button-wrapper\">\n\t\t\t\t\t<a class=\"elementor-button elementor-size-sm\" role=\"button\">\n\t\t\t\t\t\t<span class=\"elementor-button-content-wrapper\">\n\t\t\t\t\t\t<span class=\"elementor-button-icon\">\n\t\t\t\t<i aria-hidden=\"true\" class=\"fas fa-phone-alt\"><\/i>\t\t\t<\/span>\n\t\t\t\t\t\t\t\t\t<span class=\"elementor-button-text\">+ 33 1 80 89 52 29<\/span>\n\t\t\t\t\t<\/span>\n\t\t\t\t\t<\/a>\n\t\t\t\t<\/div>\n\t\t\t\t\t\t\t\t<\/div>\n\t\t\t\t<\/div>\n\t\t\t\t\t<\/div>\n\t\t<\/div>\n\t\t\t\t\t<\/div>\n\t\t<\/section>\n\t\t\t\t<\/div>","protected":false},"excerpt":{"rendered":"<p>Le Fonds mondial pour le d\u00e9veloppement des villes est une association de droit fran\u00e7ais (loi 1901). Il s'agit d'une association de membres. Les membres paient une cotisation et \u00e9lisent le conseil d'administration. Le Conseil d'administration actuel a \u00e9t\u00e9 \u00e9lu en novembre 2019 \u00e0 Durban. Les copr\u00e9sidents du conseil d'administration sont la ville de Paris et le district d'Abidjan. En tant que ... <\/p>","protected":false},"author":1,"featured_media":15215,"parent":0,"menu_order":0,"comment_status":"closed","ping_status":"closed","template":"","meta":{"_monsterinsights_skip_tracking":false,"_monsterinsights_sitenote_active":false,"_monsterinsights_sitenote_note":"","_monsterinsights_sitenote_category":0,"footnotes":""},"class_list":["post-15389","page","type-page","status-publish","has-post-thumbnail","hentry"],"yoast_head":"<!-- This site is optimized with the Yoast SEO plugin v27.5 - https:\/\/yoast.com\/product\/yoast-seo-wordpress\/ -->\n<title>Global Fund for Cities\u2019 Development - Global Cities Hub<\/title>\n<meta name=\"description\" content=\"The Global Fund for Cities\u2019Development is an association under French law (loi 1901). The Global Fund is a membership organization.\" \/>\n<meta name=\"robots\" content=\"index, follow, max-snippet:-1, max-image-preview:large, max-video-preview:-1\" \/>\n<link rel=\"canonical\" href=\"https:\/\/globalcitieshub.org\/fr\/global-fund-for-cities-development\/\" \/>\n<meta property=\"og:locale\" content=\"fr_FR\" \/>\n<meta property=\"og:type\" content=\"article\" \/>\n<meta property=\"og:title\" content=\"Global Fund for Cities\u2019 Development - Global Cities Hub\" \/>\n<meta property=\"og:description\" content=\"The Global Fund for Cities\u2019Development is an association under French law (loi 1901). The Global Fund is a membership organization.\" \/>\n<meta property=\"og:url\" content=\"https:\/\/globalcitieshub.org\/fr\/global-fund-for-cities-development\/\" \/>\n<meta property=\"og:site_name\" content=\"Global Cities Hub\" \/>\n<meta property=\"article:modified_time\" content=\"2026-02-16T15:54:51+00:00\" \/>\n<meta property=\"og:image\" content=\"https:\/\/globalcitieshub.org\/wp-content\/uploads\/2022\/02\/GLOBAL-FUND-FOR-CITIES-DEVELOPMENT-1.png\" \/>\n\t<meta property=\"og:image:width\" content=\"1600\" \/>\n\t<meta property=\"og:image:height\" content=\"900\" \/>\n\t<meta property=\"og:image:type\" content=\"image\/png\" \/>\n<meta name=\"twitter:card\" content=\"summary_large_image\" \/>\n<meta name=\"twitter:site\" content=\"@genevacitieshub\" \/>\n<meta name=\"twitter:label1\" content=\"Dur\u00e9e de lecture estim\u00e9e\" \/>\n\t<meta name=\"twitter:data1\" content=\"2 minutes\" \/>\n<script type=\"application\/ld+json\" class=\"yoast-schema-graph\">{\"@context\":\"https:\\\/\\\/schema.org\",\"@graph\":[{\"@type\":\"WebPage\",\"@id\":\"https:\\\/\\\/globalcitieshub.org\\\/fr\\\/global-fund-for-cities-development\\\/\",\"url\":\"https:\\\/\\\/globalcitieshub.org\\\/fr\\\/global-fund-for-cities-development\\\/\",\"name\":\"Global Fund for Cities\u2019 Development - Global Cities Hub\",\"isPartOf\":{\"@id\":\"https:\\\/\\\/globalcitieshub.org\\\/fr\\\/#website\"},\"primaryImageOfPage\":{\"@id\":\"https:\\\/\\\/globalcitieshub.org\\\/fr\\\/global-fund-for-cities-development\\\/#primaryimage\"},\"image\":{\"@id\":\"https:\\\/\\\/globalcitieshub.org\\\/fr\\\/global-fund-for-cities-development\\\/#primaryimage\"},\"thumbnailUrl\":\"https:\\\/\\\/globalcitieshub.org\\\/wp-content\\\/uploads\\\/2022\\\/02\\\/GLOBAL-FUND-FOR-CITIES-DEVELOPMENT-1.png\",\"datePublished\":\"2022-02-28T09:34:12+00:00\",\"dateModified\":\"2026-02-16T15:54:51+00:00\",\"description\":\"The Global Fund for Cities\u2019Development is an association under French law (loi 1901). The Global Fund is a membership organization.\",\"inLanguage\":\"fr-FR\",\"potentialAction\":[{\"@type\":\"ReadAction\",\"target\":[\"https:\\\/\\\/globalcitieshub.org\\\/fr\\\/global-fund-for-cities-development\\\/\"]}]},{\"@type\":\"ImageObject\",\"inLanguage\":\"fr-FR\",\"@id\":\"https:\\\/\\\/globalcitieshub.org\\\/fr\\\/global-fund-for-cities-development\\\/#primaryimage\",\"url\":\"https:\\\/\\\/globalcitieshub.org\\\/wp-content\\\/uploads\\\/2022\\\/02\\\/GLOBAL-FUND-FOR-CITIES-DEVELOPMENT-1.png\",\"contentUrl\":\"https:\\\/\\\/globalcitieshub.org\\\/wp-content\\\/uploads\\\/2022\\\/02\\\/GLOBAL-FUND-FOR-CITIES-DEVELOPMENT-1.png\",\"width\":1600,\"height\":900},{\"@type\":\"WebSite\",\"@id\":\"https:\\\/\\\/globalcitieshub.org\\\/fr\\\/#website\",\"url\":\"https:\\\/\\\/globalcitieshub.org\\\/fr\\\/\",\"name\":\"Global Cities Hub\",\"description\":\"Connecting local and regional governments to the United Nations and other  international organizations\",\"publisher\":{\"@id\":\"https:\\\/\\\/globalcitieshub.org\\\/fr\\\/#organization\"},\"potentialAction\":[{\"@type\":\"SearchAction\",\"target\":{\"@type\":\"EntryPoint\",\"urlTemplate\":\"https:\\\/\\\/globalcitieshub.org\\\/fr\\\/?s={search_term_string}\"},\"query-input\":{\"@type\":\"PropertyValueSpecification\",\"valueRequired\":true,\"valueName\":\"search_term_string\"}}],\"inLanguage\":\"fr-FR\"},{\"@type\":\"Organization\",\"@id\":\"https:\\\/\\\/globalcitieshub.org\\\/fr\\\/#organization\",\"name\":\"Global Cities Hub\",\"url\":\"https:\\\/\\\/globalcitieshub.org\\\/fr\\\/\",\"logo\":{\"@type\":\"ImageObject\",\"inLanguage\":\"fr-FR\",\"@id\":\"https:\\\/\\\/globalcitieshub.org\\\/fr\\\/#\\\/schema\\\/logo\\\/image\\\/\",\"url\":\"https:\\\/\\\/globalcitieshub.org\\\/wp-content\\\/uploads\\\/2023\\\/09\\\/230829_Logo_Global_Cities_Hub_Couleur_fond-blanc_RVB.png\",\"contentUrl\":\"https:\\\/\\\/globalcitieshub.org\\\/wp-content\\\/uploads\\\/2023\\\/09\\\/230829_Logo_Global_Cities_Hub_Couleur_fond-blanc_RVB.png\",\"width\":2544,\"height\":1446,\"caption\":\"Global Cities Hub\"},\"image\":{\"@id\":\"https:\\\/\\\/globalcitieshub.org\\\/fr\\\/#\\\/schema\\\/logo\\\/image\\\/\"},\"sameAs\":[\"https:\\\/\\\/x.com\\\/genevacitieshub\"]}]}<\/script>\n<!-- \/ Yoast SEO plugin. -->","yoast_head_json":{"title":"Fonds mondial pour le d\u00e9veloppement des villes - Global Cities Hub","description":"Le Fonds mondial pour le d\u00e9veloppement des villes est une association de droit fran\u00e7ais (loi 1901). Le Fonds mondial est une organisation de membres.","robots":{"index":"index","follow":"follow","max-snippet":"max-snippet:-1","max-image-preview":"max-image-preview:large","max-video-preview":"max-video-preview:-1"},"canonical":"https:\/\/globalcitieshub.org\/fr\/global-fund-for-cities-development\/","og_locale":"fr_FR","og_type":"article","og_title":"Global Fund for Cities\u2019 Development - Global Cities Hub","og_description":"The Global Fund for Cities\u2019Development is an association under French law (loi 1901). The Global Fund is a membership organization.","og_url":"https:\/\/globalcitieshub.org\/fr\/global-fund-for-cities-development\/","og_site_name":"Global Cities Hub","article_modified_time":"2026-02-16T15:54:51+00:00","og_image":[{"width":1600,"height":900,"url":"https:\/\/globalcitieshub.org\/wp-content\/uploads\/2022\/02\/GLOBAL-FUND-FOR-CITIES-DEVELOPMENT-1.png","type":"image\/png"}],"twitter_card":"summary_large_image","twitter_site":"@genevacitieshub","twitter_misc":{"Dur\u00e9e de lecture estim\u00e9e":"2 minutes"},"schema":{"@context":"https:\/\/schema.org","@graph":[{"@type":"WebPage","@id":"https:\/\/globalcitieshub.org\/fr\/global-fund-for-cities-development\/","url":"https:\/\/globalcitieshub.org\/fr\/global-fund-for-cities-development\/","name":"Fonds mondial pour le d\u00e9veloppement des villes - Global Cities Hub","isPartOf":{"@id":"https:\/\/globalcitieshub.org\/fr\/#website"},"primaryImageOfPage":{"@id":"https:\/\/globalcitieshub.org\/fr\/global-fund-for-cities-development\/#primaryimage"},"image":{"@id":"https:\/\/globalcitieshub.org\/fr\/global-fund-for-cities-development\/#primaryimage"},"thumbnailUrl":"https:\/\/globalcitieshub.org\/wp-content\/uploads\/2022\/02\/GLOBAL-FUND-FOR-CITIES-DEVELOPMENT-1.png","datePublished":"2022-02-28T09:34:12+00:00","dateModified":"2026-02-16T15:54:51+00:00","description":"Le Fonds mondial pour le d\u00e9veloppement des villes est une association de droit fran\u00e7ais (loi 1901). Le Fonds mondial est une organisation de membres.","inLanguage":"fr-FR","potentialAction":[{"@type":"ReadAction","target":["https:\/\/globalcitieshub.org\/fr\/global-fund-for-cities-development\/"]}]},{"@type":"ImageObject","inLanguage":"fr-FR","@id":"https:\/\/globalcitieshub.org\/fr\/global-fund-for-cities-development\/#primaryimage","url":"https:\/\/globalcitieshub.org\/wp-content\/uploads\/2022\/02\/GLOBAL-FUND-FOR-CITIES-DEVELOPMENT-1.png","contentUrl":"https:\/\/globalcitieshub.org\/wp-content\/uploads\/2022\/02\/GLOBAL-FUND-FOR-CITIES-DEVELOPMENT-1.png","width":1600,"height":900},{"@type":"WebSite","@id":"https:\/\/globalcitieshub.org\/fr\/#website","url":"https:\/\/globalcitieshub.org\/fr\/","name":"Global Cities Hub","description":"Relier les gouvernements locaux et r\u00e9gionaux aux Nations unies et \u00e0 d'autres organisations internationales","publisher":{"@id":"https:\/\/globalcitieshub.org\/fr\/#organization"},"potentialAction":[{"@type":"SearchAction","target":{"@type":"EntryPoint","urlTemplate":"https:\/\/globalcitieshub.org\/fr\/?s={search_term_string}"},"query-input":{"@type":"PropertyValueSpecification","valueRequired":true,"valueName":"search_term_string"}}],"inLanguage":"fr-FR"},{"@type":"Organization","@id":"https:\/\/globalcitieshub.org\/fr\/#organization","name":"Global Cities Hub","url":"https:\/\/globalcitieshub.org\/fr\/","logo":{"@type":"ImageObject","inLanguage":"fr-FR","@id":"https:\/\/globalcitieshub.org\/fr\/#\/schema\/logo\/image\/","url":"https:\/\/globalcitieshub.org\/wp-content\/uploads\/2023\/09\/230829_Logo_Global_Cities_Hub_Couleur_fond-blanc_RVB.png","contentUrl":"https:\/\/globalcitieshub.org\/wp-content\/uploads\/2023\/09\/230829_Logo_Global_Cities_Hub_Couleur_fond-blanc_RVB.png","width":2544,"height":1446,"caption":"Global Cities Hub"},"image":{"@id":"https:\/\/globalcitieshub.org\/fr\/#\/schema\/logo\/image\/"},"sameAs":["https:\/\/x.com\/genevacitieshub"]}]}},"_links":{"self":[{"href":"https:\/\/globalcitieshub.org\/fr\/wp-json\/wp\/v2\/pages\/15389","targetHints":{"allow":["GET"]}}],"collection":[{"href":"https:\/\/globalcitieshub.org\/fr\/wp-json\/wp\/v2\/pages"}],"about":[{"href":"https:\/\/globalcitieshub.org\/fr\/wp-json\/wp\/v2\/types\/page"}],"author":[{"embeddable":true,"href":"https:\/\/globalcitieshub.org\/fr\/wp-json\/wp\/v2\/users\/1"}],"replies":[{"embeddable":true,"href":"https:\/\/globalcitieshub.org\/fr\/wp-json\/wp\/v2\/comments?post=15389"}],"version-history":[{"count":51,"href":"https:\/\/globalcitieshub.org\/fr\/wp-json\/wp\/v2\/pages\/15389\/revisions"}],"predecessor-version":[{"id":27135,"href":"https:\/\/globalcitieshub.org\/fr\/wp-json\/wp\/v2\/pages\/15389\/revisions\/27135"}],"wp:featuredmedia":[{"embeddable":true,"href":"https:\/\/globalcitieshub.org\/fr\/wp-json\/wp\/v2\/media\/15215"}],"wp:attachment":[{"href":"https:\/\/globalcitieshub.org\/fr\/wp-json\/wp\/v2\/media?parent=15389"}],"curies":[{"name":"wp","href":"https:\/\/api.w.org\/{rel}","templated":true}]}}