{"id":28796,"date":"2026-08-25T10:21:01","date_gmt":"2026-08-25T08:21:01","guid":{"rendered":"https:\/\/globalcitieshub.org\/?page_id=28796"},"modified":"2026-08-25T10:30:48","modified_gmt":"2026-08-25T08:30:48","slug":"global-parliament-of-mayors","status":"publish","type":"page","link":"https:\/\/globalcitieshub.org\/es\/global-parliament-of-mayors\/","title":{"rendered":"Parlamento Mundial de Alcaldes"},"content":{"rendered":"<div data-elementor-type=\"wp-page\" data-elementor-id=\"28796\" class=\"elementor elementor-28796\">\n\t\t\t\t\t\t<section class=\"elementor-section elementor-top-section elementor-element elementor-element-3229e896 elementor-section-boxed elementor-section-height-default elementor-section-height-default\" data-id=\"3229e896\" data-element_type=\"section\" data-e-type=\"section\">\n\t\t\t\t\t\t<div class=\"elementor-container elementor-column-gap-default\">\n\t\t\t\t\t<div class=\"elementor-column elementor-col-100 elementor-top-column elementor-element elementor-element-1f2ad19\" data-id=\"1f2ad19\" data-element_type=\"column\" data-e-type=\"column\">\n\t\t\t<div class=\"elementor-widget-wrap elementor-element-populated\">\n\t\t\t\t\t\t<div class=\"elementor-element elementor-element-5f5635ca elementor-widget elementor-widget-text-editor\" data-id=\"5f5635ca\" data-element_type=\"widget\" data-e-type=\"widget\" data-widget_type=\"text-editor.default\">\n\t\t\t\t<div class=\"elementor-widget-container\">\n\t\t\t\t\t\t\t\t\t<h4><span style=\"color: #000000;\"><strong>El Parlamento Global de Alcaldes (GPM) es una asociaci\u00f3n de derecho neerland\u00e9s con domicilio social en La Haya (Pa\u00edses Bajos) y compuesta por miembros y miembros honorarios. Solo las ciudades o los alcaldes pueden solicitar ser miembros del GPM.<\/strong> <\/span><\/h4><div><span style=\"font-weight: var( --e-global-typography-text-font-weight ); color: var( --e-global-color-text ); text-align: inherit; font-family: var( --e-global-typography-text-font-family ), Sans-serif; font-size: 15px;\">\u00a0<\/span><\/div><p>El GPM anima a todos los alcaldes a unirse al Parlamento Global de Alcaldes. Para ser miembro del GPM es necesario comprometerse con los valores b\u00e1sicos del GPM definidos en la declaraci\u00f3n de la misi\u00f3n del GPM, ser embajador del GPM y de su pol\u00edtica de acci\u00f3n com\u00fan, y pagar una cuota anual de afiliaci\u00f3n. La cuota anual de afiliaci\u00f3n se basa en la Renta Nacional Bruta (RNB) y el tama\u00f1o de la poblaci\u00f3n de una ciudad.<\/p>\t\t\t\t\t\t\t\t<\/div>\n\t\t\t\t<\/div>\n\t\t\t\t<div class=\"elementor-element elementor-element-bff8189 elementor-widget elementor-widget-text-editor\" data-id=\"bff8189\" data-element_type=\"widget\" data-e-type=\"widget\" data-widget_type=\"text-editor.default\">\n\t\t\t\t<div class=\"elementor-widget-container\">\n\t\t\t\t\t\t\t\t\t<h4><span style=\"color: #000000;\"><strong>VISI\u00d3N<\/strong><\/span><\/h4><p>La visi\u00f3n de la GPM es contribuir a un mundo en el que los alcaldes, sus ciudades y sus redes sean socios iguales en la construcci\u00f3n de una gobernanza global para un mundo inclusivo y sostenible.<\/p><p>Nuestra misi\u00f3n es convocar un Parlamento Mundial de Alcaldes para facilitar los debates entre los alcaldes, la gobernanza nacional y las organizaciones internacionales, impulsar la acci\u00f3n sistem\u00e1tica para afrontar los retos mundiales y nacionales y las oportunidades para lograr un cambio pol\u00edtico a escala mundial. Los alcaldes asumen el liderazgo y la propiedad de los retos globales a los que se enfrentan a nivel local.<\/p>\t\t\t\t\t\t\t\t<\/div>\n\t\t\t\t<\/div>\n\t\t\t\t<div class=\"elementor-element elementor-element-36ba03f elementor-widget elementor-widget-text-editor\" data-id=\"36ba03f\" data-element_type=\"widget\" data-e-type=\"widget\" data-widget_type=\"text-editor.default\">\n\t\t\t\t<div class=\"elementor-widget-container\">\n\t\t\t\t\t\t\t\t\t<h4><span style=\"color: #000000;\"><strong>OBJETIVOS PRINCIPALES<\/strong><\/span><\/h4><div><p>El GPM es un movimiento mundial por los derechos de las ciudades. Est\u00e1 dise\u00f1ado para aprovechar el poder de nuestra proximidad a los residentes urbanos y potenciar los enfoques de las ciudades para la resoluci\u00f3n de problemas. Como alcaldes, podemos impulsar soluciones en nuestras ciudades que sean m\u00e1s progresistas, r\u00e1pidas y espec\u00edficas que las propuestas a nivel nacional. La GPM promueve la acci\u00f3n colectiva, la conectividad y la solidaridad entre alcaldes en un momento en el que la voz global com\u00fan de los alcaldes es especialmente necesaria como motor del cambio.<\/p><\/div>\t\t\t\t\t\t\t\t<\/div>\n\t\t\t\t<\/div>\n\t\t\t\t<div class=\"elementor-element elementor-element-7fdd7c9 elementor-widget elementor-widget-text-editor\" data-id=\"7fdd7c9\" data-element_type=\"widget\" data-e-type=\"widget\" data-widget_type=\"text-editor.default\">\n\t\t\t\t<div class=\"elementor-widget-container\">\n\t\t\t\t\t\t\t\t\t<div><h4><span style=\"color: #000000;\"><strong>PROYECTOS CLAVE<\/strong><\/span><\/h4><\/div><p>En 2023, la GPM tiene varias oportunidades para dar forma a importantes debates multilaterales y presentar soluciones progresistas, tangibles y basadas en la pr\u00e1ctica sobre cuestiones globales. Una de estas oportunidades ha sido creada por la inclusi\u00f3n sin precedentes de la GPM en la reuni\u00f3n ministerial del G7 de 2022 sobre Desarrollo Urbano para hacer o\u00edr la voz de los alcaldes. Jap\u00f3n, que asumir\u00e1 la Presidencia del G7 en 2023, ya ha acordado continuar la v\u00eda del Desarrollo Urbano Sostenible e incluir a las ciudades en este proceso. Desde 2022, el GPM, junto con ICLEI, coorganiza la Secretar\u00eda de Urban7.<\/p><p>Otra oportunidad es la participaci\u00f3n del GPM en la Cumbre de la Casa Blanca para la Democracia en 2023. La Cumbre ha inspirado al GPM, al German Marshall Fund y al Pacto de Ciudades Libres para lanzar la Declaraci\u00f3n de Alcaldes por la Democracia, firmada ya por m\u00e1s de 160 alcaldes de todo el mundo, en la que reafirman su compromiso inquebrantable con la reconstrucci\u00f3n y el refuerzo de la democracia.<\/p><p>Un \u00faltimo ejemplo de proyecto clave de la GPM es la Cumbre Anual 2023, que crear\u00e1 espacios para que alcaldes del Norte y del Sur Global debatan sobre cuestiones urgentes en las ciudades, y para compartir, aprender, explorar y construir una gobernanza global, al tiempo que se afirma el importante papel de las ciudades y los municipios en el sistema internacional.<\/p>\t\t\t\t\t\t\t\t<\/div>\n\t\t\t\t<\/div>\n\t\t\t\t<div class=\"elementor-element elementor-element-1658ca3 elementor-widget elementor-widget-text-editor\" data-id=\"1658ca3\" data-element_type=\"widget\" data-e-type=\"widget\" data-widget_type=\"text-editor.default\">\n\t\t\t\t<div class=\"elementor-widget-container\">\n\t\t\t\t\t\t\t\t\t<h4 style=\"text-align: left;\"><strong><span style=\"color: #000000;\">INFORMACI\u00d3N DE CONTACTO<\/span><\/strong><\/h4>\t\t\t\t\t\t\t\t<\/div>\n\t\t\t\t<\/div>\n\t\t\t\t<section class=\"elementor-section elementor-inner-section elementor-element elementor-element-ffc5557 elementor-section-boxed elementor-section-height-default elementor-section-height-default\" data-id=\"ffc5557\" data-element_type=\"section\" data-e-type=\"section\">\n\t\t\t\t\t\t<div class=\"elementor-container elementor-column-gap-default\">\n\t\t\t\t\t<div class=\"elementor-column elementor-col-33 elementor-inner-column elementor-element elementor-element-9510aea\" data-id=\"9510aea\" data-element_type=\"column\" data-e-type=\"column\">\n\t\t\t<div class=\"elementor-widget-wrap elementor-element-populated\">\n\t\t\t\t\t\t<div class=\"elementor-element elementor-element-e346a62 elementor-align-center elementor-widget elementor-widget-button\" data-id=\"e346a62\" data-element_type=\"widget\" data-e-type=\"widget\" data-widget_type=\"button.default\">\n\t\t\t\t<div class=\"elementor-widget-container\">\n\t\t\t\t\t\t\t\t\t<div class=\"elementor-button-wrapper\">\n\t\t\t\t\t<a class=\"elementor-button elementor-button-link elementor-size-sm\" href=\"https:\/\/globalparliamentofmayors.org\/\" target=\"_blank\">\n\t\t\t\t\t\t<span class=\"elementor-button-content-wrapper\">\n\t\t\t\t\t\t\t\t\t<span class=\"elementor-button-text\">Sitio web del Parlamento Mundial de Alcaldes<\/span>\n\t\t\t\t\t<\/span>\n\t\t\t\t\t<\/a>\n\t\t\t\t<\/div>\n\t\t\t\t\t\t\t\t<\/div>\n\t\t\t\t<\/div>\n\t\t\t\t\t<\/div>\n\t\t<\/div>\n\t\t\t\t<div class=\"elementor-column elementor-col-33 elementor-inner-column elementor-element elementor-element-21ed1aa\" data-id=\"21ed1aa\" data-element_type=\"column\" data-e-type=\"column\">\n\t\t\t<div class=\"elementor-widget-wrap elementor-element-populated\">\n\t\t\t\t\t\t<div class=\"elementor-element elementor-element-802aa0f elementor-align-center elementor-widget elementor-widget-button\" data-id=\"802aa0f\" data-element_type=\"widget\" data-e-type=\"widget\" data-widget_type=\"button.default\">\n\t\t\t\t<div class=\"elementor-widget-container\">\n\t\t\t\t\t\t\t\t\t<div class=\"elementor-button-wrapper\">\n\t\t\t\t\t<a class=\"elementor-button elementor-size-sm\" role=\"button\">\n\t\t\t\t\t\t<span class=\"elementor-button-content-wrapper\">\n\t\t\t\t\t\t<span class=\"elementor-button-icon\">\n\t\t\t\t<i aria-hidden=\"true\" class=\"far fa-user\"><\/i>\t\t\t<\/span>\n\t\t\t\t\t\t\t\t\t<span class=\"elementor-button-text\">SRA. CAROLINE SCHEP <br> Director Ejecutivo<\/span>\n\t\t\t\t\t<\/span>\n\t\t\t\t\t<\/a>\n\t\t\t\t<\/div>\n\t\t\t\t\t\t\t\t<\/div>\n\t\t\t\t<\/div>\n\t\t\t\t\t<\/div>\n\t\t<\/div>\n\t\t\t\t<div class=\"elementor-column elementor-col-33 elementor-inner-column elementor-element elementor-element-b51327b\" data-id=\"b51327b\" data-element_type=\"column\" data-e-type=\"column\">\n\t\t\t<div class=\"elementor-widget-wrap elementor-element-populated\">\n\t\t\t\t\t\t<div class=\"elementor-element elementor-element-d13c83f elementor-widget elementor-widget-text-editor\" data-id=\"d13c83f\" data-element_type=\"widget\" data-e-type=\"widget\" data-widget_type=\"text-editor.default\">\n\t\t\t\t<div class=\"elementor-widget-container\">\n\t\t\t\t\t\t\t\t\t<p style=\"text-align: center;\">Spui 70, 2511 BT<\/p><p style=\"text-align: center;\">La Haya, Pa\u00edses Bajos<\/p>\t\t\t\t\t\t\t\t<\/div>\n\t\t\t\t<\/div>\n\t\t\t\t<div class=\"elementor-element elementor-element-450f14e elementor-align-center elementor-widget elementor-widget-button\" data-id=\"450f14e\" data-element_type=\"widget\" data-e-type=\"widget\" data-widget_type=\"button.default\">\n\t\t\t\t<div class=\"elementor-widget-container\">\n\t\t\t\t\t\t\t\t\t<div class=\"elementor-button-wrapper\">\n\t\t\t\t\t<a class=\"elementor-button elementor-button-link elementor-size-sm\" href=\"mailto:gpm@denhaag.nl\" target=\"_blank\">\n\t\t\t\t\t\t<span class=\"elementor-button-content-wrapper\">\n\t\t\t\t\t\t\t\t\t<span class=\"elementor-button-text\">Contacte con<\/span>\n\t\t\t\t\t<\/span>\n\t\t\t\t\t<\/a>\n\t\t\t\t<\/div>\n\t\t\t\t\t\t\t\t<\/div>\n\t\t\t\t<\/div>\n\t\t\t\t<div class=\"elementor-element elementor-element-ea3eb85 elementor-align-center elementor-widget elementor-widget-button\" data-id=\"ea3eb85\" data-element_type=\"widget\" data-e-type=\"widget\" data-widget_type=\"button.default\">\n\t\t\t\t<div class=\"elementor-widget-container\">\n\t\t\t\t\t\t\t\t\t<div class=\"elementor-button-wrapper\">\n\t\t\t\t\t<a class=\"elementor-button elementor-size-sm\" role=\"button\">\n\t\t\t\t\t\t<span class=\"elementor-button-content-wrapper\">\n\t\t\t\t\t\t<span class=\"elementor-button-icon\">\n\t\t\t\t<i aria-hidden=\"true\" class=\"fas fa-phone-alt\"><\/i>\t\t\t<\/span>\n\t\t\t\t\t\t\t\t\t<span class=\"elementor-button-text\">+31 (06) 22016323<\/span>\n\t\t\t\t\t<\/span>\n\t\t\t\t\t<\/a>\n\t\t\t\t<\/div>\n\t\t\t\t\t\t\t\t<\/div>\n\t\t\t\t<\/div>\n\t\t\t\t\t<\/div>\n\t\t<\/div>\n\t\t\t\t\t<\/div>\n\t\t<\/section>\n\t\t\t\t\t<\/div>\n\t\t<\/div>\n\t\t\t\t\t<\/div>\n\t\t<\/section>\n\t\t\t\t<\/div>","protected":false},"excerpt":{"rendered":"<p>El Parlamento Global de Alcaldes (GPM) es una asociaci\u00f3n de derecho neerland\u00e9s con domicilio social en La Haya (Pa\u00edses Bajos) y compuesta por miembros y miembros honorarios. S\u00f3lo las ciudades o los alcaldes pueden solicitar su adhesi\u00f3n al GPM.   El GPM anima a todos los alcaldes a unirse al Parlamento Global de Alcaldes. Convertirse en miembro ... <\/p>","protected":false},"author":1,"featured_media":18518,"parent":0,"menu_order":0,"comment_status":"closed","ping_status":"closed","template":"","meta":{"_monsterinsights_skip_tracking":false,"footnotes":""},"class_list":["post-28796","page","type-page","status-publish","has-post-thumbnail","hentry"],"yoast_head":"<!-- This site is optimized with the Yoast SEO plugin v28.3 - https:\/\/yoast.com\/product\/yoast-seo-wordpress\/ -->\n<title>Global Parliament of Mayors - Global Cities Hub<\/title>\n<meta name=\"description\" content=\"The Global Parliament of Mayors aims to have mayors as equal partners in building global governance for an inclusive and sustainable world.\" \/>\n<meta name=\"robots\" content=\"index, follow, max-snippet:-1, max-image-preview:large, max-video-preview:-1\" \/>\n<link rel=\"canonical\" href=\"https:\/\/globalcitieshub.org\/es\/global-parliament-of-mayors\/\" \/>\n<meta property=\"og:locale\" content=\"es_ES\" \/>\n<meta property=\"og:type\" content=\"article\" \/>\n<meta property=\"og:title\" content=\"Global Parliament of Mayors - Global Cities Hub\" \/>\n<meta property=\"og:description\" content=\"The Global Parliament of Mayors aims to have mayors as equal partners in building global governance for an inclusive and sustainable world.\" \/>\n<meta property=\"og:url\" content=\"https:\/\/globalcitieshub.org\/es\/global-parliament-of-mayors\/\" \/>\n<meta property=\"og:site_name\" content=\"Global Cities Hub\" \/>\n<meta property=\"article:modified_time\" content=\"2026-08-25T08:30:48+00:00\" \/>\n<meta property=\"og:image\" content=\"https:\/\/globalcitieshub.org\/wp-content\/uploads\/2023\/05\/GLOBAL-PARLIAMENT-OF-MAYORS.png\" \/>\n\t<meta property=\"og:image:width\" content=\"1600\" \/>\n\t<meta property=\"og:image:height\" content=\"900\" \/>\n\t<meta property=\"og:image:type\" content=\"image\/png\" \/>\n<meta name=\"twitter:card\" content=\"summary_large_image\" \/>\n<meta name=\"twitter:site\" content=\"@genevacitieshub\" \/>\n<meta name=\"twitter:label1\" content=\"Tiempo de lectura\" \/>\n\t<meta name=\"twitter:data1\" content=\"3 minutos\" \/>\n<script type=\"application\/ld+json\" class=\"yoast-schema-graph\">{\"@context\":\"https:\\\/\\\/schema.org\",\"@graph\":[{\"@type\":\"WebPage\",\"@id\":\"https:\\\/\\\/globalcitieshub.org\\\/es\\\/global-parliament-of-mayors\\\/\",\"url\":\"https:\\\/\\\/globalcitieshub.org\\\/es\\\/global-parliament-of-mayors\\\/\",\"name\":\"Global Parliament of Mayors - Global Cities Hub\",\"isPartOf\":{\"@id\":\"https:\\\/\\\/globalcitieshub.org\\\/es\\\/#website\"},\"primaryImageOfPage\":{\"@id\":\"https:\\\/\\\/globalcitieshub.org\\\/es\\\/global-parliament-of-mayors\\\/#primaryimage\"},\"image\":{\"@id\":\"https:\\\/\\\/globalcitieshub.org\\\/es\\\/global-parliament-of-mayors\\\/#primaryimage\"},\"thumbnailUrl\":\"https:\\\/\\\/globalcitieshub.org\\\/wp-content\\\/uploads\\\/2023\\\/05\\\/GLOBAL-PARLIAMENT-OF-MAYORS.png\",\"datePublished\":\"2026-08-25T08:21:01+00:00\",\"dateModified\":\"2026-08-25T08:30:48+00:00\",\"description\":\"The Global Parliament of Mayors aims to have mayors as equal partners in building global governance for an inclusive and sustainable world.\",\"inLanguage\":\"es\",\"potentialAction\":[{\"@type\":\"ReadAction\",\"target\":[\"https:\\\/\\\/globalcitieshub.org\\\/es\\\/global-parliament-of-mayors\\\/\"]}]},{\"@type\":\"ImageObject\",\"inLanguage\":\"es\",\"@id\":\"https:\\\/\\\/globalcitieshub.org\\\/es\\\/global-parliament-of-mayors\\\/#primaryimage\",\"url\":\"https:\\\/\\\/globalcitieshub.org\\\/wp-content\\\/uploads\\\/2023\\\/05\\\/GLOBAL-PARLIAMENT-OF-MAYORS.png\",\"contentUrl\":\"https:\\\/\\\/globalcitieshub.org\\\/wp-content\\\/uploads\\\/2023\\\/05\\\/GLOBAL-PARLIAMENT-OF-MAYORS.png\",\"width\":1600,\"height\":900},{\"@type\":\"WebSite\",\"@id\":\"https:\\\/\\\/globalcitieshub.org\\\/es\\\/#website\",\"url\":\"https:\\\/\\\/globalcitieshub.org\\\/es\\\/\",\"name\":\"Global Cities Hub\",\"description\":\"Connecting local and regional governments to the United Nations and other  international organizations\",\"publisher\":{\"@id\":\"https:\\\/\\\/globalcitieshub.org\\\/es\\\/#organization\"},\"potentialAction\":[{\"@type\":\"SearchAction\",\"target\":{\"@type\":\"EntryPoint\",\"urlTemplate\":\"https:\\\/\\\/globalcitieshub.org\\\/es\\\/?s={search_term_string}\"},\"query-input\":{\"@type\":\"PropertyValueSpecification\",\"valueRequired\":true,\"valueName\":\"search_term_string\"}}],\"inLanguage\":\"es\"},{\"@type\":\"Organization\",\"@id\":\"https:\\\/\\\/globalcitieshub.org\\\/es\\\/#organization\",\"name\":\"Global Cities Hub\",\"url\":\"https:\\\/\\\/globalcitieshub.org\\\/es\\\/\",\"logo\":{\"@type\":\"ImageObject\",\"inLanguage\":\"es\",\"@id\":\"https:\\\/\\\/globalcitieshub.org\\\/es\\\/#\\\/schema\\\/logo\\\/image\\\/\",\"url\":\"https:\\\/\\\/globalcitieshub.org\\\/wp-content\\\/uploads\\\/2023\\\/09\\\/230829_Logo_Global_Cities_Hub_Couleur_fond-blanc_RVB.png\",\"contentUrl\":\"https:\\\/\\\/globalcitieshub.org\\\/wp-content\\\/uploads\\\/2023\\\/09\\\/230829_Logo_Global_Cities_Hub_Couleur_fond-blanc_RVB.png\",\"width\":2544,\"height\":1446,\"caption\":\"Global Cities Hub\"},\"image\":{\"@id\":\"https:\\\/\\\/globalcitieshub.org\\\/es\\\/#\\\/schema\\\/logo\\\/image\\\/\"},\"sameAs\":[\"https:\\\/\\\/x.com\\\/genevacitieshub\"]}]}<\/script>\n<!-- \/ Yoast SEO plugin. -->","yoast_head_json":{"title":"Parlamento Mundial de Alcaldes - Global Cities Hub","description":"El Parlamento Mundial de Alcaldes tiene como objetivo que los alcaldes participen como socios en pie de igualdad en la construcci\u00f3n de una gobernanza mundial para un mundo inclusivo y sostenible.","robots":{"index":"index","follow":"follow","max-snippet":"max-snippet:-1","max-image-preview":"max-image-preview:large","max-video-preview":"max-video-preview:-1"},"canonical":"https:\/\/globalcitieshub.org\/es\/global-parliament-of-mayors\/","og_locale":"es_ES","og_type":"article","og_title":"Global Parliament of Mayors - Global Cities Hub","og_description":"The Global Parliament of Mayors aims to have mayors as equal partners in building global governance for an inclusive and sustainable world.","og_url":"https:\/\/globalcitieshub.org\/es\/global-parliament-of-mayors\/","og_site_name":"Global Cities Hub","article_modified_time":"2026-08-25T08:30:48+00:00","og_image":[{"width":1600,"height":900,"url":"https:\/\/globalcitieshub.org\/wp-content\/uploads\/2023\/05\/GLOBAL-PARLIAMENT-OF-MAYORS.png","type":"image\/png"}],"twitter_card":"summary_large_image","twitter_site":"@genevacitieshub","twitter_misc":{"Tiempo de lectura":"3 minutos"},"schema":{"@context":"https:\/\/schema.org","@graph":[{"@type":"WebPage","@id":"https:\/\/globalcitieshub.org\/es\/global-parliament-of-mayors\/","url":"https:\/\/globalcitieshub.org\/es\/global-parliament-of-mayors\/","name":"Parlamento Mundial de Alcaldes - Global Cities Hub","isPartOf":{"@id":"https:\/\/globalcitieshub.org\/es\/#website"},"primaryImageOfPage":{"@id":"https:\/\/globalcitieshub.org\/es\/global-parliament-of-mayors\/#primaryimage"},"image":{"@id":"https:\/\/globalcitieshub.org\/es\/global-parliament-of-mayors\/#primaryimage"},"thumbnailUrl":"https:\/\/globalcitieshub.org\/wp-content\/uploads\/2023\/05\/GLOBAL-PARLIAMENT-OF-MAYORS.png","datePublished":"2026-08-25T08:21:01+00:00","dateModified":"2026-08-25T08:30:48+00:00","description":"El Parlamento Mundial de Alcaldes tiene como objetivo que los alcaldes participen como socios en pie de igualdad en la construcci\u00f3n de una gobernanza mundial para un mundo inclusivo y sostenible.","inLanguage":"es","potentialAction":[{"@type":"ReadAction","target":["https:\/\/globalcitieshub.org\/es\/global-parliament-of-mayors\/"]}]},{"@type":"ImageObject","inLanguage":"es","@id":"https:\/\/globalcitieshub.org\/es\/global-parliament-of-mayors\/#primaryimage","url":"https:\/\/globalcitieshub.org\/wp-content\/uploads\/2023\/05\/GLOBAL-PARLIAMENT-OF-MAYORS.png","contentUrl":"https:\/\/globalcitieshub.org\/wp-content\/uploads\/2023\/05\/GLOBAL-PARLIAMENT-OF-MAYORS.png","width":1600,"height":900},{"@type":"WebSite","@id":"https:\/\/globalcitieshub.org\/es\/#website","url":"https:\/\/globalcitieshub.org\/es\/","name":"Global Cities Hub","description":"Conectar a los gobiernos locales y regionales con las Naciones Unidas y otras organizaciones internacionales.","publisher":{"@id":"https:\/\/globalcitieshub.org\/es\/#organization"},"potentialAction":[{"@type":"SearchAction","target":{"@type":"EntryPoint","urlTemplate":"https:\/\/globalcitieshub.org\/es\/?s={search_term_string}"},"query-input":{"@type":"PropertyValueSpecification","valueRequired":true,"valueName":"search_term_string"}}],"inLanguage":"es"},{"@type":"Organization","@id":"https:\/\/globalcitieshub.org\/es\/#organization","name":"Global Cities Hub","url":"https:\/\/globalcitieshub.org\/es\/","logo":{"@type":"ImageObject","inLanguage":"es","@id":"https:\/\/globalcitieshub.org\/es\/#\/schema\/logo\/image\/","url":"https:\/\/globalcitieshub.org\/wp-content\/uploads\/2023\/09\/230829_Logo_Global_Cities_Hub_Couleur_fond-blanc_RVB.png","contentUrl":"https:\/\/globalcitieshub.org\/wp-content\/uploads\/2023\/09\/230829_Logo_Global_Cities_Hub_Couleur_fond-blanc_RVB.png","width":2544,"height":1446,"caption":"Global Cities Hub"},"image":{"@id":"https:\/\/globalcitieshub.org\/es\/#\/schema\/logo\/image\/"},"sameAs":["https:\/\/x.com\/genevacitieshub"]}]}},"_links":{"self":[{"href":"https:\/\/globalcitieshub.org\/es\/wp-json\/wp\/v2\/pages\/28796","targetHints":{"allow":["GET"]}}],"collection":[{"href":"https:\/\/globalcitieshub.org\/es\/wp-json\/wp\/v2\/pages"}],"about":[{"href":"https:\/\/globalcitieshub.org\/es\/wp-json\/wp\/v2\/types\/page"}],"author":[{"embeddable":true,"href":"https:\/\/globalcitieshub.org\/es\/wp-json\/wp\/v2\/users\/1"}],"replies":[{"embeddable":true,"href":"https:\/\/globalcitieshub.org\/es\/wp-json\/wp\/v2\/comments?post=28796"}],"version-history":[{"count":4,"href":"https:\/\/globalcitieshub.org\/es\/wp-json\/wp\/v2\/pages\/28796\/revisions"}],"predecessor-version":[{"id":28801,"href":"https:\/\/globalcitieshub.org\/es\/wp-json\/wp\/v2\/pages\/28796\/revisions\/28801"}],"wp:featuredmedia":[{"embeddable":true,"href":"https:\/\/globalcitieshub.org\/es\/wp-json\/wp\/v2\/media\/18518"}],"wp:attachment":[{"href":"https:\/\/globalcitieshub.org\/es\/wp-json\/wp\/v2\/media?parent=28796"}],"curies":[{"name":"wp","href":"https:\/\/api.w.org\/{rel}","templated":true}]}}