{"id":17713,"date":"2022-09-29T14:48:11","date_gmt":"2022-09-29T12:48:11","guid":{"rendered":"https:\/\/www.genevacitieshub.org\/?page_id=17713"},"modified":"2026-02-16T16:50:58","modified_gmt":"2026-02-16T15:50:58","slug":"climate-alliance","status":"publish","type":"page","link":"https:\/\/globalcitieshub.org\/es\/climate-alliance\/","title":{"rendered":"Alianza por el Clima"},"content":{"rendered":"<div data-elementor-type=\"wp-page\" data-elementor-id=\"17713\" class=\"elementor elementor-17713\">\n\t\t\t\t\t\t<section class=\"elementor-section elementor-top-section elementor-element elementor-element-3229e896 elementor-section-boxed elementor-section-height-default elementor-section-height-default\" data-id=\"3229e896\" data-element_type=\"section\" data-e-type=\"section\">\n\t\t\t\t\t\t<div class=\"elementor-container elementor-column-gap-default\">\n\t\t\t\t\t<div class=\"elementor-column elementor-col-100 elementor-top-column elementor-element elementor-element-1f2ad19\" data-id=\"1f2ad19\" data-element_type=\"column\" data-e-type=\"column\">\n\t\t\t<div class=\"elementor-widget-wrap elementor-element-populated\">\n\t\t\t\t\t\t<div class=\"elementor-element elementor-element-5f5635ca elementor-widget elementor-widget-text-editor\" data-id=\"5f5635ca\" data-element_type=\"widget\" data-e-type=\"widget\" data-widget_type=\"text-editor.default\">\n\t\t\t\t<div class=\"elementor-widget-container\">\n\t\t\t\t\t\t\t\t\t<p><strong>Con 1.909 miembros en 27 pa\u00edses europeos, Climate Alliance es la mayor red europea de ciudades dedicada a la acci\u00f3n clim\u00e1tica integral y equitativa. La asociaci\u00f3n apoya a sus miembros a trav\u00e9s de la Secretar\u00eda Europea y de seis Oficinas Nacionales de Coordinaci\u00f3n.<\/strong><\/p><p><strong>Los miembros de la Alianza del Clima son l\u00edderes en la lucha contra la crisis clim\u00e1tica. Durante m\u00e1s de 30 a\u00f1os, los municipios miembros han trabajado en colaboraci\u00f3n con los pueblos ind\u00edgenas para proteger el clima mundial. Cada miembro se compromete a reducir continuamente las emisiones de gases de efecto invernadero y a promover la justicia clim\u00e1tica. Los miembros impulsan la acci\u00f3n clim\u00e1tica a nivel local, con el apoyo de las orientaciones, herramientas y campa\u00f1as de la red, y a trav\u00e9s de proyectos entre ellos y con la Secretar\u00eda. Los grupos de trabajo paneuropeos sobre edificios, financiaci\u00f3n y adaptaci\u00f3n, as\u00ed como numerosos eventos, como la Conferencia Internacional anual de la Alianza por el Clima, crean espacios de inspiraci\u00f3n y di\u00e1logo.<\/strong><\/p><div style=\"text-align: justify;\">\u00a0<\/div>\t\t\t\t\t\t\t\t<\/div>\n\t\t\t\t<\/div>\n\t\t\t\t<div class=\"elementor-element elementor-element-d0961d2 elementor-widget elementor-widget-text-editor\" data-id=\"d0961d2\" data-element_type=\"widget\" data-e-type=\"widget\" data-widget_type=\"text-editor.default\">\n\t\t\t\t<div class=\"elementor-widget-container\">\n\t\t\t\t\t\t\t\t\t<blockquote><p><span style=\"color: #000000;\">\"La Alianza por el Clima lleva m\u00e1s de 30 a\u00f1os aplicando un enfoque integral de la acci\u00f3n clim\u00e1tica. Como red, emparejamos la acci\u00f3n clim\u00e1tica local con la justicia clim\u00e1tica global utilizando nuestros cinco principios como br\u00fajula para las actividades clim\u00e1ticas que son justas, basadas en la naturaleza, locales, que ahorran recursos y diversas. El nivel local es crucial a la hora de frenar la crisis clim\u00e1tica mundial. Como nivel de gobierno m\u00e1s cercano a la gente, las ciudades y los pueblos pueden utilizar su influencia para iniciar cambios sobre el terreno. Por ello, nuestra red pretende empoderar a los municipios, sensibilizarlos sobre su papel y apoyarlos en su trabajo diario. Al mismo tiempo, sabemos que nuestro comportamiento en Europa repercute en los medios de vida de las personas de todo el mundo. Por eso nuestra red lleva m\u00e1s de tres d\u00e9cadas trabajando junto a nuestros socios ind\u00edgenas de la cuenca del Amazonas, apoy\u00e1ndolos en la lucha por sus derechos y sus territorios. A trav\u00e9s de la lente de la justicia clim\u00e1tica, podemos luchar contra el calentamiento global y trabajar por una vida mejor para todos\".<\/span><\/p><\/blockquote>\t\t\t\t\t\t\t\t<\/div>\n\t\t\t\t<\/div>\n\t\t\t\t<div class=\"elementor-element elementor-element-7e33101 elementor-widget elementor-widget-text-editor\" data-id=\"7e33101\" data-element_type=\"widget\" data-e-type=\"widget\" data-widget_type=\"text-editor.default\">\n\t\t\t\t<div class=\"elementor-widget-container\">\n\t\t\t\t\t\t\t\t\t<p><strong>ANDREAS WOLTER, PRESIDENTE DE CLIMATE ALLIANCE Y ALCALDE DE LA CIUDAD DE COLONIA, ALEMANIA<\/strong><\/p><p><strong>\u00a0<\/strong><\/p>\t\t\t\t\t\t\t\t<\/div>\n\t\t\t\t<\/div>\n\t\t\t\t<div class=\"elementor-element elementor-element-bff8189 elementor-widget elementor-widget-text-editor\" data-id=\"bff8189\" data-element_type=\"widget\" data-e-type=\"widget\" data-widget_type=\"text-editor.default\">\n\t\t\t\t<div class=\"elementor-widget-container\">\n\t\t\t\t\t\t\t\t\t<h4><span style=\"color: #000000;\"><strong>OBJETIVOS PRINCIPALES<\/strong><\/span><\/h4><div><span style=\"color: #000000;\"><strong>\u00a0<\/strong><\/span><\/div><p>Cada municipio de la Alianza ha aprobado una resoluci\u00f3n local de adhesi\u00f3n que recoge los objetivos de la asociaci\u00f3n. Estos son:<\/p><p>- Esforzarse por lograr una reducci\u00f3n de 95% en las emisiones de gases de efecto invernadero para 2050 en comparaci\u00f3n con los niveles de 1990, de acuerdo con las recomendaciones del IPCC.<\/p><p>- Poner en marcha una acci\u00f3n clim\u00e1tica eficaz y global de acuerdo con los principios de la Alianza del Clima: la acci\u00f3n debe ser justa, basada en la naturaleza, local, con ahorro de recursos y diversa.<\/p><p>- Promover la justicia clim\u00e1tica junto con los pueblos ind\u00edgenas apoyando sus derechos, protegiendo la biodiversidad y absteni\u00e9ndose de utilizar madera gestionada de forma insostenible.<\/p><p>Aunque es bueno tener objetivos, el camino que se toma para alcanzarlos es al menos igual de importante. La Alianza del Clima da importancia a la forma en que se lleva a cabo la acci\u00f3n clim\u00e1tica. La Carta de los Miembros de la Alianza del Clima, adoptada en 2021, identifica los campos de acci\u00f3n pertinentes y muestra c\u00f3mo puede lograrse una acci\u00f3n clim\u00e1tica equitativa y completa a nivel local, por ejemplo, mejorando la eficiencia energ\u00e9tica y abordando la pobreza energ\u00e9tica.<\/p><p>\u00a0<\/p>\t\t\t\t\t\t\t\t<\/div>\n\t\t\t\t<\/div>\n\t\t\t\t<div class=\"elementor-element elementor-element-36ba03f elementor-widget elementor-widget-text-editor\" data-id=\"36ba03f\" data-element_type=\"widget\" data-e-type=\"widget\" data-widget_type=\"text-editor.default\">\n\t\t\t\t<div class=\"elementor-widget-container\">\n\t\t\t\t\t\t\t\t\t<h4><span style=\"color: #000000;\"><strong>PROYECTOS CLAVE<\/strong><\/span><\/h4><p>\u00a0<\/p><p>La Alianza del Clima participa en una amplia gama de actividades con y para sus miembros.<\/p><p>Trabajo del proyecto. Las actividades se centran en los edificios, la pobreza energ\u00e9tica, las soluciones basadas en la naturaleza, la justicia clim\u00e1tica, el precio del CO2 y las comunidades energ\u00e9ticas. En los proyectos participan organizaciones y municipios de toda Europa y fuera de ella.\u00a0<\/p><p>Campa\u00f1as. La Alianza por el Clima ofrece campa\u00f1as ya preparadas para uso municipal. Cada a\u00f1o, City Cycling invita a los ciudadanos y a sus ayuntamientos a pedalear por el clima, mientras que Green Footprints motiva a los ni\u00f1os a tomar decisiones sostenibles. M\u00e1s recientemente, la Caravana de la Energ\u00eda ayuda a las ciudades y pueblos a impulsar una profunda renovaci\u00f3n.<\/p><p>Esfuerzos de promoci\u00f3n. La Alianza del Clima expresa las necesidades municipales a nivel nacional y europeo, trabajando para mejorar las condiciones de las ciudades y pueblos en el \u00e1mbito de la acci\u00f3n clim\u00e1tica. Impulsora del Pacto de los Alcaldes, la Alianza por el Clima ha contribuido a configurar la forma en que la UE aborda y apoya la acci\u00f3n clim\u00e1tica municipal.\u00a0<\/p><p>Herramientas. La Alianza por el Clima proporciona herramientas que ayudan a las ciudades y pueblos a aplicar sus estrategias clim\u00e1ticas. Entre las herramientas se encuentran el Planificador de Protecci\u00f3n del Clima para los inventarios de emisiones, la Br\u00fajula del Clima para trazar un mapa de la acci\u00f3n clim\u00e1tica local y RADar! para mejorar las redes locales de ciclismo.<\/p><p>El \u00e1mbito de la acci\u00f3n clim\u00e1tica est\u00e1 plagado de objetivos y metas a todos los niveles, pero la acci\u00f3n concreta debe tener lugar a nivel local si queremos alcanzar las aspiraciones de los responsables pol\u00edticos de la UE. Los municipios tienen la clave para aplicar el cambio sobre el terreno.\u00a0<\/p><p>Al igual que el calentamiento global no es un reto aislado, nuestras acciones para frenarlo no existen en el vac\u00edo. Es fundamental recordar el panorama general, que est\u00e1 conformado por las interdependencias globales.\u00a0<\/p><p>En este sentido, la Alianza por el Clima combina la acci\u00f3n local con la responsabilidad global, trabajando por una transici\u00f3n verdaderamente justa y sostenible.<\/p>\t\t\t\t\t\t\t\t<\/div>\n\t\t\t\t<\/div>\n\t\t\t\t<div class=\"elementor-element elementor-element-1658ca3 elementor-widget elementor-widget-text-editor\" data-id=\"1658ca3\" data-element_type=\"widget\" data-e-type=\"widget\" data-widget_type=\"text-editor.default\">\n\t\t\t\t<div class=\"elementor-widget-container\">\n\t\t\t\t\t\t\t\t\t<h4 style=\"text-align: left;\"><strong><span style=\"color: #000000;\">INFORMACI\u00d3N DE CONTACTO<\/span><\/strong><\/h4>\t\t\t\t\t\t\t\t<\/div>\n\t\t\t\t<\/div>\n\t\t\t\t<section class=\"elementor-section elementor-inner-section elementor-element elementor-element-ffc5557 elementor-section-boxed elementor-section-height-default elementor-section-height-default\" data-id=\"ffc5557\" data-element_type=\"section\" data-e-type=\"section\">\n\t\t\t\t\t\t<div class=\"elementor-container elementor-column-gap-default\">\n\t\t\t\t\t<div class=\"elementor-column elementor-col-33 elementor-inner-column elementor-element elementor-element-9510aea\" data-id=\"9510aea\" data-element_type=\"column\" data-e-type=\"column\">\n\t\t\t<div class=\"elementor-widget-wrap elementor-element-populated\">\n\t\t\t\t\t\t<div class=\"elementor-element elementor-element-99e7324 elementor-align-center elementor-widget elementor-widget-button\" data-id=\"99e7324\" data-element_type=\"widget\" data-e-type=\"widget\" data-widget_type=\"button.default\">\n\t\t\t\t<div class=\"elementor-widget-container\">\n\t\t\t\t\t\t\t\t\t<div class=\"elementor-button-wrapper\">\n\t\t\t\t\t<a class=\"elementor-button elementor-button-link elementor-size-sm\" href=\"http:\/\/www.climatealliance.org\" target=\"_blank\">\n\t\t\t\t\t\t<span class=\"elementor-button-content-wrapper\">\n\t\t\t\t\t\t\t\t\t<span class=\"elementor-button-text\">P\u00e1gina web de la Alianza por el Clima<\/span>\n\t\t\t\t\t<\/span>\n\t\t\t\t\t<\/a>\n\t\t\t\t<\/div>\n\t\t\t\t\t\t\t\t<\/div>\n\t\t\t\t<\/div>\n\t\t\t\t\t<\/div>\n\t\t<\/div>\n\t\t\t\t<div class=\"elementor-column elementor-col-33 elementor-inner-column elementor-element elementor-element-21ed1aa\" data-id=\"21ed1aa\" data-element_type=\"column\" data-e-type=\"column\">\n\t\t\t<div class=\"elementor-widget-wrap elementor-element-populated\">\n\t\t\t\t\t\t<div class=\"elementor-element elementor-element-3c38053 elementor-align-center elementor-widget elementor-widget-button\" data-id=\"3c38053\" data-element_type=\"widget\" data-e-type=\"widget\" data-widget_type=\"button.default\">\n\t\t\t\t<div class=\"elementor-widget-container\">\n\t\t\t\t\t\t\t\t\t<div class=\"elementor-button-wrapper\">\n\t\t\t\t\t<a class=\"elementor-button elementor-size-sm\" role=\"button\">\n\t\t\t\t\t\t<span class=\"elementor-button-content-wrapper\">\n\t\t\t\t\t\t<span class=\"elementor-button-icon\">\n\t\t\t\t<i aria-hidden=\"true\" class=\"far fa-user\"><\/i>\t\t\t<\/span>\n\t\t\t\t\t\t\t\t\t<span class=\"elementor-button-text\">SR. THOMAS BROSE <br> Direcci\u00f3n ejecutiva<\/span>\n\t\t\t\t\t<\/span>\n\t\t\t\t\t<\/a>\n\t\t\t\t<\/div>\n\t\t\t\t\t\t\t\t<\/div>\n\t\t\t\t<\/div>\n\t\t\t\t\t<\/div>\n\t\t<\/div>\n\t\t\t\t<div class=\"elementor-column elementor-col-33 elementor-inner-column elementor-element elementor-element-b51327b\" data-id=\"b51327b\" data-element_type=\"column\" data-e-type=\"column\">\n\t\t\t<div class=\"elementor-widget-wrap elementor-element-populated\">\n\t\t\t\t\t\t<div class=\"elementor-element elementor-element-c67cb74 elementor-widget elementor-widget-text-editor\" data-id=\"c67cb74\" data-element_type=\"widget\" data-e-type=\"widget\" data-widget_type=\"text-editor.default\">\n\t\t\t\t<div class=\"elementor-widget-container\">\n\t\t\t\t\t\t\t\t\t<p style=\"text-align: center;\">Secretar\u00eda Europea<br>Oficina de Frankfurt<br>Galvanistrasse 28<br>60486 Frankfurt (DE)<\/p>\t\t\t\t\t\t\t\t<\/div>\n\t\t\t\t<\/div>\n\t\t\t\t<div class=\"elementor-element elementor-element-f61d62a elementor-align-center elementor-widget elementor-widget-button\" data-id=\"f61d62a\" data-element_type=\"widget\" data-e-type=\"widget\" data-widget_type=\"button.default\">\n\t\t\t\t<div class=\"elementor-widget-container\">\n\t\t\t\t\t\t\t\t\t<div class=\"elementor-button-wrapper\">\n\t\t\t\t\t<a class=\"elementor-button elementor-button-link elementor-size-sm\" href=\"mailto:europe@climatealliance.org\" target=\"_blank\">\n\t\t\t\t\t\t<span class=\"elementor-button-content-wrapper\">\n\t\t\t\t\t\t\t\t\t<span class=\"elementor-button-text\">Contacte con<\/span>\n\t\t\t\t\t<\/span>\n\t\t\t\t\t<\/a>\n\t\t\t\t<\/div>\n\t\t\t\t\t\t\t\t<\/div>\n\t\t\t\t<\/div>\n\t\t\t\t<div class=\"elementor-element elementor-element-37b7b7d elementor-widget elementor-widget-spacer\" data-id=\"37b7b7d\" data-element_type=\"widget\" data-e-type=\"widget\" data-widget_type=\"spacer.default\">\n\t\t\t\t<div class=\"elementor-widget-container\">\n\t\t\t\t\t\t\t<div class=\"elementor-spacer\">\n\t\t\t<div class=\"elementor-spacer-inner\"><\/div>\n\t\t<\/div>\n\t\t\t\t\t\t<\/div>\n\t\t\t\t<\/div>\n\t\t\t\t<div class=\"elementor-element elementor-element-3e915a7 elementor-widget elementor-widget-text-editor\" data-id=\"3e915a7\" data-element_type=\"widget\" data-e-type=\"widget\" data-widget_type=\"text-editor.default\">\n\t\t\t\t<div class=\"elementor-widget-container\">\n\t\t\t\t\t\t\t\t\t<p style=\"text-align: center;\">Oficina de Bruselas<br \/>Mundo-Madou<br \/>Avenida de las Artes 7\/8<br \/>1210 Bruselas (BE)<\/p>\t\t\t\t\t\t\t\t<\/div>\n\t\t\t\t<\/div>\n\t\t\t\t<div class=\"elementor-element elementor-element-4102a1c elementor-align-center elementor-widget elementor-widget-button\" data-id=\"4102a1c\" data-element_type=\"widget\" data-e-type=\"widget\" data-widget_type=\"button.default\">\n\t\t\t\t<div class=\"elementor-widget-container\">\n\t\t\t\t\t\t\t\t\t<div class=\"elementor-button-wrapper\">\n\t\t\t\t\t<a class=\"elementor-button elementor-button-link elementor-size-sm\" href=\"mailto:brussels@climatealliance.org\" target=\"_blank\">\n\t\t\t\t\t\t<span class=\"elementor-button-content-wrapper\">\n\t\t\t\t\t\t\t\t\t<span class=\"elementor-button-text\">Contacte con<\/span>\n\t\t\t\t\t<\/span>\n\t\t\t\t\t<\/a>\n\t\t\t\t<\/div>\n\t\t\t\t\t\t\t\t<\/div>\n\t\t\t\t<\/div>\n\t\t\t\t\t<\/div>\n\t\t<\/div>\n\t\t\t\t\t<\/div>\n\t\t<\/section>\n\t\t\t\t\t<\/div>\n\t\t<\/div>\n\t\t\t\t\t<\/div>\n\t\t<\/section>\n\t\t\t\t<\/div>","protected":false},"excerpt":{"rendered":"<p>Con 1.909 miembros en 27 pa\u00edses europeos, Climate Alliance es la mayor red europea de ciudades dedicada a la acci\u00f3n clim\u00e1tica integral y equitativa. La asociaci\u00f3n apoya a sus miembros a trav\u00e9s de la Secretar\u00eda Europea y seis Oficinas Nacionales de Coordinaci\u00f3n. Los miembros de Climate Alliance son l\u00edderes en la lucha contra la crisis clim\u00e1tica. Durante m\u00e1s de 30 a\u00f1os, los municipios miembros han trabajado en ... <\/p>","protected":false},"author":1,"featured_media":0,"parent":0,"menu_order":0,"comment_status":"closed","ping_status":"closed","template":"","meta":{"_monsterinsights_skip_tracking":false,"_monsterinsights_sitenote_active":false,"_monsterinsights_sitenote_note":"","_monsterinsights_sitenote_category":0,"footnotes":""},"class_list":["post-17713","page","type-page","status-publish","hentry"],"yoast_head":"<!-- This site is optimized with the Yoast SEO plugin v27.5 - https:\/\/yoast.com\/product\/yoast-seo-wordpress\/ -->\n<title>Climate Alliance - Global Cities Hub<\/title>\n<meta name=\"robots\" content=\"index, follow, max-snippet:-1, max-image-preview:large, max-video-preview:-1\" \/>\n<link rel=\"canonical\" href=\"https:\/\/globalcitieshub.org\/es\/climate-alliance\/\" \/>\n<meta property=\"og:locale\" content=\"es_ES\" \/>\n<meta property=\"og:type\" content=\"article\" \/>\n<meta property=\"og:title\" content=\"Climate Alliance - Global Cities Hub\" \/>\n<meta property=\"og:description\" content=\"With 1,909 members in 27 European countries, Climate Alliance is Europe\u2019s largest city network dedicated to comprehensive and equitable climate action. The association supports its members through the European Secretariat and six National Coordination Offices. Climate Alliance members are leaders in fighting the climate crisis. For over 30 years, member municipalities have been working in &hellip;\" \/>\n<meta property=\"og:url\" content=\"https:\/\/globalcitieshub.org\/es\/climate-alliance\/\" \/>\n<meta property=\"og:site_name\" content=\"Global Cities Hub\" \/>\n<meta property=\"article:modified_time\" content=\"2026-02-16T15:50:58+00:00\" \/>\n<meta name=\"twitter:card\" content=\"summary_large_image\" \/>\n<meta name=\"twitter:site\" content=\"@genevacitieshub\" \/>\n<meta name=\"twitter:label1\" content=\"Tiempo de lectura\" \/>\n\t<meta name=\"twitter:data1\" content=\"3 minutos\" \/>\n<script type=\"application\/ld+json\" class=\"yoast-schema-graph\">{\"@context\":\"https:\\\/\\\/schema.org\",\"@graph\":[{\"@type\":\"WebPage\",\"@id\":\"https:\\\/\\\/globalcitieshub.org\\\/es\\\/climate-alliance\\\/\",\"url\":\"https:\\\/\\\/globalcitieshub.org\\\/es\\\/climate-alliance\\\/\",\"name\":\"Climate Alliance - Global Cities Hub\",\"isPartOf\":{\"@id\":\"https:\\\/\\\/globalcitieshub.org\\\/es\\\/#website\"},\"datePublished\":\"2022-09-29T12:48:11+00:00\",\"dateModified\":\"2026-02-16T15:50:58+00:00\",\"inLanguage\":\"es\",\"potentialAction\":[{\"@type\":\"ReadAction\",\"target\":[\"https:\\\/\\\/globalcitieshub.org\\\/es\\\/climate-alliance\\\/\"]}]},{\"@type\":\"WebSite\",\"@id\":\"https:\\\/\\\/globalcitieshub.org\\\/es\\\/#website\",\"url\":\"https:\\\/\\\/globalcitieshub.org\\\/es\\\/\",\"name\":\"Global Cities Hub\",\"description\":\"Connecting local and regional governments to the United Nations and other  international organizations\",\"publisher\":{\"@id\":\"https:\\\/\\\/globalcitieshub.org\\\/es\\\/#organization\"},\"potentialAction\":[{\"@type\":\"SearchAction\",\"target\":{\"@type\":\"EntryPoint\",\"urlTemplate\":\"https:\\\/\\\/globalcitieshub.org\\\/es\\\/?s={search_term_string}\"},\"query-input\":{\"@type\":\"PropertyValueSpecification\",\"valueRequired\":true,\"valueName\":\"search_term_string\"}}],\"inLanguage\":\"es\"},{\"@type\":\"Organization\",\"@id\":\"https:\\\/\\\/globalcitieshub.org\\\/es\\\/#organization\",\"name\":\"Global Cities Hub\",\"url\":\"https:\\\/\\\/globalcitieshub.org\\\/es\\\/\",\"logo\":{\"@type\":\"ImageObject\",\"inLanguage\":\"es\",\"@id\":\"https:\\\/\\\/globalcitieshub.org\\\/es\\\/#\\\/schema\\\/logo\\\/image\\\/\",\"url\":\"https:\\\/\\\/globalcitieshub.org\\\/wp-content\\\/uploads\\\/2023\\\/09\\\/230829_Logo_Global_Cities_Hub_Couleur_fond-blanc_RVB.png\",\"contentUrl\":\"https:\\\/\\\/globalcitieshub.org\\\/wp-content\\\/uploads\\\/2023\\\/09\\\/230829_Logo_Global_Cities_Hub_Couleur_fond-blanc_RVB.png\",\"width\":2544,\"height\":1446,\"caption\":\"Global Cities Hub\"},\"image\":{\"@id\":\"https:\\\/\\\/globalcitieshub.org\\\/es\\\/#\\\/schema\\\/logo\\\/image\\\/\"},\"sameAs\":[\"https:\\\/\\\/x.com\\\/genevacitieshub\"]}]}<\/script>\n<!-- \/ Yoast SEO plugin. -->","yoast_head_json":{"title":"Alianza por el Clima - Global Cities Hub","robots":{"index":"index","follow":"follow","max-snippet":"max-snippet:-1","max-image-preview":"max-image-preview:large","max-video-preview":"max-video-preview:-1"},"canonical":"https:\/\/globalcitieshub.org\/es\/climate-alliance\/","og_locale":"es_ES","og_type":"article","og_title":"Climate Alliance - Global Cities Hub","og_description":"With 1,909 members in 27 European countries, Climate Alliance is Europe\u2019s largest city network dedicated to comprehensive and equitable climate action. The association supports its members through the European Secretariat and six National Coordination Offices. Climate Alliance members are leaders in fighting the climate crisis. For over 30 years, member municipalities have been working in &hellip;","og_url":"https:\/\/globalcitieshub.org\/es\/climate-alliance\/","og_site_name":"Global Cities Hub","article_modified_time":"2026-02-16T15:50:58+00:00","twitter_card":"summary_large_image","twitter_site":"@genevacitieshub","twitter_misc":{"Tiempo de lectura":"3 minutos"},"schema":{"@context":"https:\/\/schema.org","@graph":[{"@type":"WebPage","@id":"https:\/\/globalcitieshub.org\/es\/climate-alliance\/","url":"https:\/\/globalcitieshub.org\/es\/climate-alliance\/","name":"Alianza por el Clima - Global Cities Hub","isPartOf":{"@id":"https:\/\/globalcitieshub.org\/es\/#website"},"datePublished":"2022-09-29T12:48:11+00:00","dateModified":"2026-02-16T15:50:58+00:00","inLanguage":"es","potentialAction":[{"@type":"ReadAction","target":["https:\/\/globalcitieshub.org\/es\/climate-alliance\/"]}]},{"@type":"WebSite","@id":"https:\/\/globalcitieshub.org\/es\/#website","url":"https:\/\/globalcitieshub.org\/es\/","name":"Global Cities Hub","description":"Conectar a los gobiernos locales y regionales con las Naciones Unidas y otras organizaciones internacionales.","publisher":{"@id":"https:\/\/globalcitieshub.org\/es\/#organization"},"potentialAction":[{"@type":"SearchAction","target":{"@type":"EntryPoint","urlTemplate":"https:\/\/globalcitieshub.org\/es\/?s={search_term_string}"},"query-input":{"@type":"PropertyValueSpecification","valueRequired":true,"valueName":"search_term_string"}}],"inLanguage":"es"},{"@type":"Organization","@id":"https:\/\/globalcitieshub.org\/es\/#organization","name":"Global Cities Hub","url":"https:\/\/globalcitieshub.org\/es\/","logo":{"@type":"ImageObject","inLanguage":"es","@id":"https:\/\/globalcitieshub.org\/es\/#\/schema\/logo\/image\/","url":"https:\/\/globalcitieshub.org\/wp-content\/uploads\/2023\/09\/230829_Logo_Global_Cities_Hub_Couleur_fond-blanc_RVB.png","contentUrl":"https:\/\/globalcitieshub.org\/wp-content\/uploads\/2023\/09\/230829_Logo_Global_Cities_Hub_Couleur_fond-blanc_RVB.png","width":2544,"height":1446,"caption":"Global Cities Hub"},"image":{"@id":"https:\/\/globalcitieshub.org\/es\/#\/schema\/logo\/image\/"},"sameAs":["https:\/\/x.com\/genevacitieshub"]}]}},"_links":{"self":[{"href":"https:\/\/globalcitieshub.org\/es\/wp-json\/wp\/v2\/pages\/17713","targetHints":{"allow":["GET"]}}],"collection":[{"href":"https:\/\/globalcitieshub.org\/es\/wp-json\/wp\/v2\/pages"}],"about":[{"href":"https:\/\/globalcitieshub.org\/es\/wp-json\/wp\/v2\/types\/page"}],"author":[{"embeddable":true,"href":"https:\/\/globalcitieshub.org\/es\/wp-json\/wp\/v2\/users\/1"}],"replies":[{"embeddable":true,"href":"https:\/\/globalcitieshub.org\/es\/wp-json\/wp\/v2\/comments?post=17713"}],"version-history":[{"count":38,"href":"https:\/\/globalcitieshub.org\/es\/wp-json\/wp\/v2\/pages\/17713\/revisions"}],"predecessor-version":[{"id":27123,"href":"https:\/\/globalcitieshub.org\/es\/wp-json\/wp\/v2\/pages\/17713\/revisions\/27123"}],"wp:attachment":[{"href":"https:\/\/globalcitieshub.org\/es\/wp-json\/wp\/v2\/media?parent=17713"}],"curies":[{"name":"wp","href":"https:\/\/api.w.org\/{rel}","templated":true}]}}