{"id":10661,"date":"2021-03-19T08:39:10","date_gmt":"2021-03-19T08:39:10","guid":{"rendered":"https:\/\/gch.dev-bulbera.com\/?page_id=10661"},"modified":"2026-01-08T15:34:54","modified_gmt":"2026-01-08T14:34:54","slug":"the-boar","status":"publish","type":"page","link":"https:\/\/globalcitieshub.org\/es\/the-board\/","title":{"rendered":"La Junta"},"content":{"rendered":"<div data-elementor-type=\"wp-page\" data-elementor-id=\"10661\" class=\"elementor elementor-10661\">\n\t\t\t\t\t\t<section class=\"elementor-section elementor-top-section elementor-element elementor-element-e5a9c65 elementor-section-boxed elementor-section-height-default elementor-section-height-default\" data-id=\"e5a9c65\" data-element_type=\"section\" data-e-type=\"section\">\n\t\t\t\t\t\t<div class=\"elementor-container elementor-column-gap-default\">\n\t\t\t\t\t<div class=\"elementor-column elementor-col-100 elementor-top-column elementor-element elementor-element-1ecad19\" data-id=\"1ecad19\" data-element_type=\"column\" data-e-type=\"column\">\n\t\t\t<div class=\"elementor-widget-wrap elementor-element-populated\">\n\t\t\t\t\t\t<section class=\"elementor-section elementor-inner-section elementor-element elementor-element-53741ec elementor-section-boxed elementor-section-height-default elementor-section-height-default\" data-id=\"53741ec\" data-element_type=\"section\" data-e-type=\"section\">\n\t\t\t\t\t\t<div class=\"elementor-container elementor-column-gap-default\">\n\t\t\t\t\t<div class=\"elementor-column elementor-col-50 elementor-inner-column elementor-element elementor-element-e67205d\" data-id=\"e67205d\" data-element_type=\"column\" data-e-type=\"column\">\n\t\t\t<div class=\"elementor-widget-wrap elementor-element-populated\">\n\t\t\t\t\t\t<div class=\"elementor-element elementor-element-afab506 elementor-widget elementor-widget-image\" data-id=\"afab506\" data-element_type=\"widget\" data-e-type=\"widget\" data-widget_type=\"image.default\">\n\t\t\t\t<div class=\"elementor-widget-container\">\n\t\t\t\t\t\t\t\t\t\t\t\t\t\t\t<img decoding=\"async\" src=\"https:\/\/globalcitieshub.org\/wp-content\/uploads\/elementor\/thumbs\/christina_kitsos_Mairie_003_medaillon-scaled-qap83ykllhldu2qpzhbx6n7pqshs93vii7y3ib2bio.jpg\" title=\"christina_kitsos_Mairie_003_medaillon\" alt=\"Ginebra, mayo de 2024. Foto oficial de Christina Kitsos, Consejera administrativa de la Ciudad de Ginebra y Alcaldesa de la Ciudad de Ginebra del 1 de junio de 2024 al 30 de mayo de 2025.  \u00a9 Magali Girardin\" loading=\"lazy\" \/>\t\t\t\t\t\t\t\t\t\t\t\t\t\t\t<\/div>\n\t\t\t\t<\/div>\n\t\t\t\t<div class=\"elementor-element elementor-element-a2d18ac elementor-widget elementor-widget-section_titleleft\" data-id=\"a2d18ac\" data-element_type=\"widget\" data-e-type=\"widget\" data-widget_type=\"section_titleleft.default\">\n\t\t\t\t<div class=\"elementor-widget-container\">\n\t\t\t\t\t        <div class=\"ab_text-title fl-wrap\">\r\n            <h3>CHRISTINA KITSOS<\/h3><h4>Presidente de la Asamblea General<\/h4><span class=\"section-separator fl-sec-sep\"><\/span>        <\/div>\r\n        \t\t\t\t<\/div>\n\t\t\t\t<\/div>\n\t\t\t\t<div class=\"elementor-element elementor-element-147da78 about-wrap elementor-widget elementor-widget-text-editor\" data-id=\"147da78\" data-element_type=\"widget\" data-e-type=\"widget\" data-widget_type=\"text-editor.default\">\n\t\t\t\t<div class=\"elementor-widget-container\">\n\t\t\t\t\t\t\t\t\t<p><span lang=\"EN-US\">Christina Kitsos es Teniente de Alcalde y miembro del Consejo Ejecutivo de Ginebra (Consejo de Administraci\u00f3n). Desde su elecci\u00f3n, es responsable del Departamento de Cohesi\u00f3n Social y Solidaridad. El 1 de junio de 2024 se convirti\u00f3 en Alcaldesa de la ciudad de Ginebra. El 13 de abril de 2025 es reelegida miembro del Consejo Ejecutivo de Ginebra.<\/span><\/p><p><span lang=\"EN-US\">Comenz\u00f3 su participaci\u00f3n pol\u00edtica como miembro del Parlamento de los J\u00f3venes. <\/span><span lang=\"EN-US\">Sus convicciones a favor de la igualdad, la justicia social y clim\u00e1tica; y por una sociedad abierta y solidaria, la llevaron a afiliarse al Partido Socialista hace 20 a\u00f1os. Fue diputada al Parlamento de Neuch\u00e2tel de 2005 a 2008 y al Parlamento de la Ciudad de Ginebra de 2015 a 2020.<\/span><\/p>\t\t\t\t\t\t\t\t<\/div>\n\t\t\t\t<\/div>\n\t\t\t\t\t<\/div>\n\t\t<\/div>\n\t\t\t\t<div class=\"elementor-column elementor-col-50 elementor-inner-column elementor-element elementor-element-39f7282\" data-id=\"39f7282\" data-element_type=\"column\" data-e-type=\"column\">\n\t\t\t<div class=\"elementor-widget-wrap elementor-element-populated\">\n\t\t\t\t\t\t<div class=\"elementor-element elementor-element-56216f3 elementor-widget elementor-widget-image\" data-id=\"56216f3\" data-element_type=\"widget\" data-e-type=\"widget\" data-widget_type=\"image.default\">\n\t\t\t\t<div class=\"elementor-widget-container\">\n\t\t\t\t\t\t\t\t\t\t\t\t\t\t\t<img decoding=\"async\" src=\"https:\/\/globalcitieshub.org\/wp-content\/uploads\/elementor\/thumbs\/Beatrice-Ferrari-copyright-Le-Temps_alt_300x300-qap83ykllhldu2qpzhbx6n7pqshs93vii7y3ib2bio.jpg\" title=\"Beatrice Ferrari - copyright Le Temps_alt_300x300\" alt=\"Beatrice Ferrari - copyright Le Temps_alt_300x300\" loading=\"lazy\" \/>\t\t\t\t\t\t\t\t\t\t\t\t\t\t\t<\/div>\n\t\t\t\t<\/div>\n\t\t\t\t<div class=\"elementor-element elementor-element-4288922 elementor-widget elementor-widget-section_titleleft\" data-id=\"4288922\" data-element_type=\"widget\" data-e-type=\"widget\" data-widget_type=\"section_titleleft.default\">\n\t\t\t\t<div class=\"elementor-widget-container\">\n\t\t\t\t\t        <div class=\"ab_text-title fl-wrap\">\r\n            <h3>BEATRICE FERRARI<\/h3><h4>Presidente de la Junta Directiva y Vicepresidente de la Asamblea General<\/h4><span class=\"section-separator fl-sec-sep\"><\/span>        <\/div>\r\n        \t\t\t\t<\/div>\n\t\t\t\t<\/div>\n\t\t\t\t<div class=\"elementor-element elementor-element-a64a9f5 about-wrap elementor-widget elementor-widget-text-editor\" data-id=\"a64a9f5\" data-element_type=\"widget\" data-e-type=\"widget\" data-widget_type=\"text-editor.default\">\n\t\t\t\t<div class=\"elementor-widget-container\">\n\t\t\t\t\t\t\t\t\t<p><span lang=\"EN-US\">Beatrice Ferrari es Directora de Asuntos Internacionales del Cant\u00f3n de Ginebra. Es doctora en Ciencias por la Escuela Polit\u00e9cnica Federal de Lausana, donde se especializ\u00f3 en cuestiones de desarrollo urbano relacionadas con la innovaci\u00f3n y la globalizaci\u00f3n.\u00a0<\/span><\/p><p><span lang=\"EN-US\">Tiene una amplia experiencia en relaciones internacionales, adquirida en particular en el<\/span>\u00a0Secretar\u00eda de Estado de Formaci\u00f3n, Investigaci\u00f3n e Innovaci\u00f3n (SEFRI)\u00a0<span lang=\"EN-US\">donde fue jefa de relaciones bilaterales.<\/span><\/p>\t\t\t\t\t\t\t\t<\/div>\n\t\t\t\t<\/div>\n\t\t\t\t\t<\/div>\n\t\t<\/div>\n\t\t\t\t\t<\/div>\n\t\t<\/section>\n\t\t\t\t\t<\/div>\n\t\t<\/div>\n\t\t\t\t\t<\/div>\n\t\t<\/section>\n\t\t\t\t<section class=\"elementor-section elementor-top-section elementor-element elementor-element-31ebd1c elementor-section-boxed elementor-section-height-default elementor-section-height-default\" data-id=\"31ebd1c\" data-element_type=\"section\" data-e-type=\"section\">\n\t\t\t\t\t\t<div class=\"elementor-container elementor-column-gap-default\">\n\t\t\t\t\t<div class=\"elementor-column elementor-col-100 elementor-top-column elementor-element elementor-element-58bce50\" data-id=\"58bce50\" data-element_type=\"column\" data-e-type=\"column\">\n\t\t\t<div class=\"elementor-widget-wrap elementor-element-populated\">\n\t\t\t\t\t\t<section class=\"elementor-section elementor-inner-section elementor-element elementor-element-0b84284 elementor-section-boxed elementor-section-height-default elementor-section-height-default\" data-id=\"0b84284\" data-element_type=\"section\" data-e-type=\"section\">\n\t\t\t\t\t\t<div class=\"elementor-container elementor-column-gap-default\">\n\t\t\t\t\t<div class=\"elementor-column elementor-col-50 elementor-inner-column elementor-element elementor-element-6b74441\" data-id=\"6b74441\" data-element_type=\"column\" data-e-type=\"column\">\n\t\t\t<div class=\"elementor-widget-wrap elementor-element-populated\">\n\t\t\t\t\t\t<div class=\"elementor-element elementor-element-e548da2 elementor-widget elementor-widget-image\" data-id=\"e548da2\" data-element_type=\"widget\" data-e-type=\"widget\" data-widget_type=\"image.default\">\n\t\t\t\t<div class=\"elementor-widget-container\">\n\t\t\t\t\t\t\t\t\t\t\t\t\t\t\t<img decoding=\"async\" src=\"https:\/\/globalcitieshub.org\/wp-content\/uploads\/elementor\/thumbs\/Pascal-Rapillard_10k-300x300-1-qap83ykllhldu2qpzhbx6n7pqshs93vii7y3ib2bio.jpg\" title=\"Pascal Rapillard_10k-300\u00d7300\" alt=\"Pascal Rapillard_10k-300x300\" loading=\"lazy\" \/>\t\t\t\t\t\t\t\t\t\t\t\t\t\t\t<\/div>\n\t\t\t\t<\/div>\n\t\t\t\t<div class=\"elementor-element elementor-element-7687180 elementor-widget elementor-widget-section_titleleft\" data-id=\"7687180\" data-element_type=\"widget\" data-e-type=\"widget\" data-widget_type=\"section_titleleft.default\">\n\t\t\t\t<div class=\"elementor-widget-container\">\n\t\t\t\t\t        <div class=\"ab_text-title fl-wrap\">\r\n            <h3>PASCAL RAPILLARD<\/h3><h4>Miembro del Consejo de Administraci\u00f3n<\/h4><span class=\"section-separator fl-sec-sep\"><\/span>        <\/div>\r\n        \t\t\t\t<\/div>\n\t\t\t\t<\/div>\n\t\t\t\t<div class=\"elementor-element elementor-element-a41ef52 about-wrap elementor-widget elementor-widget-text-editor\" data-id=\"a41ef52\" data-element_type=\"widget\" data-e-type=\"widget\" data-widget_type=\"text-editor.default\">\n\t\t\t\t<div class=\"elementor-widget-container\">\n\t\t\t\t\t\t\t\t\t<p><span lang=\"EN-US\">Pascal Rapillard dirige la Oficina de Asuntos Exteriores y Comunicaci\u00f3n de la Ciudad de Ginebra.<\/span>\u00a0<\/p><p><span lang=\"EN-US\">Antes de incorporarse al Ayuntamiento de Ginebra, trabaj\u00f3 para el Centro Internacional de Desminado Humanitario de Ginebra como Jefe de la Divisi\u00f3n de Relaciones Exteriores, Gobernanza, Pol\u00edtica y Cooperaci\u00f3n.<\/span>\u00a0<\/p><p><span lang=\"EN-US\">Comenz\u00f3 su carrera en el Ministerio suizo de Asuntos Exteriores, en la Secci\u00f3n de Pol\u00edtica Humanitaria. Posee un M\u00e1ster en Relaciones Internacionales por el Instituto Universitario de Altos Estudios Internacionales de Ginebra y un M\u00e1ster en Derecho Internacional P\u00fablico por la Universidad Panth\u00e9on-Sorbonne.<\/span><\/p>\t\t\t\t\t\t\t\t<\/div>\n\t\t\t\t<\/div>\n\t\t\t\t\t<\/div>\n\t\t<\/div>\n\t\t\t\t<div class=\"elementor-column elementor-col-50 elementor-inner-column elementor-element elementor-element-fbdbdcc\" data-id=\"fbdbdcc\" data-element_type=\"column\" data-e-type=\"column\">\n\t\t\t<div class=\"elementor-widget-wrap elementor-element-populated\">\n\t\t\t\t\t\t<div class=\"elementor-element elementor-element-ea713e7 elementor-widget elementor-widget-image\" data-id=\"ea713e7\" data-element_type=\"widget\" data-e-type=\"widget\" data-widget_type=\"image.default\">\n\t\t\t\t<div class=\"elementor-widget-container\">\n\t\t\t\t\t\t\t\t\t\t\t\t\t\t\t<img decoding=\"async\" src=\"https:\/\/globalcitieshub.org\/wp-content\/uploads\/elementor\/thumbs\/Anne_photo-qap83ykllhldu2qpzhbx6n7pqshs93vii7y3ib2bio.jpg\" title=\"Anne_Rietmatten_photo\" alt=\"Anne_Rietmatten_photo\" loading=\"lazy\" \/>\t\t\t\t\t\t\t\t\t\t\t\t\t\t\t<\/div>\n\t\t\t\t<\/div>\n\t\t\t\t<div class=\"elementor-element elementor-element-4b8de06 elementor-widget elementor-widget-section_titleleft\" data-id=\"4b8de06\" data-element_type=\"widget\" data-e-type=\"widget\" data-widget_type=\"section_titleleft.default\">\n\t\t\t\t<div class=\"elementor-widget-container\">\n\t\t\t\t\t        <div class=\"ab_text-title fl-wrap\">\r\n            <h3>ANNE DE RIEDMATTEN<\/h3><h4>Miembro del Consejo de Administraci\u00f3n<\/h4><span class=\"section-separator fl-sec-sep\"><\/span>        <\/div>\r\n        \t\t\t\t<\/div>\n\t\t\t\t<\/div>\n\t\t\t\t<div class=\"elementor-element elementor-element-22d1278 about-wrap elementor-widget elementor-widget-text-editor\" data-id=\"22d1278\" data-element_type=\"widget\" data-e-type=\"widget\" data-widget_type=\"text-editor.default\">\n\t\t\t\t<div class=\"elementor-widget-container\">\n\t\t\t\t\t\t\t\t\t<p>Anne de Riedmatten empez\u00f3 su carrera en la sede de M\u00e9dicos Sin Fronteras Suiza. Tras cuatro a\u00f1os en la organizaci\u00f3n, se incorpor\u00f3 al Comit\u00e9 Internacional de la Cruz Roja (CICR). Su carrera sobre el terreno la llev\u00f3 a Myanmar, Sud\u00e1n, Sri Lanka y la Rep\u00fablica Centroafricana. A su regreso a Ginebra, se incorpor\u00f3 al Departamento Federal de Asuntos Exteriores (DFAE). Durante sus 13 a\u00f1os en el DFAE, se especializ\u00f3 en cuestiones multilaterales y diplomacia humanitaria.<\/p><p>Anne se incorpor\u00f3 al Cant\u00f3n de Ginebra en agosto de 2023, asumiendo el cargo de Jefa del Servicio de Solidaridad Internacional.<\/p>\t\t\t\t\t\t\t\t<\/div>\n\t\t\t\t<\/div>\n\t\t\t\t\t<\/div>\n\t\t<\/div>\n\t\t\t\t\t<\/div>\n\t\t<\/section>\n\t\t\t\t\t<\/div>\n\t\t<\/div>\n\t\t\t\t\t<\/div>\n\t\t<\/section>\n\t\t\t\t<section class=\"elementor-section elementor-top-section elementor-element elementor-element-8d4c634 elementor-section-boxed elementor-section-height-default elementor-section-height-default\" data-id=\"8d4c634\" data-element_type=\"section\" data-e-type=\"section\">\n\t\t\t\t\t\t<div class=\"elementor-container elementor-column-gap-default\">\n\t\t\t\t\t<div class=\"elementor-column elementor-col-100 elementor-top-column elementor-element elementor-element-1f0de9f\" data-id=\"1f0de9f\" data-element_type=\"column\" data-e-type=\"column\">\n\t\t\t<div class=\"elementor-widget-wrap elementor-element-populated\">\n\t\t\t\t\t\t<section class=\"elementor-section elementor-inner-section elementor-element elementor-element-15351f1 elementor-section-boxed elementor-section-height-default elementor-section-height-default\" data-id=\"15351f1\" data-element_type=\"section\" data-e-type=\"section\">\n\t\t\t\t\t\t<div class=\"elementor-container elementor-column-gap-default\">\n\t\t\t\t\t<div class=\"elementor-column elementor-col-50 elementor-inner-column elementor-element elementor-element-306cf21\" data-id=\"306cf21\" data-element_type=\"column\" data-e-type=\"column\">\n\t\t\t<div class=\"elementor-widget-wrap elementor-element-populated\">\n\t\t\t\t\t\t<div class=\"elementor-element elementor-element-00be604 elementor-widget elementor-widget-image\" data-id=\"00be604\" data-element_type=\"widget\" data-e-type=\"widget\" data-widget_type=\"image.default\">\n\t\t\t\t<div class=\"elementor-widget-container\">\n\t\t\t\t\t\t\t\t\t\t\t\t\t\t\t<img decoding=\"async\" src=\"https:\/\/globalcitieshub.org\/wp-content\/uploads\/elementor\/thumbs\/Photo_Zufferey-qap83ykllhldu2qpzhbx6n7pqshs93vii7y3ib2bio.png\" title=\"Foto_Zufferey\" alt=\"Foto_Zufferey\" loading=\"lazy\" \/>\t\t\t\t\t\t\t\t\t\t\t\t\t\t\t<\/div>\n\t\t\t\t<\/div>\n\t\t\t\t<div class=\"elementor-element elementor-element-c96d763 elementor-widget elementor-widget-section_titleleft\" data-id=\"c96d763\" data-element_type=\"widget\" data-e-type=\"widget\" data-widget_type=\"section_titleleft.default\">\n\t\t\t\t<div class=\"elementor-widget-container\">\n\t\t\t\t\t        <div class=\"ab_text-title fl-wrap\">\r\n            <h3>GUILLAUME ZUFFEREY<\/h3><h4>Miembro del Consejo de Administraci\u00f3n<\/h4><span class=\"section-separator fl-sec-sep\"><\/span>        <\/div>\r\n        \t\t\t\t<\/div>\n\t\t\t\t<\/div>\n\t\t\t\t<div class=\"elementor-element elementor-element-25f5d47 about-wrap elementor-widget elementor-widget-text-editor\" data-id=\"25f5d47\" data-element_type=\"widget\" data-e-type=\"widget\" data-widget_type=\"text-editor.default\">\n\t\t\t\t<div class=\"elementor-widget-container\">\n\t\t\t\t\t\t\t\t\t<p class=\"\"><span lang=\"EN-US\">Guillaume Zufferey es actualmente asesor personal de Christina Kitsos, miembro del Consejo Ejecutivo de la Ciudad de Ginebra (Consejo Administrativo). Antes de incorporarse al equipo de Christina Kitsos, trabaj\u00f3 como asesor personal de Liliane Maury Pasquier durante su mandato como Presidenta de la Asamblea Parlamentaria del Consejo de Europa. Anteriormente, trabaj\u00f3 para el Partido Socialista de Ginebra.<\/span><\/p><p class=\"\"><span lang=\"EN-US\">Tiene un m\u00e1ster en Comunicaci\u00f3n por la Universidad de Ginebra y una licenciatura en Ciencias Pol\u00edticas por la Universidad de Ginebra.<\/span><\/p>\t\t\t\t\t\t\t\t<\/div>\n\t\t\t\t<\/div>\n\t\t\t\t\t<\/div>\n\t\t<\/div>\n\t\t\t\t<div class=\"elementor-column elementor-col-50 elementor-inner-column elementor-element elementor-element-284d9d9\" data-id=\"284d9d9\" data-element_type=\"column\" data-e-type=\"column\">\n\t\t\t<div class=\"elementor-widget-wrap elementor-element-populated\">\n\t\t\t\t\t\t<div class=\"elementor-element elementor-element-7a44eab elementor-widget elementor-widget-image\" data-id=\"7a44eab\" data-element_type=\"widget\" data-e-type=\"widget\" data-widget_type=\"image.default\">\n\t\t\t\t<div class=\"elementor-widget-container\">\n\t\t\t\t\t\t\t\t\t\t\t\t\t\t\t<img decoding=\"async\" src=\"https:\/\/globalcitieshub.org\/wp-content\/uploads\/elementor\/thumbs\/STEZ0923_ChristinaWandeler_0238_web-qap83ykllhldu2qpzhbx6n7pqshs93vii7y3ib2bio.jpg\" title=\"MitarbeiterIn STEZ, Bild Rita Palanikumar\" alt=\"MitarbeiterIn STEZ, Bild Rita Palanikumar\" loading=\"lazy\" \/>\t\t\t\t\t\t\t\t\t\t\t\t\t\t\t<\/div>\n\t\t\t\t<\/div>\n\t\t\t\t<div class=\"elementor-element elementor-element-14cb3cd elementor-widget elementor-widget-section_titleleft\" data-id=\"14cb3cd\" data-element_type=\"widget\" data-e-type=\"widget\" data-widget_type=\"section_titleleft.default\">\n\t\t\t\t<div class=\"elementor-widget-container\">\n\t\t\t\t\t        <div class=\"ab_text-title fl-wrap\">\r\n            <h3>CHRISTINA WANDELER<\/h3><h4>Miembro del Consejo de Administraci\u00f3n<\/h4><span class=\"section-separator fl-sec-sep\"><\/span>        <\/div>\r\n        \t\t\t\t<\/div>\n\t\t\t\t<\/div>\n\t\t\t\t<div class=\"elementor-element elementor-element-057d2d4 about-wrap elementor-widget elementor-widget-text-editor\" data-id=\"057d2d4\" data-element_type=\"widget\" data-e-type=\"widget\" data-widget_type=\"text-editor.default\">\n\t\t\t\t<div class=\"elementor-widget-container\">\n\t\t\t\t\t\t\t\t\t<p>Christina Wandeler lleva unos 15 a\u00f1os trabajando en la Secci\u00f3n de Asuntos Exteriores del Ayuntamiento de Z\u00farich, que dirige desde abril de 2021. La Secci\u00f3n de Asuntos Exteriores forma parte de la Oficina de Desarrollo Urbano del Departamento de Alcald\u00eda de Z\u00farich. Anteriormente, trabaj\u00f3 varios a\u00f1os en la Administraci\u00f3n Federal suiza, primero en el Departamento Federal de Asuntos Exteriores y despu\u00e9s en la Secretar\u00eda de Estado de Investigaci\u00f3n y Educaci\u00f3n (cooperaci\u00f3n multilateral en materia de investigaci\u00f3n).\u00a0<\/p><p>Es licenciada en Historia, Sociolog\u00eda y Ciencias Pol\u00edticas por la Universidad Humboldt de Berl\u00edn y posee un M\u00e1ster Ejecutivo en Administraci\u00f3n P\u00fablica por la Universidad de Berna.<\/p>\t\t\t\t\t\t\t\t<\/div>\n\t\t\t\t<\/div>\n\t\t\t\t\t<\/div>\n\t\t<\/div>\n\t\t\t\t\t<\/div>\n\t\t<\/section>\n\t\t\t\t\t<\/div>\n\t\t<\/div>\n\t\t\t\t\t<\/div>\n\t\t<\/section>\n\t\t\t\t<section class=\"elementor-section elementor-top-section elementor-element elementor-element-414fce7 elementor-section-boxed elementor-section-height-default elementor-section-height-default\" data-id=\"414fce7\" data-element_type=\"section\" data-e-type=\"section\">\n\t\t\t\t\t\t<div class=\"elementor-container elementor-column-gap-default\">\n\t\t\t\t\t<div class=\"elementor-column elementor-col-100 elementor-top-column elementor-element elementor-element-33d303a\" data-id=\"33d303a\" data-element_type=\"column\" data-e-type=\"column\">\n\t\t\t<div class=\"elementor-widget-wrap elementor-element-populated\">\n\t\t\t\t\t\t<section class=\"elementor-section elementor-inner-section elementor-element elementor-element-641db42 elementor-section-boxed elementor-section-height-default elementor-section-height-default\" data-id=\"641db42\" data-element_type=\"section\" data-e-type=\"section\">\n\t\t\t\t\t\t<div class=\"elementor-container elementor-column-gap-default\">\n\t\t\t\t\t<div class=\"elementor-column elementor-col-50 elementor-inner-column elementor-element elementor-element-7d84800\" data-id=\"7d84800\" data-element_type=\"column\" data-e-type=\"column\">\n\t\t\t<div class=\"elementor-widget-wrap elementor-element-populated\">\n\t\t\t\t\t\t<div class=\"elementor-element elementor-element-0e0e103 elementor-widget elementor-widget-image\" data-id=\"0e0e103\" data-element_type=\"widget\" data-e-type=\"widget\" data-widget_type=\"image.default\">\n\t\t\t\t<div class=\"elementor-widget-container\">\n\t\t\t\t\t\t\t\t\t\t\t\t\t\t\t<img decoding=\"async\" src=\"https:\/\/globalcitieshub.org\/wp-content\/uploads\/elementor\/thumbs\/Andrea-Aeby-X_300x300-qap83ykllhldu2qpzhbx6n7pqshs93vii7y3ib2bio.jpg\" title=\"Andrea Aeby X_300x300\" alt=\"Andrea Aeby X_300x300\" loading=\"lazy\" \/>\t\t\t\t\t\t\t\t\t\t\t\t\t\t\t<\/div>\n\t\t\t\t<\/div>\n\t\t\t\t<div class=\"elementor-element elementor-element-fd0c3d1 elementor-widget elementor-widget-section_titleleft\" data-id=\"fd0c3d1\" data-element_type=\"widget\" data-e-type=\"widget\" data-widget_type=\"section_titleleft.default\">\n\t\t\t\t<div class=\"elementor-widget-container\">\n\t\t\t\t\t        <div class=\"ab_text-title fl-wrap\">\r\n            <h3>ANDREA AEBY<\/h3><h4>Socio invitado a la Junta Directiva<\/h4><span class=\"section-separator fl-sec-sep\"><\/span>        <\/div>\r\n        \t\t\t\t<\/div>\n\t\t\t\t<\/div>\n\t\t\t\t<div class=\"elementor-element elementor-element-0dd3723 about-wrap elementor-widget elementor-widget-text-editor\" data-id=\"0dd3723\" data-element_type=\"widget\" data-e-type=\"widget\" data-widget_type=\"text-editor.default\">\n\t\t\t\t<div class=\"elementor-widget-container\">\n\t\t\t\t\t\t\t\t\t<p><span lang=\"EN-US\">Andrea Aeby es actualmente Consejera de Paz y Seguridad en la Misi\u00f3n Permanente de Suiza ante la Oficina de las Naciones Unidas en Ginebra. Tambi\u00e9n se encarga de cuestiones relacionadas con las ciudades y otros gobiernos locales y regionales.<\/span>\u00a0<\/p><p><span lang=\"EN-US\">Como experta en derechos humanos, paz y gobernanza global, ha trabajado para el Departamento Federal Suizo de Asuntos Exteriores, las universidades de Ginebra y Berna, la OSCE y el Departamento Federal Suizo de Justicia y Polic\u00eda. Tiene una amplia experiencia en an\u00e1lisis pol\u00edtico y estrategia, as\u00ed como en el desarrollo de iniciativas diplom\u00e1ticas y la creaci\u00f3n de asociaciones con agentes estatales y de la sociedad civil. Desempe\u00f1\u00f3 un papel clave en el desarrollo de la estrategia del Gobierno suizo como Estado anfitri\u00f3n de la Ginebra internacional. Andrea es licenciada en Derecho por la Universidad de Friburgo y posee un M\u00e1ster en Relaciones Internacionales por el Instituto Universitario de Altos Estudios Internacionales y del Desarrollo.<\/span><\/p>\t\t\t\t\t\t\t\t<\/div>\n\t\t\t\t<\/div>\n\t\t\t\t\t<\/div>\n\t\t<\/div>\n\t\t\t\t<div class=\"elementor-column elementor-col-50 elementor-inner-column elementor-element elementor-element-5ccf116\" data-id=\"5ccf116\" data-element_type=\"column\" data-e-type=\"column\">\n\t\t\t<div class=\"elementor-widget-wrap\">\n\t\t\t\t\t\t\t<\/div>\n\t\t<\/div>\n\t\t\t\t\t<\/div>\n\t\t<\/section>\n\t\t\t\t\t<\/div>\n\t\t<\/div>\n\t\t\t\t\t<\/div>\n\t\t<\/section>\n\t\t\t\t<\/div>","protected":false},"excerpt":{"rendered":"<p>CHRISTINA KITSOS Presidenta de la Asamblea General Christina Kitsos es Teniente de Alcalde y miembro del Consejo Ejecutivo de Ginebra (Consejo de Administraci\u00f3n). Desde su elecci\u00f3n, es responsable del Departamento de Cohesi\u00f3n Social y Solidaridad. El 1 de junio de 2024 se convirti\u00f3 en Alcaldesa de la ciudad de Ginebra. El 13 de abril de 2025 ... <\/p>","protected":false},"author":1,"featured_media":0,"parent":0,"menu_order":0,"comment_status":"closed","ping_status":"closed","template":"page-fullwidth.php","meta":{"_monsterinsights_skip_tracking":false,"_monsterinsights_sitenote_active":false,"_monsterinsights_sitenote_note":"","_monsterinsights_sitenote_category":0,"footnotes":""},"class_list":["post-10661","page","type-page","status-publish","hentry"],"yoast_head":"<!-- This site is optimized with the Yoast SEO plugin v27.4 - https:\/\/yoast.com\/product\/yoast-seo-wordpress\/ -->\n<title>The Board - Global Cities Hub<\/title>\n<meta name=\"robots\" content=\"index, follow, max-snippet:-1, max-image-preview:large, max-video-preview:-1\" \/>\n<link rel=\"canonical\" href=\"https:\/\/globalcitieshub.org\/es\/the-board\/\" \/>\n<meta property=\"og:locale\" content=\"es_ES\" \/>\n<meta property=\"og:type\" content=\"article\" \/>\n<meta property=\"og:title\" content=\"The Board - Global Cities Hub\" \/>\n<meta property=\"og:description\" content=\"CHRISTINA KITSOS President of the General Assembly Christina Kitsos is the Deputy Mayor and member of the Executive Council of Geneva (Administrative Council). Since her election, she is in charge of the Department of Social Cohesion and Solidarity. On 1 June 2024 she became Mayor of the City of Geneva. On 13 April 2025, she &hellip;\" \/>\n<meta property=\"og:url\" content=\"https:\/\/globalcitieshub.org\/es\/the-board\/\" \/>\n<meta property=\"og:site_name\" content=\"Global Cities Hub\" \/>\n<meta property=\"article:modified_time\" content=\"2026-01-08T14:34:54+00:00\" \/>\n<meta property=\"og:image\" content=\"https:\/\/globalcitieshub.org\/wp-content\/uploads\/elementor\/thumbs\/christina_kitsos_Mairie_003_medaillon-scaled-qap83ykllhldu2qpzhbx6n7pqshs93vii7y3ib2bio.jpg\" \/>\n<meta name=\"twitter:card\" content=\"summary_large_image\" \/>\n<meta name=\"twitter:site\" content=\"@genevacitieshub\" \/>\n<meta name=\"twitter:label1\" content=\"Tiempo de lectura\" \/>\n\t<meta name=\"twitter:data1\" content=\"5 minutos\" \/>\n<script type=\"application\/ld+json\" class=\"yoast-schema-graph\">{\"@context\":\"https:\\\/\\\/schema.org\",\"@graph\":[{\"@type\":\"WebPage\",\"@id\":\"https:\\\/\\\/globalcitieshub.org\\\/es\\\/the-board\\\/\",\"url\":\"https:\\\/\\\/globalcitieshub.org\\\/es\\\/the-board\\\/\",\"name\":\"The Board - Global Cities Hub\",\"isPartOf\":{\"@id\":\"https:\\\/\\\/globalcitieshub.org\\\/es\\\/#website\"},\"primaryImageOfPage\":{\"@id\":\"https:\\\/\\\/globalcitieshub.org\\\/es\\\/the-board\\\/#primaryimage\"},\"image\":{\"@id\":\"https:\\\/\\\/globalcitieshub.org\\\/es\\\/the-board\\\/#primaryimage\"},\"thumbnailUrl\":\"https:\\\/\\\/globalcitieshub.org\\\/wp-content\\\/uploads\\\/elementor\\\/thumbs\\\/christina_kitsos_Mairie_003_medaillon-scaled-qap83ykllhldu2qpzhbx6n7pqshs93vii7y3ib2bio.jpg\",\"datePublished\":\"2021-03-19T08:39:10+00:00\",\"dateModified\":\"2026-01-08T14:34:54+00:00\",\"inLanguage\":\"es\",\"potentialAction\":[{\"@type\":\"ReadAction\",\"target\":[\"https:\\\/\\\/globalcitieshub.org\\\/es\\\/the-board\\\/\"]}]},{\"@type\":\"ImageObject\",\"inLanguage\":\"es\",\"@id\":\"https:\\\/\\\/globalcitieshub.org\\\/es\\\/the-board\\\/#primaryimage\",\"url\":\"https:\\\/\\\/globalcitieshub.org\\\/wp-content\\\/uploads\\\/elementor\\\/thumbs\\\/christina_kitsos_Mairie_003_medaillon-scaled-qap83ykllhldu2qpzhbx6n7pqshs93vii7y3ib2bio.jpg\",\"contentUrl\":\"https:\\\/\\\/globalcitieshub.org\\\/wp-content\\\/uploads\\\/elementor\\\/thumbs\\\/christina_kitsos_Mairie_003_medaillon-scaled-qap83ykllhldu2qpzhbx6n7pqshs93vii7y3ib2bio.jpg\"},{\"@type\":\"WebSite\",\"@id\":\"https:\\\/\\\/globalcitieshub.org\\\/es\\\/#website\",\"url\":\"https:\\\/\\\/globalcitieshub.org\\\/es\\\/\",\"name\":\"Global Cities Hub\",\"description\":\"Connecting local and regional governments to the United Nations and other  international organizations\",\"publisher\":{\"@id\":\"https:\\\/\\\/globalcitieshub.org\\\/es\\\/#organization\"},\"potentialAction\":[{\"@type\":\"SearchAction\",\"target\":{\"@type\":\"EntryPoint\",\"urlTemplate\":\"https:\\\/\\\/globalcitieshub.org\\\/es\\\/?s={search_term_string}\"},\"query-input\":{\"@type\":\"PropertyValueSpecification\",\"valueRequired\":true,\"valueName\":\"search_term_string\"}}],\"inLanguage\":\"es\"},{\"@type\":\"Organization\",\"@id\":\"https:\\\/\\\/globalcitieshub.org\\\/es\\\/#organization\",\"name\":\"Global Cities Hub\",\"url\":\"https:\\\/\\\/globalcitieshub.org\\\/es\\\/\",\"logo\":{\"@type\":\"ImageObject\",\"inLanguage\":\"es\",\"@id\":\"https:\\\/\\\/globalcitieshub.org\\\/es\\\/#\\\/schema\\\/logo\\\/image\\\/\",\"url\":\"https:\\\/\\\/globalcitieshub.org\\\/wp-content\\\/uploads\\\/2023\\\/09\\\/230829_Logo_Global_Cities_Hub_Couleur_fond-blanc_RVB.png\",\"contentUrl\":\"https:\\\/\\\/globalcitieshub.org\\\/wp-content\\\/uploads\\\/2023\\\/09\\\/230829_Logo_Global_Cities_Hub_Couleur_fond-blanc_RVB.png\",\"width\":2544,\"height\":1446,\"caption\":\"Global Cities Hub\"},\"image\":{\"@id\":\"https:\\\/\\\/globalcitieshub.org\\\/es\\\/#\\\/schema\\\/logo\\\/image\\\/\"},\"sameAs\":[\"https:\\\/\\\/x.com\\\/genevacitieshub\"]}]}<\/script>\n<!-- \/ Yoast SEO plugin. -->","yoast_head_json":{"title":"El Consejo - Global Cities Hub","robots":{"index":"index","follow":"follow","max-snippet":"max-snippet:-1","max-image-preview":"max-image-preview:large","max-video-preview":"max-video-preview:-1"},"canonical":"https:\/\/globalcitieshub.org\/es\/the-board\/","og_locale":"es_ES","og_type":"article","og_title":"The Board - Global Cities Hub","og_description":"CHRISTINA KITSOS President of the General Assembly Christina Kitsos is the Deputy Mayor and member of the Executive Council of Geneva (Administrative Council). Since her election, she is in charge of the Department of Social Cohesion and Solidarity. On 1 June 2024 she became Mayor of the City of Geneva. On 13 April 2025, she &hellip;","og_url":"https:\/\/globalcitieshub.org\/es\/the-board\/","og_site_name":"Global Cities Hub","article_modified_time":"2026-01-08T14:34:54+00:00","og_image":[{"url":"https:\/\/globalcitieshub.org\/wp-content\/uploads\/elementor\/thumbs\/christina_kitsos_Mairie_003_medaillon-scaled-qap83ykllhldu2qpzhbx6n7pqshs93vii7y3ib2bio.jpg","type":"","width":"","height":""}],"twitter_card":"summary_large_image","twitter_site":"@genevacitieshub","twitter_misc":{"Tiempo de lectura":"5 minutos"},"schema":{"@context":"https:\/\/schema.org","@graph":[{"@type":"WebPage","@id":"https:\/\/globalcitieshub.org\/es\/the-board\/","url":"https:\/\/globalcitieshub.org\/es\/the-board\/","name":"El Consejo - Global Cities Hub","isPartOf":{"@id":"https:\/\/globalcitieshub.org\/es\/#website"},"primaryImageOfPage":{"@id":"https:\/\/globalcitieshub.org\/es\/the-board\/#primaryimage"},"image":{"@id":"https:\/\/globalcitieshub.org\/es\/the-board\/#primaryimage"},"thumbnailUrl":"https:\/\/globalcitieshub.org\/wp-content\/uploads\/elementor\/thumbs\/christina_kitsos_Mairie_003_medaillon-scaled-qap83ykllhldu2qpzhbx6n7pqshs93vii7y3ib2bio.jpg","datePublished":"2021-03-19T08:39:10+00:00","dateModified":"2026-01-08T14:34:54+00:00","inLanguage":"es","potentialAction":[{"@type":"ReadAction","target":["https:\/\/globalcitieshub.org\/es\/the-board\/"]}]},{"@type":"ImageObject","inLanguage":"es","@id":"https:\/\/globalcitieshub.org\/es\/the-board\/#primaryimage","url":"https:\/\/globalcitieshub.org\/wp-content\/uploads\/elementor\/thumbs\/christina_kitsos_Mairie_003_medaillon-scaled-qap83ykllhldu2qpzhbx6n7pqshs93vii7y3ib2bio.jpg","contentUrl":"https:\/\/globalcitieshub.org\/wp-content\/uploads\/elementor\/thumbs\/christina_kitsos_Mairie_003_medaillon-scaled-qap83ykllhldu2qpzhbx6n7pqshs93vii7y3ib2bio.jpg"},{"@type":"WebSite","@id":"https:\/\/globalcitieshub.org\/es\/#website","url":"https:\/\/globalcitieshub.org\/es\/","name":"Global Cities Hub","description":"Conectar a los gobiernos locales y regionales con las Naciones Unidas y otras organizaciones internacionales.","publisher":{"@id":"https:\/\/globalcitieshub.org\/es\/#organization"},"potentialAction":[{"@type":"SearchAction","target":{"@type":"EntryPoint","urlTemplate":"https:\/\/globalcitieshub.org\/es\/?s={search_term_string}"},"query-input":{"@type":"PropertyValueSpecification","valueRequired":true,"valueName":"search_term_string"}}],"inLanguage":"es"},{"@type":"Organization","@id":"https:\/\/globalcitieshub.org\/es\/#organization","name":"Global Cities Hub","url":"https:\/\/globalcitieshub.org\/es\/","logo":{"@type":"ImageObject","inLanguage":"es","@id":"https:\/\/globalcitieshub.org\/es\/#\/schema\/logo\/image\/","url":"https:\/\/globalcitieshub.org\/wp-content\/uploads\/2023\/09\/230829_Logo_Global_Cities_Hub_Couleur_fond-blanc_RVB.png","contentUrl":"https:\/\/globalcitieshub.org\/wp-content\/uploads\/2023\/09\/230829_Logo_Global_Cities_Hub_Couleur_fond-blanc_RVB.png","width":2544,"height":1446,"caption":"Global Cities Hub"},"image":{"@id":"https:\/\/globalcitieshub.org\/es\/#\/schema\/logo\/image\/"},"sameAs":["https:\/\/x.com\/genevacitieshub"]}]}},"_links":{"self":[{"href":"https:\/\/globalcitieshub.org\/es\/wp-json\/wp\/v2\/pages\/10661","targetHints":{"allow":["GET"]}}],"collection":[{"href":"https:\/\/globalcitieshub.org\/es\/wp-json\/wp\/v2\/pages"}],"about":[{"href":"https:\/\/globalcitieshub.org\/es\/wp-json\/wp\/v2\/types\/page"}],"author":[{"embeddable":true,"href":"https:\/\/globalcitieshub.org\/es\/wp-json\/wp\/v2\/users\/1"}],"replies":[{"embeddable":true,"href":"https:\/\/globalcitieshub.org\/es\/wp-json\/wp\/v2\/comments?post=10661"}],"version-history":[{"count":224,"href":"https:\/\/globalcitieshub.org\/es\/wp-json\/wp\/v2\/pages\/10661\/revisions"}],"predecessor-version":[{"id":26594,"href":"https:\/\/globalcitieshub.org\/es\/wp-json\/wp\/v2\/pages\/10661\/revisions\/26594"}],"wp:attachment":[{"href":"https:\/\/globalcitieshub.org\/es\/wp-json\/wp\/v2\/media?parent=10661"}],"curies":[{"name":"wp","href":"https:\/\/api.w.org\/{rel}","templated":true}]}}